{"id":1327,"date":"2023-02-20T14:41:35","date_gmt":"2023-02-20T13:41:35","guid":{"rendered":"https:\/\/www.ventanasverdun.com\/trabajos-pvc\/puerta-pvc-elevadora\/"},"modified":"2023-05-19T17:55:59","modified_gmt":"2023-05-19T15:55:59","slug":"elevating-pvc-door","status":"publish","type":"astra-portfolio","link":"https:\/\/www.ventanasverdun.com\/en\/pvc-works\/elevating-pvc-door\/","title":{"rendered":"Elevating Pvc door"},"content":{"rendered":"\t\t<div data-elementor-type=\"wp-post\" data-elementor-id=\"1327\" class=\"elementor elementor-1327 elementor-1130\">\n\t\t\t\t\t\t<section class=\"elementor-section elementor-top-section elementor-element elementor-element-57948b5 elementor-section-boxed elementor-section-height-default elementor-section-height-default\" data-id=\"57948b5\" data-element_type=\"section\" data-e-type=\"section\" data-settings=\"{&quot;background_background&quot;:&quot;classic&quot;}\">\n\t\t\t\t\t\t\t<div class=\"elementor-background-overlay\"><\/div>\n\t\t\t\t\t\t\t<div class=\"elementor-container elementor-column-gap-default\">\n\t\t\t\t\t<div class=\"elementor-column elementor-col-100 elementor-top-column elementor-element elementor-element-2201a4f\" data-id=\"2201a4f\" data-element_type=\"column\" data-e-type=\"column\">\n\t\t\t<div class=\"elementor-widget-wrap elementor-element-populated\">\n\t\t\t\t\t\t<section class=\"elementor-section elementor-inner-section elementor-element elementor-element-d196294 elementor-section-boxed elementor-section-height-default elementor-section-height-default\" data-id=\"d196294\" data-element_type=\"section\" data-e-type=\"section\">\n\t\t\t\t\t\t<div class=\"elementor-container elementor-column-gap-default\">\n\t\t\t\t\t<div class=\"elementor-column elementor-col-66 elementor-inner-column elementor-element elementor-element-04dc11e\" data-id=\"04dc11e\" data-element_type=\"column\" data-e-type=\"column\">\n\t\t\t<div class=\"elementor-widget-wrap elementor-element-populated\">\n\t\t\t\t\t\t<div class=\"elementor-element elementor-element-5fc7c91 elementor-widget elementor-widget-heading\" data-id=\"5fc7c91\" data-element_type=\"widget\" data-e-type=\"widget\" data-widget_type=\"heading.default\">\n\t\t\t\t<div class=\"elementor-widget-container\">\n\t\t\t\t\t<h1 class=\"elementor-heading-title elementor-size-default\">Elevating Pvc door\n\n\n\n<\/h1>\t\t\t\t<\/div>\n\t\t\t\t<\/div>\n\t\t\t\t\t<\/div>\n\t\t<\/div>\n\t\t\t\t<div class=\"elementor-column elementor-col-33 elementor-inner-column elementor-element elementor-element-155f6a9\" data-id=\"155f6a9\" data-element_type=\"column\" data-e-type=\"column\">\n\t\t\t<div class=\"elementor-widget-wrap\">\n\t\t\t\t\t\t\t<\/div>\n\t\t<\/div>\n\t\t\t\t\t<\/div>\n\t\t<\/section>\n\t\t\t\t<section class=\"elementor-section elementor-inner-section elementor-element elementor-element-e6881f5 elementor-section-boxed elementor-section-height-default elementor-section-height-default\" data-id=\"e6881f5\" data-element_type=\"section\" data-e-type=\"section\">\n\t\t\t\t\t\t<div class=\"elementor-container elementor-column-gap-default\">\n\t\t\t\t\t<div class=\"elementor-column elementor-col-66 elementor-inner-column elementor-element elementor-element-ee478c3\" data-id=\"ee478c3\" data-element_type=\"column\" data-e-type=\"column\">\n\t\t\t<div class=\"elementor-widget-wrap\">\n\t\t\t\t\t\t\t<\/div>\n\t\t<\/div>\n\t\t\t\t<div class=\"elementor-column elementor-col-33 elementor-inner-column elementor-element elementor-element-651c30d\" data-id=\"651c30d\" data-element_type=\"column\" data-e-type=\"column\" data-settings=\"{&quot;background_background&quot;:&quot;classic&quot;}\">\n\t\t\t<div class=\"elementor-widget-wrap elementor-element-populated\">\n\t\t\t\t\t\t<div class=\"elementor-element elementor-element-4fea4d8 elementor-widget elementor-widget-heading\" data-id=\"4fea4d8\" data-element_type=\"widget\" data-e-type=\"widget\" data-widget_type=\"heading.default\">\n\t\t\t\t<div class=\"elementor-widget-container\">\n\t\t\t\t\t<h5 class=\"elementor-heading-title elementor-size-default\">Call us at<\/h5>\t\t\t\t<\/div>\n\t\t\t\t<\/div>\n\t\t\t\t<div class=\"elementor-element elementor-element-32e1fc3 elementor-widget elementor-widget-heading\" data-id=\"32e1fc3\" data-element_type=\"widget\" data-e-type=\"widget\" data-widget_type=\"heading.default\">\n\t\t\t\t<div class=\"elementor-widget-container\">\n\t\t\t\t\t<h3 class=\"elementor-heading-title elementor-size-default\"><a href=\"tel:965676070\">965 676 070<\/a><\/h3>\t\t\t\t<\/div>\n\t\t\t\t<\/div>\n\t\t\t\t\t<\/div>\n\t\t<\/div>\n\t\t\t\t\t<\/div>\n\t\t<\/section>\n\t\t\t\t\t<\/div>\n\t\t<\/div>\n\t\t\t\t\t<\/div>\n\t\t<\/section>\n\t\t\t\t<section class=\"elementor-section elementor-top-section elementor-element elementor-element-a952806 elementor-section-boxed elementor-section-height-default elementor-section-height-default\" data-id=\"a952806\" data-element_type=\"section\" data-e-type=\"section\">\n\t\t\t\t\t\t<div class=\"elementor-container elementor-column-gap-default\">\n\t\t\t\t\t<div class=\"elementor-column elementor-col-100 elementor-top-column elementor-element elementor-element-30d9ddc\" data-id=\"30d9ddc\" data-element_type=\"column\" data-e-type=\"column\">\n\t\t\t<div class=\"elementor-widget-wrap elementor-element-populated\">\n\t\t\t\t\t\t<div class=\"elementor-element elementor-element-9198284 gallery-spacing-custom elementor-widget elementor-widget-image-gallery\" data-id=\"9198284\" data-element_type=\"widget\" data-e-type=\"widget\" data-widget_type=\"image-gallery.default\">\n\t\t\t\t<div class=\"elementor-widget-container\">\n\t\t\t\t\t\t\t<div class=\"elementor-image-gallery\">\n\t\t\t<div id='gallery-1' class='gallery galleryid-1327 gallery-columns-1 gallery-size-full'><figure class='gallery-item'>\n\t\t\t<div class='gallery-icon landscape'>\n\t\t\t\t<a data-elementor-open-lightbox=\"yes\" data-elementor-lightbox-slideshow=\"9198284\" data-elementor-lightbox-title=\"puerta-pvc-elevadora\" data-e-action-hash=\"#elementor-action%3Aaction%3Dlightbox%26settings%3DeyJpZCI6MTI1MywidXJsIjoiaHR0cHM6XC9cL3d3dy52ZW50YW5hc3ZlcmR1bi5jb21cL3dwLWNvbnRlbnRcL3VwbG9hZHNcLzIwMjNcLzAxXC9wdWVydGEtcHZjLWVsZXZhZG9yYS5qcGVnIiwic2xpZGVzaG93IjoiOTE5ODI4NCJ9\" href='https:\/\/www.ventanasverdun.com\/wp-content\/uploads\/2023\/01\/puerta-pvc-elevadora.jpeg'><img fetchpriority=\"high\" decoding=\"async\" width=\"1024\" height=\"768\" src=\"https:\/\/www.ventanasverdun.com\/wp-content\/uploads\/2023\/01\/puerta-pvc-elevadora.jpeg\" class=\"attachment-full size-full\" alt=\"puerta-pvc-elevadora\" srcset=\"https:\/\/www.ventanasverdun.com\/wp-content\/uploads\/2023\/01\/puerta-pvc-elevadora.jpeg 1024w, https:\/\/www.ventanasverdun.com\/wp-content\/uploads\/2023\/01\/puerta-pvc-elevadora-300x225.jpeg 300w, https:\/\/www.ventanasverdun.com\/wp-content\/uploads\/2023\/01\/puerta-pvc-elevadora-768x576.jpeg 768w\" sizes=\"(max-width: 1024px) 100vw, 1024px\" \/><\/a>\n\t\t\t<\/div><\/figure>\n\t\t<\/div>\n\t\t<\/div>\n\t\t\t\t\t\t<\/div>\n\t\t\t\t<\/div>\n\t\t\t\t\t<\/div>\n\t\t<\/div>\n\t\t\t\t\t<\/div>\n\t\t<\/section>\n\t\t\t\t<section class=\"elementor-section elementor-top-section elementor-element elementor-element-5681f0c elementor-section-boxed elementor-section-height-default elementor-section-height-default\" data-id=\"5681f0c\" data-element_type=\"section\" data-e-type=\"section\">\n\t\t\t\t\t\t<div class=\"elementor-container elementor-column-gap-default\">\n\t\t\t\t\t<div class=\"elementor-column elementor-col-100 elementor-top-column elementor-element elementor-element-27b0fab\" data-id=\"27b0fab\" data-element_type=\"column\" data-e-type=\"column\">\n\t\t\t<div class=\"elementor-widget-wrap elementor-element-populated\">\n\t\t\t\t\t\t<div class=\"elementor-element elementor-element-0d32297 elementor-widget elementor-widget-heading\" data-id=\"0d32297\" data-element_type=\"widget\" data-e-type=\"widget\" data-widget_type=\"heading.default\">\n\t\t\t\t<div class=\"elementor-widget-container\">\n\t\t\t\t\t<h2 class=\"elementor-heading-title elementor-size-default\">Otros trabajos<\/h2>\t\t\t\t<\/div>\n\t\t\t\t<\/div>\n\t\t\t\t<div class=\"elementor-element elementor-element-4c059b3 uael-post__link-complete-yes uael-equal__height-yes uael-posts-thumbnail-ratio elementor-widget elementor-widget-uael-posts\" data-id=\"4c059b3\" data-element_type=\"widget\" data-e-type=\"widget\" data-settings=\"{&quot;classic_slides_to_show&quot;:3,&quot;classic_slides_to_show_tablet&quot;:2,&quot;classic_slides_to_show_mobile&quot;:1}\" data-widget_type=\"uael-posts.classic\">\n\t\t\t\t<div class=\"elementor-widget-container\">\n\t\t\t\t\t\t\t<div class=\"uael-post__header\">\n\t\t\t\t\t<\/div>\n\t\t<div class=\"uael-post__body\">\n\t\t\t\n\t\t\n\t\t<div class=\"uael-blog-terms-position-above_content uael-post-image-top uael-post-grid uael-posts\" data-query-type=\"custom\" data-structure=\"normal\" data-layout=\"\" data-page=\"1327\" data-skin=\"classic\" data-filter-default=\"\" data-offset-top=\"30\" >\n\n\t\t\t\t\t\t\t<div class=\"uael-post-grid__inner uael-post__columns-3 uael-post__columns-tablet-2 uael-post__columns-mobile-1\">\n\t\t\t\n<div class=\"uael-post-wrapper   \">\n\t<div class=\"uael-post__bg-wrap uael-bg-wrap-disabled \">\n\n\t\t\t\t\t<a href=\"https:\/\/www.ventanasverdun.com\/en\/pvc-works\/puerta-balconera-elevadora-de-pvc\/\" target=\"_self\" class=\"uael-post__complete-box-overlay\" aria-label=\"Link Complete Box\"><\/a>\n\t\t\t\t\n\t\t<div class=\"uael-post__inner-wrap uael-inner-wrap-disabled\">\n\n\t\t\t\t<div class=\"uael-post__thumbnail\">\n\t\t\t\n\t\t\t<a href=\"https:\/\/www.ventanasverdun.com\/en\/pvc-works\/puerta-balconera-elevadora-de-pvc\/\" target=\"_self\" title=\"PVC lift balcony door\"><img decoding=\"async\" width=\"721\" height=\"1600\" src=\"https:\/\/www.ventanasverdun.com\/wp-content\/uploads\/2023\/07\/Ventanas-de-pvc-lacado-bronce-exteriro2.jpg\" class=\"attachment-full size-full wp-image-3638\" alt=\"\" srcset=\"https:\/\/www.ventanasverdun.com\/wp-content\/uploads\/2023\/07\/Ventanas-de-pvc-lacado-bronce-exteriro2.jpg 721w, https:\/\/www.ventanasverdun.com\/wp-content\/uploads\/2023\/07\/Ventanas-de-pvc-lacado-bronce-exteriro2-135x300.jpg 135w, https:\/\/www.ventanasverdun.com\/wp-content\/uploads\/2023\/07\/Ventanas-de-pvc-lacado-bronce-exteriro2-461x1024.jpg 461w, https:\/\/www.ventanasverdun.com\/wp-content\/uploads\/2023\/07\/Ventanas-de-pvc-lacado-bronce-exteriro2-692x1536.jpg 692w\" sizes=\"(max-width: 721px) 100vw, 721px\" \/><\/a>\n\t\t\t\t\t<\/div>\n\t\t\n\t\t\t\n\t\t\t<div class=\"uael-post__content-wrap uael-content-wrap-disabled\">\n\t\t\t\t\t\t\t<div class=\"uael-post__terms-wrap\"><span class=\"uael-post__terms\"><span class=\"uael-listing__terms-link\">Windows<\/span><\/span><\/div>\n\t\t\t\t\t\t<h3 class=\"uael-post__title\">\n\n\t\t\n\t\t\t\t\t\t<a href=\"https:\/\/www.ventanasverdun.com\/en\/pvc-works\/puerta-balconera-elevadora-de-pvc\/\" target=\"_self\">\n\t\t\t\tPVC lift balcony door\t\t\t<\/a>\n\n\t\t\t\t<\/h3>\n\t\t\t\t\t<\/div>\n\t\t\t\n\t\t<\/div>\n\t\t\n\t<\/div>\n\n<\/div>\n\n<div class=\"uael-post-wrapper   \">\n\t<div class=\"uael-post__bg-wrap uael-bg-wrap-disabled \">\n\n\t\t\t\t\t<a href=\"https:\/\/www.ventanasverdun.com\/en\/pvc-works\/simple-pvc-balcony-sliding\/\" target=\"_self\" class=\"uael-post__complete-box-overlay\" aria-label=\"Link Complete Box\"><\/a>\n\t\t\t\t\n\t\t<div class=\"uael-post__inner-wrap uael-inner-wrap-disabled\">\n\n\t\t\t\t<div class=\"uael-post__thumbnail\">\n\t\t\t\n\t\t\t<a href=\"https:\/\/www.ventanasverdun.com\/en\/pvc-works\/simple-pvc-balcony-sliding\/\" target=\"_self\" title=\"Simple PVC balcony sliding\"><img decoding=\"async\" width=\"1600\" height=\"721\" src=\"https:\/\/www.ventanasverdun.com\/wp-content\/uploads\/2025\/01\/corredera-balconera-sencilla-de-PVC-4.jpg\" class=\"attachment-full size-full wp-image-4880\" alt=\"corredera balconera sencilla de PVC (1)\" srcset=\"https:\/\/www.ventanasverdun.com\/wp-content\/uploads\/2025\/01\/corredera-balconera-sencilla-de-PVC-4.jpg 1600w, https:\/\/www.ventanasverdun.com\/wp-content\/uploads\/2025\/01\/corredera-balconera-sencilla-de-PVC-4-300x135.jpg 300w, https:\/\/www.ventanasverdun.com\/wp-content\/uploads\/2025\/01\/corredera-balconera-sencilla-de-PVC-4-1024x461.jpg 1024w, https:\/\/www.ventanasverdun.com\/wp-content\/uploads\/2025\/01\/corredera-balconera-sencilla-de-PVC-4-768x346.jpg 768w, https:\/\/www.ventanasverdun.com\/wp-content\/uploads\/2025\/01\/corredera-balconera-sencilla-de-PVC-4-1536x692.jpg 1536w\" sizes=\"(max-width: 1600px) 100vw, 1600px\" \/><\/a>\n\t\t\t\t\t<\/div>\n\t\t\n\t\t\t\n\t\t\t<div class=\"uael-post__content-wrap uael-content-wrap-disabled\">\n\t\t\t\t\t\t\t<div class=\"uael-post__terms-wrap\"><span class=\"uael-post__terms\"><span class=\"uael-listing__terms-link\">Doors<\/span><\/span><\/div>\n\t\t\t\t\t\t<h3 class=\"uael-post__title\">\n\n\t\t\n\t\t\t\t\t\t<a href=\"https:\/\/www.ventanasverdun.com\/en\/pvc-works\/simple-pvc-balcony-sliding\/\" target=\"_self\">\n\t\t\t\tSimple PVC balcony sliding\t\t\t<\/a>\n\n\t\t\t\t<\/h3>\n\t\t\t\t\t<\/div>\n\t\t\t\n\t\t<\/div>\n\t\t\n\t<\/div>\n\n<\/div>\n\n<div class=\"uael-post-wrapper   \">\n\t<div class=\"uael-post__bg-wrap uael-bg-wrap-disabled \">\n\n\t\t\t\t\t<a href=\"https:\/\/www.ventanasverdun.com\/en\/pvc-works\/renovation-of-pvc-balcony-with-drawer-work-included\/\" target=\"_self\" class=\"uael-post__complete-box-overlay\" aria-label=\"Link Complete Box\"><\/a>\n\t\t\t\t\n\t\t<div class=\"uael-post__inner-wrap uael-inner-wrap-disabled\">\n\n\t\t\t\t<div class=\"uael-post__thumbnail\">\n\t\t\t\n\t\t\t<a href=\"https:\/\/www.ventanasverdun.com\/en\/pvc-works\/renovation-of-pvc-balcony-with-drawer-work-included\/\" target=\"_self\" title=\"Renovation of PVC balcony with drawer work included\"><img loading=\"lazy\" decoding=\"async\" width=\"1200\" height=\"1600\" src=\"https:\/\/www.ventanasverdun.com\/wp-content\/uploads\/2024\/02\/Renovacion-de-balconera-de-Pvc-con-obra-cajon-incluida-y-ventana-para-bano-en-Pvc.jpg\" class=\"attachment-full size-full wp-image-4185\" alt=\"Renovaci\u00f3n de balconera de Pvc con obra caj\u00f3n incluida, y ventana para ba\u00f1o en Pvc\" srcset=\"https:\/\/www.ventanasverdun.com\/wp-content\/uploads\/2024\/02\/Renovacion-de-balconera-de-Pvc-con-obra-cajon-incluida-y-ventana-para-bano-en-Pvc.jpg 1200w, https:\/\/www.ventanasverdun.com\/wp-content\/uploads\/2024\/02\/Renovacion-de-balconera-de-Pvc-con-obra-cajon-incluida-y-ventana-para-bano-en-Pvc-225x300.jpg 225w, https:\/\/www.ventanasverdun.com\/wp-content\/uploads\/2024\/02\/Renovacion-de-balconera-de-Pvc-con-obra-cajon-incluida-y-ventana-para-bano-en-Pvc-768x1024.jpg 768w, https:\/\/www.ventanasverdun.com\/wp-content\/uploads\/2024\/02\/Renovacion-de-balconera-de-Pvc-con-obra-cajon-incluida-y-ventana-para-bano-en-Pvc-1152x1536.jpg 1152w\" sizes=\"(max-width: 1200px) 100vw, 1200px\" \/><\/a>\n\t\t\t\t\t<\/div>\n\t\t\n\t\t\t\n\t\t\t<div class=\"uael-post__content-wrap uael-content-wrap-disabled\">\n\t\t\t\t\t\t\t<div class=\"uael-post__terms-wrap\"><span class=\"uael-post__terms\"><span class=\"uael-listing__terms-link\">Doors<\/span><\/span><\/div>\n\t\t\t\t\t\t<h3 class=\"uael-post__title\">\n\n\t\t\n\t\t\t\t\t\t<a href=\"https:\/\/www.ventanasverdun.com\/en\/pvc-works\/renovation-of-pvc-balcony-with-drawer-work-included\/\" target=\"_self\">\n\t\t\t\tRenovation of PVC balcony with drawer work included\t\t\t<\/a>\n\n\t\t\t\t<\/h3>\n\t\t\t\t\t<\/div>\n\t\t\t\n\t\t<\/div>\n\t\t\n\t<\/div>\n\n<\/div>\n\n<div class=\"uael-post-wrapper   \">\n\t<div class=\"uael-post__bg-wrap uael-bg-wrap-disabled \">\n\n\t\t\t\t\t<a href=\"https:\/\/www.ventanasverdun.com\/en\/pvc-works\/complete-apartment-in-villajoyosa\/\" target=\"_self\" class=\"uael-post__complete-box-overlay\" aria-label=\"Link Complete Box\"><\/a>\n\t\t\t\t\n\t\t<div class=\"uael-post__inner-wrap uael-inner-wrap-disabled\">\n\n\t\t\t\t<div class=\"uael-post__thumbnail\">\n\t\t\t\n\t\t\t<a href=\"https:\/\/www.ventanasverdun.com\/en\/pvc-works\/complete-apartment-in-villajoyosa\/\" target=\"_self\" title=\"Complete apartment in Villajoyosa\"><img loading=\"lazy\" decoding=\"async\" width=\"1920\" height=\"2560\" src=\"https:\/\/www.ventanasverdun.com\/wp-content\/uploads\/2023\/11\/Piso-completo-en-Villajoyosa-4-scaled.jpg\" class=\"attachment-full size-full wp-image-3935\" alt=\"\" srcset=\"https:\/\/www.ventanasverdun.com\/wp-content\/uploads\/2023\/11\/Piso-completo-en-Villajoyosa-4-scaled.jpg 1920w, https:\/\/www.ventanasverdun.com\/wp-content\/uploads\/2023\/11\/Piso-completo-en-Villajoyosa-4-225x300.jpg 225w, https:\/\/www.ventanasverdun.com\/wp-content\/uploads\/2023\/11\/Piso-completo-en-Villajoyosa-4-768x1024.jpg 768w, https:\/\/www.ventanasverdun.com\/wp-content\/uploads\/2023\/11\/Piso-completo-en-Villajoyosa-4-1152x1536.jpg 1152w, https:\/\/www.ventanasverdun.com\/wp-content\/uploads\/2023\/11\/Piso-completo-en-Villajoyosa-4-1536x2048.jpg 1536w\" sizes=\"(max-width: 1920px) 100vw, 1920px\" \/><\/a>\n\t\t\t\t\t<\/div>\n\t\t\n\t\t\t\n\t\t\t<div class=\"uael-post__content-wrap uael-content-wrap-disabled\">\n\t\t\t\t\t\t\t<div class=\"uael-post__terms-wrap\"><span class=\"uael-post__terms\"><span class=\"uael-listing__terms-link\">Doors<\/span><\/span><\/div>\n\t\t\t\t\t\t<h3 class=\"uael-post__title\">\n\n\t\t\n\t\t\t\t\t\t<a href=\"https:\/\/www.ventanasverdun.com\/en\/pvc-works\/complete-apartment-in-villajoyosa\/\" target=\"_self\">\n\t\t\t\tComplete apartment in Villajoyosa\t\t\t<\/a>\n\n\t\t\t\t<\/h3>\n\t\t\t\t\t<\/div>\n\t\t\t\n\t\t<\/div>\n\t\t\n\t<\/div>\n\n<\/div>\n\n<div class=\"uael-post-wrapper   \">\n\t<div class=\"uael-post__bg-wrap uael-bg-wrap-disabled \">\n\n\t\t\t\t\t<a href=\"https:\/\/www.ventanasverdun.com\/en\/pvc-works\/terrace-extension-and-curved-kitchen-enclosure\/\" target=\"_self\" class=\"uael-post__complete-box-overlay\" aria-label=\"Link Complete Box\"><\/a>\n\t\t\t\t\n\t\t<div class=\"uael-post__inner-wrap uael-inner-wrap-disabled\">\n\n\t\t\t\t<div class=\"uael-post__thumbnail\">\n\t\t\t\n\t\t\t<a href=\"https:\/\/www.ventanasverdun.com\/en\/pvc-works\/terrace-extension-and-curved-kitchen-enclosure\/\" target=\"_self\" title=\"Terrace extension and curved kitchen enclosure\"><img loading=\"lazy\" decoding=\"async\" width=\"1536\" height=\"2048\" src=\"https:\/\/www.ventanasverdun.com\/wp-content\/uploads\/2025\/07\/Ampliacion-de-terraza-y-Cerramiento-curvo-de-cocina-4.jpg\" class=\"attachment-full size-full wp-image-5143\" alt=\"Vista interior terraza ampliada con cerramiento PVC y luminosidad\" srcset=\"https:\/\/www.ventanasverdun.com\/wp-content\/uploads\/2025\/07\/Ampliacion-de-terraza-y-Cerramiento-curvo-de-cocina-4.jpg 1536w, https:\/\/www.ventanasverdun.com\/wp-content\/uploads\/2025\/07\/Ampliacion-de-terraza-y-Cerramiento-curvo-de-cocina-4-225x300.jpg 225w, https:\/\/www.ventanasverdun.com\/wp-content\/uploads\/2025\/07\/Ampliacion-de-terraza-y-Cerramiento-curvo-de-cocina-4-768x1024.jpg 768w, https:\/\/www.ventanasverdun.com\/wp-content\/uploads\/2025\/07\/Ampliacion-de-terraza-y-Cerramiento-curvo-de-cocina-4-1152x1536.jpg 1152w\" sizes=\"(max-width: 1536px) 100vw, 1536px\" \/><\/a>\n\t\t\t\t\t<\/div>\n\t\t\n\t\t\t\n\t\t\t<div class=\"uael-post__content-wrap uael-content-wrap-disabled\">\n\t\t\t\t\t\t\t<div class=\"uael-post__terms-wrap\"><span class=\"uael-post__terms\"><span class=\"uael-listing__terms-link\">Enclosures<\/span><\/span><\/div>\n\t\t\t\t\t\t<h3 class=\"uael-post__title\">\n\n\t\t\n\t\t\t\t\t\t<a href=\"https:\/\/www.ventanasverdun.com\/en\/pvc-works\/terrace-extension-and-curved-kitchen-enclosure\/\" target=\"_self\">\n\t\t\t\tTerrace extension and curved kitchen enclosure\t\t\t<\/a>\n\n\t\t\t\t<\/h3>\n\t\t\t\t\t<\/div>\n\t\t\t\n\t\t<\/div>\n\t\t\n\t<\/div>\n\n<\/div>\n\n<div class=\"uael-post-wrapper   \">\n\t<div class=\"uael-post__bg-wrap uael-bg-wrap-disabled \">\n\n\t\t\t\t\t<a href=\"https:\/\/www.ventanasverdun.com\/en\/pvc-works\/special-lift-and-slide-balcony-door\/\" target=\"_self\" class=\"uael-post__complete-box-overlay\" aria-label=\"Link Complete Box\"><\/a>\n\t\t\t\t\n\t\t<div class=\"uael-post__inner-wrap uael-inner-wrap-disabled\">\n\n\t\t\t\t<div class=\"uael-post__thumbnail\">\n\t\t\t\n\t\t\t<a href=\"https:\/\/www.ventanasverdun.com\/en\/pvc-works\/special-lift-and-slide-balcony-door\/\" target=\"_self\" title=\"Special lift-and-slide balcony door\"><img loading=\"lazy\" decoding=\"async\" width=\"1200\" height=\"1600\" src=\"https:\/\/www.ventanasverdun.com\/wp-content\/uploads\/2025\/06\/balconera-elevable-especial.jpg\" class=\"attachment-full size-full wp-image-5115\" alt=\"balconera elevable especial\" srcset=\"https:\/\/www.ventanasverdun.com\/wp-content\/uploads\/2025\/06\/balconera-elevable-especial.jpg 1200w, https:\/\/www.ventanasverdun.com\/wp-content\/uploads\/2025\/06\/balconera-elevable-especial-225x300.jpg 225w, https:\/\/www.ventanasverdun.com\/wp-content\/uploads\/2025\/06\/balconera-elevable-especial-768x1024.jpg 768w, https:\/\/www.ventanasverdun.com\/wp-content\/uploads\/2025\/06\/balconera-elevable-especial-1152x1536.jpg 1152w\" sizes=\"(max-width: 1200px) 100vw, 1200px\" \/><\/a>\n\t\t\t\t\t<\/div>\n\t\t\n\t\t\t\n\t\t\t<div class=\"uael-post__content-wrap uael-content-wrap-disabled\">\n\t\t\t\t\t\t\t<div class=\"uael-post__terms-wrap\"><span class=\"uael-post__terms\"><span class=\"uael-listing__terms-link\">Doors<\/span><\/span><\/div>\n\t\t\t\t\t\t<h3 class=\"uael-post__title\">\n\n\t\t\n\t\t\t\t\t\t<a href=\"https:\/\/www.ventanasverdun.com\/en\/pvc-works\/special-lift-and-slide-balcony-door\/\" target=\"_self\">\n\t\t\t\tSpecial lift-and-slide balcony door\t\t\t<\/a>\n\n\t\t\t\t<\/h3>\n\t\t\t\t\t<\/div>\n\t\t\t\n\t\t<\/div>\n\t\t\n\t<\/div>\n\n<\/div>\n\t\t\t\t<\/div>\n\t\t\t\t\t\t\n\t\t<\/div>\n\n\t\t\t\t\t\t<\/div>\n\t\t<div class=\"uael-post__footer\">\n\t\t\t\t\t<\/div>\n\t\t\t\t\t\t<\/div>\n\t\t\t\t<\/div>\n\t\t\t\t\t<\/div>\n\t\t<\/div>\n\t\t\t\t\t<\/div>\n\t\t<\/section>\n\t\t\t\t<\/div>\n\t\t","protected":false},"featured_media":1308,"template":"","meta":{"site-sidebar-layout":"no-sidebar","site-content-layout":"page-builder","ast-site-content-layout":"default","site-content-style":"default","site-sidebar-style":"default","ast-global-header-display":"","ast-banner-title-visibility":"","ast-main-header-display":"","ast-hfb-above-header-display":"","ast-hfb-below-header-display":"","ast-hfb-mobile-header-display":"","site-post-title":"disabled","ast-breadcrumbs-content":"","ast-featured-img":"disabled","footer-sml-layout":"","ast-disable-related-posts":"","theme-transparent-header-meta":"enabled","adv-header-id-meta":"","stick-header-meta":"enabled","header-above-stick-meta":"","header-main-stick-meta":"on","header-below-stick-meta":"","astra-migrate-meta-layouts":"default","ast-page-background-enabled":"default","ast-page-background-meta":{"desktop":{"background-color":"","background-image":"","background-repeat":"repeat","background-position":"center center","background-size":"auto","background-attachment":"scroll","background-type":"","background-media":"","overlay-type":"","overlay-color":"","overlay-opacity":"","overlay-gradient":""},"tablet":{"background-color":"","background-image":"","background-repeat":"repeat","background-position":"center center","background-size":"auto","background-attachment":"scroll","background-type":"","background-media":"","overlay-type":"","overlay-color":"","overlay-opacity":"","overlay-gradient":""},"mobile":{"background-color":"","background-image":"","background-repeat":"repeat","background-position":"center center","background-size":"auto","background-attachment":"scroll","background-type":"","background-media":"","overlay-type":"","overlay-color":"","overlay-opacity":"","overlay-gradient":""}},"ast-content-background-meta":{"desktop":{"background-color":"var(--ast-global-color-5)","background-image":"","background-repeat":"repeat","background-position":"center center","background-size":"auto","background-attachment":"scroll","background-type":"","background-media":"","overlay-type":"","overlay-color":"","overlay-opacity":"","overlay-gradient":""},"tablet":{"background-color":"var(--ast-global-color-5)","background-image":"","background-repeat":"repeat","background-position":"center center","background-size":"auto","background-attachment":"scroll","background-type":"","background-media":"","overlay-type":"","overlay-color":"","overlay-opacity":"","overlay-gradient":""},"mobile":{"background-color":"var(--ast-global-color-5)","background-image":"","background-repeat":"repeat","background-position":"center center","background-size":"auto","background-attachment":"scroll","background-type":"","background-media":"","overlay-type":"","overlay-color":"","overlay-opacity":"","overlay-gradient":""}},"_joinchat":[]},"astra-portfolio-categories":[22],"astra-portfolio-other-categories":[],"astra-portfolio-tags":[],"class_list":["post-1327","astra-portfolio","type-astra-portfolio","status-publish","has-post-thumbnail","hentry","astra-portfolio-categories-doors"],"astra-site-call-to-action":"","astra-site-open-in-new-tab":0,"astra-site-open-portfolio-in":"new-tab","astra-site-url":"","thumbnail-image-url":null,"thumbnail-image-meta":{"alt":"","title":""},"lightbox-image-url":null,"portfolio-type":"iframe","portfolio-video-url":"","request_time":0.36715197563171387,"_links":{"self":[{"href":"https:\/\/www.ventanasverdun.com\/en\/wp-json\/wp\/v2\/astra-portfolio\/1327","targetHints":{"allow":["GET"]}}],"collection":[{"href":"https:\/\/www.ventanasverdun.com\/en\/wp-json\/wp\/v2\/astra-portfolio"}],"about":[{"href":"https:\/\/www.ventanasverdun.com\/en\/wp-json\/wp\/v2\/types\/astra-portfolio"}],"version-history":[{"count":26,"href":"https:\/\/www.ventanasverdun.com\/en\/wp-json\/wp\/v2\/astra-portfolio\/1327\/revisions"}],"predecessor-version":[{"id":3446,"href":"https:\/\/www.ventanasverdun.com\/en\/wp-json\/wp\/v2\/astra-portfolio\/1327\/revisions\/3446"}],"wp:featuredmedia":[{"embeddable":true,"href":"https:\/\/www.ventanasverdun.com\/en\/wp-json\/wp\/v2\/media\/1308"}],"wp:attachment":[{"href":"https:\/\/www.ventanasverdun.com\/en\/wp-json\/wp\/v2\/media?parent=1327"}],"wp:term":[{"taxonomy":"astra-portfolio-categories","embeddable":true,"href":"https:\/\/www.ventanasverdun.com\/en\/wp-json\/wp\/v2\/astra-portfolio-categories?post=1327"},{"taxonomy":"astra-portfolio-other-categories","embeddable":true,"href":"https:\/\/www.ventanasverdun.com\/en\/wp-json\/wp\/v2\/astra-portfolio-other-categories?post=1327"},{"taxonomy":"astra-portfolio-tags","embeddable":true,"href":"https:\/\/www.ventanasverdun.com\/en\/wp-json\/wp\/v2\/astra-portfolio-tags?post=1327"}],"curies":[{"name":"wp","href":"https:\/\/api.w.org\/{rel}","templated":true}]}}