{"id":4192,"date":"2024-02-15T14:17:34","date_gmt":"2024-02-15T13:17:34","guid":{"rendered":"https:\/\/www.ventanasverdun.com\/trabajos-pvc\/renovacion-de-balconera-de-pvc-con-obra-cajon-incluida-y-ventana-para-bano-en-pvc\/"},"modified":"2024-02-15T14:24:14","modified_gmt":"2024-02-15T13:24:14","slug":"renovation-of-pvc-balcony-with-drawer-work-included","status":"publish","type":"astra-portfolio","link":"https:\/\/www.ventanasverdun.com\/en\/pvc-works\/renovation-of-pvc-balcony-with-drawer-work-included\/","title":{"rendered":"Renovation of PVC balcony with drawer work included"},"content":{"rendered":"\t\t<div data-elementor-type=\"wp-post\" data-elementor-id=\"4192\" class=\"elementor elementor-4192 elementor-4183\">\n\t\t\t\t\t\t<section class=\"elementor-section elementor-top-section elementor-element elementor-element-57948b5 elementor-section-boxed elementor-section-height-default elementor-section-height-default\" data-id=\"57948b5\" data-element_type=\"section\" data-e-type=\"section\" data-settings=\"{&quot;background_background&quot;:&quot;classic&quot;}\">\n\t\t\t\t\t\t\t<div class=\"elementor-background-overlay\"><\/div>\n\t\t\t\t\t\t\t<div class=\"elementor-container elementor-column-gap-default\">\n\t\t\t\t\t<div class=\"elementor-column elementor-col-100 elementor-top-column elementor-element elementor-element-2201a4f\" data-id=\"2201a4f\" data-element_type=\"column\" data-e-type=\"column\">\n\t\t\t<div class=\"elementor-widget-wrap elementor-element-populated\">\n\t\t\t\t\t\t<section class=\"elementor-section elementor-inner-section elementor-element elementor-element-d196294 elementor-section-boxed elementor-section-height-default elementor-section-height-default\" data-id=\"d196294\" data-element_type=\"section\" data-e-type=\"section\">\n\t\t\t\t\t\t<div class=\"elementor-container elementor-column-gap-default\">\n\t\t\t\t\t<div class=\"elementor-column elementor-col-66 elementor-inner-column elementor-element elementor-element-04dc11e\" data-id=\"04dc11e\" data-element_type=\"column\" data-e-type=\"column\">\n\t\t\t<div class=\"elementor-widget-wrap elementor-element-populated\">\n\t\t\t\t\t\t<div class=\"elementor-element elementor-element-5fc7c91 elementor-widget elementor-widget-heading\" data-id=\"5fc7c91\" data-element_type=\"widget\" data-e-type=\"widget\" data-widget_type=\"heading.default\">\n\t\t\t\t<div class=\"elementor-widget-container\">\n\t\t\t\t\t<h1 class=\"elementor-heading-title elementor-size-default\">Renovation of PVC balcony with drawer work included<\/h1>\t\t\t\t<\/div>\n\t\t\t\t<\/div>\n\t\t\t\t\t<\/div>\n\t\t<\/div>\n\t\t\t\t<div class=\"elementor-column elementor-col-33 elementor-inner-column elementor-element elementor-element-155f6a9\" data-id=\"155f6a9\" data-element_type=\"column\" data-e-type=\"column\">\n\t\t\t<div class=\"elementor-widget-wrap\">\n\t\t\t\t\t\t\t<\/div>\n\t\t<\/div>\n\t\t\t\t\t<\/div>\n\t\t<\/section>\n\t\t\t\t<section class=\"elementor-section elementor-inner-section elementor-element elementor-element-e6881f5 elementor-section-boxed elementor-section-height-default elementor-section-height-default\" data-id=\"e6881f5\" data-element_type=\"section\" data-e-type=\"section\">\n\t\t\t\t\t\t<div class=\"elementor-container elementor-column-gap-default\">\n\t\t\t\t\t<div class=\"elementor-column elementor-col-66 elementor-inner-column elementor-element elementor-element-ee478c3\" data-id=\"ee478c3\" data-element_type=\"column\" data-e-type=\"column\">\n\t\t\t<div class=\"elementor-widget-wrap\">\n\t\t\t\t\t\t\t<\/div>\n\t\t<\/div>\n\t\t\t\t<div class=\"elementor-column elementor-col-33 elementor-inner-column elementor-element elementor-element-651c30d\" data-id=\"651c30d\" data-element_type=\"column\" data-e-type=\"column\" data-settings=\"{&quot;background_background&quot;:&quot;classic&quot;}\">\n\t\t\t<div class=\"elementor-widget-wrap elementor-element-populated\">\n\t\t\t\t\t\t<div class=\"elementor-element elementor-element-4fea4d8 elementor-widget elementor-widget-heading\" data-id=\"4fea4d8\" data-element_type=\"widget\" data-e-type=\"widget\" data-widget_type=\"heading.default\">\n\t\t\t\t<div class=\"elementor-widget-container\">\n\t\t\t\t\t<h5 class=\"elementor-heading-title elementor-size-default\">Contact<\/h5>\t\t\t\t<\/div>\n\t\t\t\t<\/div>\n\t\t\t\t<div class=\"elementor-element elementor-element-32e1fc3 elementor-widget elementor-widget-heading\" data-id=\"32e1fc3\" data-element_type=\"widget\" data-e-type=\"widget\" data-widget_type=\"heading.default\">\n\t\t\t\t<div class=\"elementor-widget-container\">\n\t\t\t\t\t<h3 class=\"elementor-heading-title elementor-size-default\"><a href=\"tel:965676070\">965 676 070<\/a><\/h3>\t\t\t\t<\/div>\n\t\t\t\t<\/div>\n\t\t\t\t\t<\/div>\n\t\t<\/div>\n\t\t\t\t\t<\/div>\n\t\t<\/section>\n\t\t\t\t\t<\/div>\n\t\t<\/div>\n\t\t\t\t\t<\/div>\n\t\t<\/section>\n\t\t\t\t<section class=\"elementor-section elementor-top-section elementor-element elementor-element-93e0ad0 elementor-section-boxed elementor-section-height-default elementor-section-height-default\" data-id=\"93e0ad0\" data-element_type=\"section\" data-e-type=\"section\">\n\t\t\t\t\t\t<div class=\"elementor-container elementor-column-gap-default\">\n\t\t\t\t\t<div class=\"elementor-column elementor-col-100 elementor-top-column elementor-element elementor-element-8c829a6\" data-id=\"8c829a6\" data-element_type=\"column\" data-e-type=\"column\">\n\t\t\t<div class=\"elementor-widget-wrap elementor-element-populated\">\n\t\t\t\t\t\t<div class=\"elementor-element elementor-element-5871f91 gallery-spacing-custom elementor-widget elementor-widget-image-gallery\" data-id=\"5871f91\" data-element_type=\"widget\" data-e-type=\"widget\" data-widget_type=\"image-gallery.default\">\n\t\t\t\t<div class=\"elementor-widget-container\">\n\t\t\t\t\t\t\t<div class=\"elementor-image-gallery\">\n\t\t\t<div id='gallery-1' class='gallery galleryid-4192 gallery-columns-3 gallery-size-full'><figure class='gallery-item'>\n\t\t\t<div class='gallery-icon portrait'>\n\t\t\t\t<a data-elementor-open-lightbox=\"yes\" data-elementor-lightbox-slideshow=\"5871f91\" data-elementor-lightbox-title=\"Renovaci\u00f3n de balconera de Pvc con obra caj\u00f3n incluida, y ventana para ba\u00f1o en Pvc\" data-e-action-hash=\"#elementor-action%3Aaction%3Dlightbox%26settings%3DeyJpZCI6NDE4NSwidXJsIjoiaHR0cHM6XC9cL3d3dy52ZW50YW5hc3ZlcmR1bi5jb21cL3dwLWNvbnRlbnRcL3VwbG9hZHNcLzIwMjRcLzAyXC9SZW5vdmFjaW9uLWRlLWJhbGNvbmVyYS1kZS1QdmMtY29uLW9icmEtY2Fqb24taW5jbHVpZGEteS12ZW50YW5hLXBhcmEtYmFuby1lbi1QdmMuanBnIiwic2xpZGVzaG93IjoiNTg3MWY5MSJ9\" href='https:\/\/www.ventanasverdun.com\/wp-content\/uploads\/2024\/02\/Renovacion-de-balconera-de-Pvc-con-obra-cajon-incluida-y-ventana-para-bano-en-Pvc.jpg'><img fetchpriority=\"high\" decoding=\"async\" width=\"1200\" height=\"1600\" src=\"https:\/\/www.ventanasverdun.com\/wp-content\/uploads\/2024\/02\/Renovacion-de-balconera-de-Pvc-con-obra-cajon-incluida-y-ventana-para-bano-en-Pvc.jpg\" class=\"attachment-full size-full\" alt=\"Renovaci\u00f3n de balconera de Pvc con obra caj\u00f3n incluida, y ventana para ba\u00f1o en Pvc\" srcset=\"https:\/\/www.ventanasverdun.com\/wp-content\/uploads\/2024\/02\/Renovacion-de-balconera-de-Pvc-con-obra-cajon-incluida-y-ventana-para-bano-en-Pvc.jpg 1200w, https:\/\/www.ventanasverdun.com\/wp-content\/uploads\/2024\/02\/Renovacion-de-balconera-de-Pvc-con-obra-cajon-incluida-y-ventana-para-bano-en-Pvc-225x300.jpg 225w, https:\/\/www.ventanasverdun.com\/wp-content\/uploads\/2024\/02\/Renovacion-de-balconera-de-Pvc-con-obra-cajon-incluida-y-ventana-para-bano-en-Pvc-768x1024.jpg 768w, https:\/\/www.ventanasverdun.com\/wp-content\/uploads\/2024\/02\/Renovacion-de-balconera-de-Pvc-con-obra-cajon-incluida-y-ventana-para-bano-en-Pvc-1152x1536.jpg 1152w\" sizes=\"(max-width: 1200px) 100vw, 1200px\" \/><\/a>\n\t\t\t<\/div><\/figure>\n\t\t<\/div>\n\t\t<\/div>\n\t\t\t\t\t\t<\/div>\n\t\t\t\t<\/div>\n\t\t\t\t<div class=\"elementor-element elementor-element-5f264c1 elementor-widget elementor-widget-heading\" data-id=\"5f264c1\" data-element_type=\"widget\" data-e-type=\"widget\" data-widget_type=\"heading.default\">\n\t\t\t\t<div class=\"elementor-widget-container\">\n\t\t\t\t\t<h2 class=\"elementor-heading-title elementor-size-default\">Other Works<\/h2>\t\t\t\t<\/div>\n\t\t\t\t<\/div>\n\t\t\t\t\t<\/div>\n\t\t<\/div>\n\t\t\t\t\t<\/div>\n\t\t<\/section>\n\t\t\t\t<section class=\"elementor-section elementor-top-section elementor-element elementor-element-5681f0c elementor-section-boxed elementor-section-height-default elementor-section-height-default\" data-id=\"5681f0c\" data-element_type=\"section\" data-e-type=\"section\">\n\t\t\t\t\t\t<div class=\"elementor-container elementor-column-gap-default\">\n\t\t\t\t\t<div class=\"elementor-column elementor-col-100 elementor-top-column elementor-element elementor-element-27b0fab\" data-id=\"27b0fab\" data-element_type=\"column\" data-e-type=\"column\">\n\t\t\t<div class=\"elementor-widget-wrap elementor-element-populated\">\n\t\t\t\t\t\t<div class=\"elementor-element elementor-element-4c059b3 uael-post__link-complete-yes uael-equal__height-yes uael-posts-thumbnail-ratio elementor-widget elementor-widget-uael-posts\" data-id=\"4c059b3\" data-element_type=\"widget\" data-e-type=\"widget\" data-settings=\"{&quot;classic_slides_to_show&quot;:3,&quot;classic_slides_to_show_tablet&quot;:2,&quot;classic_slides_to_show_mobile&quot;:1}\" data-widget_type=\"uael-posts.classic\">\n\t\t\t\t<div class=\"elementor-widget-container\">\n\t\t\t\t\t\t\t<div class=\"uael-post__header\">\n\t\t\t\t\t<\/div>\n\t\t<div class=\"uael-post__body\">\n\t\t\t\n\t\t\n\t\t<div class=\"uael-blog-terms-position-above_content uael-post-image-top uael-post-grid uael-posts\" data-query-type=\"custom\" data-structure=\"normal\" data-layout=\"\" data-page=\"4192\" data-skin=\"classic\" data-filter-default=\"\" data-offset-top=\"30\" >\n\n\t\t\t\t\t\t\t<div class=\"uael-post-grid__inner uael-post__columns-3 uael-post__columns-tablet-2 uael-post__columns-mobile-1\">\n\t\t\t\n<div class=\"uael-post-wrapper   \">\n\t<div class=\"uael-post__bg-wrap uael-bg-wrap-disabled \">\n\n\t\t\t\t\t<a href=\"https:\/\/www.ventanasverdun.com\/en\/pvc-works\/detached-single-family-house-in-haygon-san-vicente-del-raspeig\/\" target=\"_self\" class=\"uael-post__complete-box-overlay\" aria-label=\"Link Complete Box\"><\/a>\n\t\t\t\t\n\t\t<div class=\"uael-post__inner-wrap uael-inner-wrap-disabled\">\n\n\t\t\t\t<div class=\"uael-post__thumbnail\">\n\t\t\t\n\t\t\t<a href=\"https:\/\/www.ventanasverdun.com\/en\/pvc-works\/detached-single-family-house-in-haygon-san-vicente-del-raspeig\/\" target=\"_self\" title=\"Detached single-family house in Hayg\u00f3n (San Vicente del Raspeig)\"><img decoding=\"async\" width=\"1201\" height=\"1600\" src=\"https:\/\/www.ventanasverdun.com\/wp-content\/uploads\/2026\/01\/chalet-unifamiliar-en-Haygon-San-Vicente-del-Raspeig-8.jpeg\" class=\"attachment-full size-full wp-image-5674\" alt=\"chalet unifamiliar en Hayg\u00f3n (San Vicente del Raspeig)\" srcset=\"https:\/\/www.ventanasverdun.com\/wp-content\/uploads\/2026\/01\/chalet-unifamiliar-en-Haygon-San-Vicente-del-Raspeig-8.jpeg 1201w, https:\/\/www.ventanasverdun.com\/wp-content\/uploads\/2026\/01\/chalet-unifamiliar-en-Haygon-San-Vicente-del-Raspeig-8-225x300.jpeg 225w, https:\/\/www.ventanasverdun.com\/wp-content\/uploads\/2026\/01\/chalet-unifamiliar-en-Haygon-San-Vicente-del-Raspeig-8-769x1024.jpeg 769w, https:\/\/www.ventanasverdun.com\/wp-content\/uploads\/2026\/01\/chalet-unifamiliar-en-Haygon-San-Vicente-del-Raspeig-8-768x1023.jpeg 768w, https:\/\/www.ventanasverdun.com\/wp-content\/uploads\/2026\/01\/chalet-unifamiliar-en-Haygon-San-Vicente-del-Raspeig-8-1153x1536.jpeg 1153w\" sizes=\"(max-width: 1201px) 100vw, 1201px\" \/><\/a>\n\t\t\t\t\t<\/div>\n\t\t\n\t\t\t\n\t\t\t<div class=\"uael-post__content-wrap uael-content-wrap-disabled\">\n\t\t\t\t\t\t\t<div class=\"uael-post__terms-wrap\"><span class=\"uael-post__terms\"><span class=\"uael-listing__terms-link\">Doors<\/span><\/span><\/div>\n\t\t\t\t\t\t<h3 class=\"uael-post__title\">\n\n\t\t\n\t\t\t\t\t\t<a href=\"https:\/\/www.ventanasverdun.com\/en\/pvc-works\/detached-single-family-house-in-haygon-san-vicente-del-raspeig\/\" target=\"_self\">\n\t\t\t\tDetached single-family house in Hayg\u00f3n (San Vicente del Raspeig)\t\t\t<\/a>\n\n\t\t\t\t<\/h3>\n\t\t\t\t\t<\/div>\n\t\t\t\n\t\t<\/div>\n\t\t\n\t<\/div>\n\n<\/div>\n\n<div class=\"uael-post-wrapper   \">\n\t<div class=\"uael-post__bg-wrap uael-bg-wrap-disabled \">\n\n\t\t\t\t\t<a href=\"https:\/\/www.ventanasverdun.com\/en\/pvc-works\/bungalow-en-san-juan-de-alicante-todo-carpinteria-exterior-en-pvc\/\" target=\"_self\" class=\"uael-post__complete-box-overlay\" aria-label=\"Link Complete Box\"><\/a>\n\t\t\t\t\n\t\t<div class=\"uael-post__inner-wrap uael-inner-wrap-disabled\">\n\n\t\t\t\t<div class=\"uael-post__thumbnail\">\n\t\t\t\n\t\t\t<a href=\"https:\/\/www.ventanasverdun.com\/en\/pvc-works\/bungalow-en-san-juan-de-alicante-todo-carpinteria-exterior-en-pvc\/\" target=\"_self\" title=\"Bungalow in San Juan de Alicante, all exterior carpentry in PVC\"><img decoding=\"async\" width=\"1536\" height=\"2048\" src=\"https:\/\/www.ventanasverdun.com\/wp-content\/uploads\/2025\/07\/Bungalow-en-San-juan-de-Alicante-todo-carpinteria-exterior-en-PVC-6.jpg\" class=\"attachment-full size-full wp-image-5178\" alt=\"Bungalow en San juan de Alicante, todo carpinter\u00eda exterior en PVC (6)\" srcset=\"https:\/\/www.ventanasverdun.com\/wp-content\/uploads\/2025\/07\/Bungalow-en-San-juan-de-Alicante-todo-carpinteria-exterior-en-PVC-6.jpg 1536w, https:\/\/www.ventanasverdun.com\/wp-content\/uploads\/2025\/07\/Bungalow-en-San-juan-de-Alicante-todo-carpinteria-exterior-en-PVC-6-225x300.jpg 225w, https:\/\/www.ventanasverdun.com\/wp-content\/uploads\/2025\/07\/Bungalow-en-San-juan-de-Alicante-todo-carpinteria-exterior-en-PVC-6-768x1024.jpg 768w, https:\/\/www.ventanasverdun.com\/wp-content\/uploads\/2025\/07\/Bungalow-en-San-juan-de-Alicante-todo-carpinteria-exterior-en-PVC-6-1152x1536.jpg 1152w\" sizes=\"(max-width: 1536px) 100vw, 1536px\" \/><\/a>\n\t\t\t\t\t<\/div>\n\t\t\n\t\t\t\n\t\t\t<div class=\"uael-post__content-wrap uael-content-wrap-disabled\">\n\t\t\t\t\t\t\t<div class=\"uael-post__terms-wrap\"><span class=\"uael-post__terms\"><span class=\"uael-listing__terms-link\">Doors<\/span><\/span><\/div>\n\t\t\t\t\t\t<h3 class=\"uael-post__title\">\n\n\t\t\n\t\t\t\t\t\t<a href=\"https:\/\/www.ventanasverdun.com\/en\/pvc-works\/bungalow-en-san-juan-de-alicante-todo-carpinteria-exterior-en-pvc\/\" target=\"_self\">\n\t\t\t\tBungalow in San Juan de Alicante, all exterior carpentry in PVC\t\t\t<\/a>\n\n\t\t\t\t<\/h3>\n\t\t\t\t\t<\/div>\n\t\t\t\n\t\t<\/div>\n\t\t\n\t<\/div>\n\n<\/div>\n\n<div class=\"uael-post-wrapper   \">\n\t<div class=\"uael-post__bg-wrap uael-bg-wrap-disabled \">\n\n\t\t\t\t\t<a href=\"https:\/\/www.ventanasverdun.com\/en\/pvc-works\/three-leaf-sliding-doors-of-more-than-5-meters\/\" target=\"_self\" class=\"uael-post__complete-box-overlay\" aria-label=\"Link Complete Box\"><\/a>\n\t\t\t\t\n\t\t<div class=\"uael-post__inner-wrap uael-inner-wrap-disabled\">\n\n\t\t\t\t<div class=\"uael-post__thumbnail\">\n\t\t\t\n\t\t\t<a href=\"https:\/\/www.ventanasverdun.com\/en\/pvc-works\/three-leaf-sliding-doors-of-more-than-5-meters\/\" target=\"_self\" title=\"Three-leaf sliding doors of more than 5 meters\"><img loading=\"lazy\" decoding=\"async\" width=\"1200\" height=\"1600\" src=\"https:\/\/www.ventanasverdun.com\/wp-content\/uploads\/2024\/05\/IMG-20240306-WA0028.jpg\" class=\"attachment-full size-full wp-image-4215\" alt=\"correderas de tres hojas de m\u00e1s de 5 metros\" srcset=\"https:\/\/www.ventanasverdun.com\/wp-content\/uploads\/2024\/05\/IMG-20240306-WA0028.jpg 1200w, https:\/\/www.ventanasverdun.com\/wp-content\/uploads\/2024\/05\/IMG-20240306-WA0028-225x300.jpg 225w, https:\/\/www.ventanasverdun.com\/wp-content\/uploads\/2024\/05\/IMG-20240306-WA0028-768x1024.jpg 768w, https:\/\/www.ventanasverdun.com\/wp-content\/uploads\/2024\/05\/IMG-20240306-WA0028-1152x1536.jpg 1152w\" sizes=\"(max-width: 1200px) 100vw, 1200px\" \/><\/a>\n\t\t\t\t\t<\/div>\n\t\t\n\t\t\t\n\t\t\t<div class=\"uael-post__content-wrap uael-content-wrap-disabled\">\n\t\t\t\t\t\t\t<div class=\"uael-post__terms-wrap\"><span class=\"uael-post__terms\"><span class=\"uael-listing__terms-link\">Doors<\/span><\/span><\/div>\n\t\t\t\t\t\t<h3 class=\"uael-post__title\">\n\n\t\t\n\t\t\t\t\t\t<a href=\"https:\/\/www.ventanasverdun.com\/en\/pvc-works\/three-leaf-sliding-doors-of-more-than-5-meters\/\" target=\"_self\">\n\t\t\t\tThree-leaf sliding doors of more than 5 meters\t\t\t<\/a>\n\n\t\t\t\t<\/h3>\n\t\t\t\t\t<\/div>\n\t\t\t\n\t\t<\/div>\n\t\t\n\t<\/div>\n\n<\/div>\n\n<div class=\"uael-post-wrapper   \">\n\t<div class=\"uael-post__bg-wrap uael-bg-wrap-disabled \">\n\n\t\t\t\t\t<a href=\"https:\/\/www.ventanasverdun.com\/en\/pvc-works\/bronze-colored-exterior-lacquered-hinged-and-tilt-pvc-enclosure\/\" target=\"_self\" class=\"uael-post__complete-box-overlay\" aria-label=\"Link Complete Box\"><\/a>\n\t\t\t\t\n\t\t<div class=\"uael-post__inner-wrap uael-inner-wrap-disabled\">\n\n\t\t\t\t<div class=\"uael-post__thumbnail\">\n\t\t\t\n\t\t\t<a href=\"https:\/\/www.ventanasverdun.com\/en\/pvc-works\/bronze-colored-exterior-lacquered-hinged-and-tilt-pvc-enclosure\/\" target=\"_self\" title=\"Bronze-colored exterior lacquered hinged and tilt Pvc enclosure.\"><img loading=\"lazy\" decoding=\"async\" width=\"1600\" height=\"900\" src=\"https:\/\/www.ventanasverdun.com\/wp-content\/uploads\/2023\/02\/Cerramiento-de-PVC-abatible-oscilobatiente-lacado-bronce-exterior-en-Campello..jpeg\" class=\"attachment-full size-full wp-image-1295\" alt=\"Cerramiento-de-PVC-abatible-oscilobatiente-lacado-bronce-exterior-en-Campello.\" srcset=\"https:\/\/www.ventanasverdun.com\/wp-content\/uploads\/2023\/02\/Cerramiento-de-PVC-abatible-oscilobatiente-lacado-bronce-exterior-en-Campello..jpeg 1600w, https:\/\/www.ventanasverdun.com\/wp-content\/uploads\/2023\/02\/Cerramiento-de-PVC-abatible-oscilobatiente-lacado-bronce-exterior-en-Campello.-300x169.jpeg 300w, https:\/\/www.ventanasverdun.com\/wp-content\/uploads\/2023\/02\/Cerramiento-de-PVC-abatible-oscilobatiente-lacado-bronce-exterior-en-Campello.-1024x576.jpeg 1024w, https:\/\/www.ventanasverdun.com\/wp-content\/uploads\/2023\/02\/Cerramiento-de-PVC-abatible-oscilobatiente-lacado-bronce-exterior-en-Campello.-768x432.jpeg 768w, https:\/\/www.ventanasverdun.com\/wp-content\/uploads\/2023\/02\/Cerramiento-de-PVC-abatible-oscilobatiente-lacado-bronce-exterior-en-Campello.-1536x864.jpeg 1536w\" sizes=\"(max-width: 1600px) 100vw, 1600px\" \/><\/a>\n\t\t\t\t\t<\/div>\n\t\t\n\t\t\t\n\t\t\t<div class=\"uael-post__content-wrap uael-content-wrap-disabled\">\n\t\t\t\t\t\t\t<div class=\"uael-post__terms-wrap\"><span class=\"uael-post__terms\"><span class=\"uael-listing__terms-link\">Enclosures<\/span><\/span><\/div>\n\t\t\t\t\t\t<h3 class=\"uael-post__title\">\n\n\t\t\n\t\t\t\t\t\t<a href=\"https:\/\/www.ventanasverdun.com\/en\/pvc-works\/bronze-colored-exterior-lacquered-hinged-and-tilt-pvc-enclosure\/\" target=\"_self\">\n\t\t\t\tBronze-colored exterior lacquered hinged and tilt Pvc enclosure.\t\t\t<\/a>\n\n\t\t\t\t<\/h3>\n\t\t\t\t\t<\/div>\n\t\t\t\n\t\t<\/div>\n\t\t\n\t<\/div>\n\n<\/div>\n\n<div class=\"uael-post-wrapper   \">\n\t<div class=\"uael-post__bg-wrap uael-bg-wrap-disabled \">\n\n\t\t\t\t\t<a href=\"https:\/\/www.ventanasverdun.com\/en\/pvc-works\/pvc-carpentry-alternating-white\/\" target=\"_self\" class=\"uael-post__complete-box-overlay\" aria-label=\"Link Complete Box\"><\/a>\n\t\t\t\t\n\t\t<div class=\"uael-post__inner-wrap uael-inner-wrap-disabled\">\n\n\t\t\t\t<div class=\"uael-post__thumbnail\">\n\t\t\t\n\t\t\t<a href=\"https:\/\/www.ventanasverdun.com\/en\/pvc-works\/pvc-carpentry-alternating-white\/\" target=\"_self\" title=\"PVC carpentry alternating White\"><img loading=\"lazy\" decoding=\"async\" width=\"1536\" height=\"2048\" src=\"https:\/\/www.ventanasverdun.com\/wp-content\/uploads\/2025\/08\/Carpinteria-de-PVC-alternando-blanco-10.jpg\" class=\"attachment-full size-full wp-image-5274\" alt=\"Carpinteria de PVC alternando blanco\" srcset=\"https:\/\/www.ventanasverdun.com\/wp-content\/uploads\/2025\/08\/Carpinteria-de-PVC-alternando-blanco-10.jpg 1536w, https:\/\/www.ventanasverdun.com\/wp-content\/uploads\/2025\/08\/Carpinteria-de-PVC-alternando-blanco-10-225x300.jpg 225w, https:\/\/www.ventanasverdun.com\/wp-content\/uploads\/2025\/08\/Carpinteria-de-PVC-alternando-blanco-10-768x1024.jpg 768w, https:\/\/www.ventanasverdun.com\/wp-content\/uploads\/2025\/08\/Carpinteria-de-PVC-alternando-blanco-10-1152x1536.jpg 1152w\" sizes=\"(max-width: 1536px) 100vw, 1536px\" \/><\/a>\n\t\t\t\t\t<\/div>\n\t\t\n\t\t\t\n\t\t\t<div class=\"uael-post__content-wrap uael-content-wrap-disabled\">\n\t\t\t\t\t\t\t<div class=\"uael-post__terms-wrap\"><span class=\"uael-post__terms\"><span class=\"uael-listing__terms-link\">Doors<\/span><\/span><\/div>\n\t\t\t\t\t\t<h3 class=\"uael-post__title\">\n\n\t\t\n\t\t\t\t\t\t<a href=\"https:\/\/www.ventanasverdun.com\/en\/pvc-works\/pvc-carpentry-alternating-white\/\" target=\"_self\">\n\t\t\t\tPVC carpentry alternating White\t\t\t<\/a>\n\n\t\t\t\t<\/h3>\n\t\t\t\t\t<\/div>\n\t\t\t\n\t\t<\/div>\n\t\t\n\t<\/div>\n\n<\/div>\n\n<div class=\"uael-post-wrapper   \">\n\t<div class=\"uael-post__bg-wrap uael-bg-wrap-disabled \">\n\n\t\t\t\t\t<a href=\"https:\/\/www.ventanasverdun.com\/en\/pvc-works\/renovation-of-pvc-windows-in-the-center-of-alicante\/\" target=\"_self\" class=\"uael-post__complete-box-overlay\" aria-label=\"Link Complete Box\"><\/a>\n\t\t\t\t\n\t\t<div class=\"uael-post__inner-wrap uael-inner-wrap-disabled\">\n\n\t\t\t\t<div class=\"uael-post__thumbnail\">\n\t\t\t\n\t\t\t<a href=\"https:\/\/www.ventanasverdun.com\/en\/pvc-works\/renovation-of-pvc-windows-in-the-center-of-alicante\/\" target=\"_self\" title=\"Renovation of PVC windows in the center of Alicante\"><img loading=\"lazy\" decoding=\"async\" width=\"1600\" height=\"747\" src=\"https:\/\/www.ventanasverdun.com\/wp-content\/uploads\/2024\/06\/Renovacion-de-ventanas-de-PVC-en-el-centro-de-Alicante.-3.jpg\" class=\"attachment-full size-full wp-image-4423\" alt=\"Renovaci\u00f3n de ventanas de PVC en el centro de Alicante. (3)\" srcset=\"https:\/\/www.ventanasverdun.com\/wp-content\/uploads\/2024\/06\/Renovacion-de-ventanas-de-PVC-en-el-centro-de-Alicante.-3.jpg 1600w, https:\/\/www.ventanasverdun.com\/wp-content\/uploads\/2024\/06\/Renovacion-de-ventanas-de-PVC-en-el-centro-de-Alicante.-3-300x140.jpg 300w, https:\/\/www.ventanasverdun.com\/wp-content\/uploads\/2024\/06\/Renovacion-de-ventanas-de-PVC-en-el-centro-de-Alicante.-3-1024x478.jpg 1024w, https:\/\/www.ventanasverdun.com\/wp-content\/uploads\/2024\/06\/Renovacion-de-ventanas-de-PVC-en-el-centro-de-Alicante.-3-768x359.jpg 768w, https:\/\/www.ventanasverdun.com\/wp-content\/uploads\/2024\/06\/Renovacion-de-ventanas-de-PVC-en-el-centro-de-Alicante.-3-1536x717.jpg 1536w\" sizes=\"(max-width: 1600px) 100vw, 1600px\" \/><\/a>\n\t\t\t\t\t<\/div>\n\t\t\n\t\t\t\n\t\t\t<div class=\"uael-post__content-wrap uael-content-wrap-disabled\">\n\t\t\t\t\t\t\t<div class=\"uael-post__terms-wrap\"><span class=\"uael-post__terms\"><span class=\"uael-listing__terms-link\">Windows<\/span><\/span><\/div>\n\t\t\t\t\t\t<h3 class=\"uael-post__title\">\n\n\t\t\n\t\t\t\t\t\t<a href=\"https:\/\/www.ventanasverdun.com\/en\/pvc-works\/renovation-of-pvc-windows-in-the-center-of-alicante\/\" target=\"_self\">\n\t\t\t\tRenovation of PVC windows in the center of Alicante\t\t\t<\/a>\n\n\t\t\t\t<\/h3>\n\t\t\t\t\t<\/div>\n\t\t\t\n\t\t<\/div>\n\t\t\n\t<\/div>\n\n<\/div>\n\t\t\t\t<\/div>\n\t\t\t\t\t\t\n\t\t<\/div>\n\n\t\t\t\t\t\t<\/div>\n\t\t<div class=\"uael-post__footer\">\n\t\t\t\t\t<\/div>\n\t\t\t\t\t\t<\/div>\n\t\t\t\t<\/div>\n\t\t\t\t\t<\/div>\n\t\t<\/div>\n\t\t\t\t\t<\/div>\n\t\t<\/section>\n\t\t\t\t<\/div>\n\t\t","protected":false},"featured_media":4185,"template":"","meta":{"site-sidebar-layout":"no-sidebar","site-content-layout":"page-builder","ast-site-content-layout":"full-width-container","site-content-style":"unboxed","site-sidebar-style":"unboxed","ast-global-header-display":"","ast-banner-title-visibility":"","ast-main-header-display":"","ast-hfb-above-header-display":"","ast-hfb-below-header-display":"","ast-hfb-mobile-header-display":"","site-post-title":"disabled","ast-breadcrumbs-content":"","ast-featured-img":"disabled","footer-sml-layout":"","ast-disable-related-posts":"","theme-transparent-header-meta":"enabled","adv-header-id-meta":"","stick-header-meta":"enabled","header-above-stick-meta":"","header-main-stick-meta":"on","header-below-stick-meta":"","astra-migrate-meta-layouts":"set","ast-page-background-enabled":"default","ast-page-background-meta":{"desktop":{"background-color":"","background-image":"","background-repeat":"repeat","background-position":"center center","background-size":"auto","background-attachment":"scroll","background-type":"","background-media":"","overlay-type":"","overlay-color":"","overlay-opacity":"","overlay-gradient":""},"tablet":{"background-color":"","background-image":"","background-repeat":"repeat","background-position":"center center","background-size":"auto","background-attachment":"scroll","background-type":"","background-media":"","overlay-type":"","overlay-color":"","overlay-opacity":"","overlay-gradient":""},"mobile":{"background-color":"","background-image":"","background-repeat":"repeat","background-position":"center center","background-size":"auto","background-attachment":"scroll","background-type":"","background-media":"","overlay-type":"","overlay-color":"","overlay-opacity":"","overlay-gradient":""}},"ast-content-background-meta":{"desktop":{"background-color":"var(--ast-global-color-5)","background-image":"","background-repeat":"repeat","background-position":"center center","background-size":"auto","background-attachment":"scroll","background-type":"","background-media":"","overlay-type":"","overlay-color":"","overlay-opacity":"","overlay-gradient":""},"tablet":{"background-color":"var(--ast-global-color-5)","background-image":"","background-repeat":"repeat","background-position":"center center","background-size":"auto","background-attachment":"scroll","background-type":"","background-media":"","overlay-type":"","overlay-color":"","overlay-opacity":"","overlay-gradient":""},"mobile":{"background-color":"var(--ast-global-color-5)","background-image":"","background-repeat":"repeat","background-position":"center center","background-size":"auto","background-attachment":"scroll","background-type":"","background-media":"","overlay-type":"","overlay-color":"","overlay-opacity":"","overlay-gradient":""}},"_joinchat":[]},"astra-portfolio-categories":[22],"astra-portfolio-other-categories":[],"astra-portfolio-tags":[],"class_list":["post-4192","astra-portfolio","type-astra-portfolio","status-publish","has-post-thumbnail","hentry","astra-portfolio-categories-doors"],"astra-site-call-to-action":"","astra-site-open-in-new-tab":0,"astra-site-open-portfolio-in":"same-tab","astra-site-url":"","thumbnail-image-url":null,"thumbnail-image-meta":{"alt":"","title":""},"lightbox-image-url":null,"portfolio-type":"page","portfolio-video-url":"","request_time":0.3738720417022705,"_links":{"self":[{"href":"https:\/\/www.ventanasverdun.com\/en\/wp-json\/wp\/v2\/astra-portfolio\/4192","targetHints":{"allow":["GET"]}}],"collection":[{"href":"https:\/\/www.ventanasverdun.com\/en\/wp-json\/wp\/v2\/astra-portfolio"}],"about":[{"href":"https:\/\/www.ventanasverdun.com\/en\/wp-json\/wp\/v2\/types\/astra-portfolio"}],"version-history":[{"count":5,"href":"https:\/\/www.ventanasverdun.com\/en\/wp-json\/wp\/v2\/astra-portfolio\/4192\/revisions"}],"predecessor-version":[{"id":4198,"href":"https:\/\/www.ventanasverdun.com\/en\/wp-json\/wp\/v2\/astra-portfolio\/4192\/revisions\/4198"}],"wp:featuredmedia":[{"embeddable":true,"href":"https:\/\/www.ventanasverdun.com\/en\/wp-json\/wp\/v2\/media\/4185"}],"wp:attachment":[{"href":"https:\/\/www.ventanasverdun.com\/en\/wp-json\/wp\/v2\/media?parent=4192"}],"wp:term":[{"taxonomy":"astra-portfolio-categories","embeddable":true,"href":"https:\/\/www.ventanasverdun.com\/en\/wp-json\/wp\/v2\/astra-portfolio-categories?post=4192"},{"taxonomy":"astra-portfolio-other-categories","embeddable":true,"href":"https:\/\/www.ventanasverdun.com\/en\/wp-json\/wp\/v2\/astra-portfolio-other-categories?post=4192"},{"taxonomy":"astra-portfolio-tags","embeddable":true,"href":"https:\/\/www.ventanasverdun.com\/en\/wp-json\/wp\/v2\/astra-portfolio-tags?post=4192"}],"curies":[{"name":"wp","href":"https:\/\/api.w.org\/{rel}","templated":true}]}}