{"id":4756,"date":"2024-10-17T12:31:44","date_gmt":"2024-10-17T10:31:44","guid":{"rendered":"https:\/\/www.ventanasverdun.com\/trabajos-pvc\/carpinteria-de-pvc-lacado-en-plata\/"},"modified":"2024-10-17T12:34:17","modified_gmt":"2024-10-17T10:34:17","slug":"silver-lacquered-pvc-carpentry","status":"publish","type":"astra-portfolio","link":"https:\/\/www.ventanasverdun.com\/en\/pvc-works\/silver-lacquered-pvc-carpentry\/","title":{"rendered":"Silver lacquered PVC carpentry"},"content":{"rendered":"\t\t<div data-elementor-type=\"wp-post\" data-elementor-id=\"4756\" class=\"elementor elementor-4756 elementor-4738\">\n\t\t\t\t\t\t<section class=\"elementor-section elementor-top-section elementor-element elementor-element-57948b5 elementor-section-boxed elementor-section-height-default elementor-section-height-default\" data-id=\"57948b5\" data-element_type=\"section\" data-e-type=\"section\" data-settings=\"{&quot;background_background&quot;:&quot;classic&quot;}\">\n\t\t\t\t\t\t\t<div class=\"elementor-background-overlay\"><\/div>\n\t\t\t\t\t\t\t<div class=\"elementor-container elementor-column-gap-default\">\n\t\t\t\t\t<div class=\"elementor-column elementor-col-100 elementor-top-column elementor-element elementor-element-2201a4f\" data-id=\"2201a4f\" data-element_type=\"column\" data-e-type=\"column\">\n\t\t\t<div class=\"elementor-widget-wrap elementor-element-populated\">\n\t\t\t\t\t\t<section class=\"elementor-section elementor-inner-section elementor-element elementor-element-d196294 elementor-section-boxed elementor-section-height-default elementor-section-height-default\" data-id=\"d196294\" data-element_type=\"section\" data-e-type=\"section\">\n\t\t\t\t\t\t<div class=\"elementor-container elementor-column-gap-default\">\n\t\t\t\t\t<div class=\"elementor-column elementor-col-66 elementor-inner-column elementor-element elementor-element-04dc11e\" data-id=\"04dc11e\" data-element_type=\"column\" data-e-type=\"column\">\n\t\t\t<div class=\"elementor-widget-wrap elementor-element-populated\">\n\t\t\t\t\t\t<div class=\"elementor-element elementor-element-5fc7c91 elementor-widget elementor-widget-heading\" data-id=\"5fc7c91\" data-element_type=\"widget\" data-e-type=\"widget\" data-widget_type=\"heading.default\">\n\t\t\t\t<div class=\"elementor-widget-container\">\n\t\t\t\t\t<h1 class=\"elementor-heading-title elementor-size-default\">Silver lacquered PVC carpentry<\/h1>\t\t\t\t<\/div>\n\t\t\t\t<\/div>\n\t\t\t\t\t<\/div>\n\t\t<\/div>\n\t\t\t\t<div class=\"elementor-column elementor-col-33 elementor-inner-column elementor-element elementor-element-155f6a9\" data-id=\"155f6a9\" data-element_type=\"column\" data-e-type=\"column\">\n\t\t\t<div class=\"elementor-widget-wrap\">\n\t\t\t\t\t\t\t<\/div>\n\t\t<\/div>\n\t\t\t\t\t<\/div>\n\t\t<\/section>\n\t\t\t\t<section class=\"elementor-section elementor-inner-section elementor-element elementor-element-e6881f5 elementor-section-boxed elementor-section-height-default elementor-section-height-default\" data-id=\"e6881f5\" data-element_type=\"section\" data-e-type=\"section\">\n\t\t\t\t\t\t<div class=\"elementor-container elementor-column-gap-default\">\n\t\t\t\t\t<div class=\"elementor-column elementor-col-66 elementor-inner-column elementor-element elementor-element-ee478c3\" data-id=\"ee478c3\" data-element_type=\"column\" data-e-type=\"column\">\n\t\t\t<div class=\"elementor-widget-wrap\">\n\t\t\t\t\t\t\t<\/div>\n\t\t<\/div>\n\t\t\t\t<div class=\"elementor-column elementor-col-33 elementor-inner-column elementor-element elementor-element-651c30d\" data-id=\"651c30d\" data-element_type=\"column\" data-e-type=\"column\" data-settings=\"{&quot;background_background&quot;:&quot;classic&quot;}\">\n\t\t\t<div class=\"elementor-widget-wrap elementor-element-populated\">\n\t\t\t\t\t\t<div class=\"elementor-element elementor-element-4fea4d8 elementor-widget elementor-widget-heading\" data-id=\"4fea4d8\" data-element_type=\"widget\" data-e-type=\"widget\" data-widget_type=\"heading.default\">\n\t\t\t\t<div class=\"elementor-widget-container\">\n\t\t\t\t\t<h5 class=\"elementor-heading-title elementor-size-default\">Contact<\/h5>\t\t\t\t<\/div>\n\t\t\t\t<\/div>\n\t\t\t\t<div class=\"elementor-element elementor-element-32e1fc3 elementor-widget elementor-widget-heading\" data-id=\"32e1fc3\" data-element_type=\"widget\" data-e-type=\"widget\" data-widget_type=\"heading.default\">\n\t\t\t\t<div class=\"elementor-widget-container\">\n\t\t\t\t\t<h3 class=\"elementor-heading-title elementor-size-default\"><a href=\"tel:965676070\">965 676 070<\/a><\/h3>\t\t\t\t<\/div>\n\t\t\t\t<\/div>\n\t\t\t\t\t<\/div>\n\t\t<\/div>\n\t\t\t\t\t<\/div>\n\t\t<\/section>\n\t\t\t\t\t<\/div>\n\t\t<\/div>\n\t\t\t\t\t<\/div>\n\t\t<\/section>\n\t\t\t\t<section class=\"elementor-section elementor-top-section elementor-element elementor-element-93e0ad0 elementor-section-boxed elementor-section-height-default elementor-section-height-default\" data-id=\"93e0ad0\" data-element_type=\"section\" data-e-type=\"section\">\n\t\t\t\t\t\t<div class=\"elementor-container elementor-column-gap-default\">\n\t\t\t\t\t<div class=\"elementor-column elementor-col-100 elementor-top-column elementor-element elementor-element-8c829a6\" data-id=\"8c829a6\" data-element_type=\"column\" data-e-type=\"column\">\n\t\t\t<div class=\"elementor-widget-wrap elementor-element-populated\">\n\t\t\t\t\t\t<div class=\"elementor-element elementor-element-5871f91 gallery-spacing-custom elementor-widget elementor-widget-image-gallery\" data-id=\"5871f91\" data-element_type=\"widget\" data-e-type=\"widget\" data-widget_type=\"image-gallery.default\">\n\t\t\t\t<div class=\"elementor-widget-container\">\n\t\t\t\t\t\t\t<div class=\"elementor-image-gallery\">\n\t\t\t<div id='gallery-1' class='gallery galleryid-4756 gallery-columns-3 gallery-size-full'><figure class='gallery-item'>\n\t\t\t<div class='gallery-icon portrait'>\n\t\t\t\t<a data-elementor-open-lightbox=\"yes\" data-elementor-lightbox-slideshow=\"5871f91\" data-elementor-lightbox-title=\"Est\u00e1 semana nos hemos desplazado a Benidorm, trabajo realizado en carpinter\u00eda de PVC lacado en plata por el exterior en Vicarlac\u00a0lacados\u00a0del\u00a0PVC (6)\" data-e-action-hash=\"#elementor-action%3Aaction%3Dlightbox%26settings%3DeyJpZCI6NDc1MCwidXJsIjoiaHR0cHM6XC9cL3d3dy52ZW50YW5hc3ZlcmR1bi5jb21cL3dwLWNvbnRlbnRcL3VwbG9hZHNcLzIwMjRcLzEwXC9Fc3RhLXNlbWFuYS1ub3MtaGVtb3MtZGVzcGxhemFkby1hLUJlbmlkb3JtLXRyYWJham8tcmVhbGl6YWRvLWVuLWNhcnBpbnRlcmlhLWRlLVBWQy1sYWNhZG8tZW4tcGxhdGEtcG9yLWVsLWV4dGVyaW9yLWVuLVZpY2FybGFjLWxhY2Fkb3MtZGVsLVBWQy02LmpwZyIsInNsaWRlc2hvdyI6IjU4NzFmOTEifQ%3D%3D\" href='https:\/\/www.ventanasverdun.com\/wp-content\/uploads\/2024\/10\/Esta-semana-nos-hemos-desplazado-a-Benidorm-trabajo-realizado-en-carpinteria-de-PVC-lacado-en-plata-por-el-exterior-en-Vicarlac-lacados-del-PVC-6.jpg'><img fetchpriority=\"high\" decoding=\"async\" width=\"1537\" height=\"2048\" src=\"https:\/\/www.ventanasverdun.com\/wp-content\/uploads\/2024\/10\/Esta-semana-nos-hemos-desplazado-a-Benidorm-trabajo-realizado-en-carpinteria-de-PVC-lacado-en-plata-por-el-exterior-en-Vicarlac-lacados-del-PVC-6.jpg\" class=\"attachment-full size-full\" alt=\"Ventanas de PVC lacado en plata instaladas en vivienda de Benidorm, carpinter\u00eda exterior moderna con acabado met\u00e1lico\" srcset=\"https:\/\/www.ventanasverdun.com\/wp-content\/uploads\/2024\/10\/Esta-semana-nos-hemos-desplazado-a-Benidorm-trabajo-realizado-en-carpinteria-de-PVC-lacado-en-plata-por-el-exterior-en-Vicarlac-lacados-del-PVC-6.jpg 1537w, https:\/\/www.ventanasverdun.com\/wp-content\/uploads\/2024\/10\/Esta-semana-nos-hemos-desplazado-a-Benidorm-trabajo-realizado-en-carpinteria-de-PVC-lacado-en-plata-por-el-exterior-en-Vicarlac-lacados-del-PVC-6-225x300.jpg 225w, https:\/\/www.ventanasverdun.com\/wp-content\/uploads\/2024\/10\/Esta-semana-nos-hemos-desplazado-a-Benidorm-trabajo-realizado-en-carpinteria-de-PVC-lacado-en-plata-por-el-exterior-en-Vicarlac-lacados-del-PVC-6-769x1024.jpg 769w, https:\/\/www.ventanasverdun.com\/wp-content\/uploads\/2024\/10\/Esta-semana-nos-hemos-desplazado-a-Benidorm-trabajo-realizado-en-carpinteria-de-PVC-lacado-en-plata-por-el-exterior-en-Vicarlac-lacados-del-PVC-6-768x1023.jpg 768w, https:\/\/www.ventanasverdun.com\/wp-content\/uploads\/2024\/10\/Esta-semana-nos-hemos-desplazado-a-Benidorm-trabajo-realizado-en-carpinteria-de-PVC-lacado-en-plata-por-el-exterior-en-Vicarlac-lacados-del-PVC-6-1153x1536.jpg 1153w\" sizes=\"(max-width: 1537px) 100vw, 1537px\" \/><\/a>\n\t\t\t<\/div><\/figure><figure class='gallery-item'>\n\t\t\t<div class='gallery-icon portrait'>\n\t\t\t\t<a data-elementor-open-lightbox=\"yes\" data-elementor-lightbox-slideshow=\"5871f91\" data-elementor-lightbox-title=\"Est\u00e1 semana nos hemos desplazado a Benidorm, trabajo realizado en carpinter\u00eda de PVC lacado en plata por el exterior en Vicarlac\u00a0lacados\u00a0del\u00a0PVC (5)\" data-e-action-hash=\"#elementor-action%3Aaction%3Dlightbox%26settings%3DeyJpZCI6NDc0OCwidXJsIjoiaHR0cHM6XC9cL3d3dy52ZW50YW5hc3ZlcmR1bi5jb21cL3dwLWNvbnRlbnRcL3VwbG9hZHNcLzIwMjRcLzEwXC9Fc3RhLXNlbWFuYS1ub3MtaGVtb3MtZGVzcGxhemFkby1hLUJlbmlkb3JtLXRyYWJham8tcmVhbGl6YWRvLWVuLWNhcnBpbnRlcmlhLWRlLVBWQy1sYWNhZG8tZW4tcGxhdGEtcG9yLWVsLWV4dGVyaW9yLWVuLVZpY2FybGFjLWxhY2Fkb3MtZGVsLVBWQy01LmpwZyIsInNsaWRlc2hvdyI6IjU4NzFmOTEifQ%3D%3D\" href='https:\/\/www.ventanasverdun.com\/wp-content\/uploads\/2024\/10\/Esta-semana-nos-hemos-desplazado-a-Benidorm-trabajo-realizado-en-carpinteria-de-PVC-lacado-en-plata-por-el-exterior-en-Vicarlac-lacados-del-PVC-5.jpg'><img decoding=\"async\" width=\"1537\" height=\"2048\" src=\"https:\/\/www.ventanasverdun.com\/wp-content\/uploads\/2024\/10\/Esta-semana-nos-hemos-desplazado-a-Benidorm-trabajo-realizado-en-carpinteria-de-PVC-lacado-en-plata-por-el-exterior-en-Vicarlac-lacados-del-PVC-5.jpg\" class=\"attachment-full size-full\" alt=\"Ventanas de PVC lacado en plata con sistema oscilobatiente en vivienda de Benidorm, carpinter\u00eda moderna con acabado met\u00e1lico\" srcset=\"https:\/\/www.ventanasverdun.com\/wp-content\/uploads\/2024\/10\/Esta-semana-nos-hemos-desplazado-a-Benidorm-trabajo-realizado-en-carpinteria-de-PVC-lacado-en-plata-por-el-exterior-en-Vicarlac-lacados-del-PVC-5.jpg 1537w, https:\/\/www.ventanasverdun.com\/wp-content\/uploads\/2024\/10\/Esta-semana-nos-hemos-desplazado-a-Benidorm-trabajo-realizado-en-carpinteria-de-PVC-lacado-en-plata-por-el-exterior-en-Vicarlac-lacados-del-PVC-5-225x300.jpg 225w, https:\/\/www.ventanasverdun.com\/wp-content\/uploads\/2024\/10\/Esta-semana-nos-hemos-desplazado-a-Benidorm-trabajo-realizado-en-carpinteria-de-PVC-lacado-en-plata-por-el-exterior-en-Vicarlac-lacados-del-PVC-5-769x1024.jpg 769w, https:\/\/www.ventanasverdun.com\/wp-content\/uploads\/2024\/10\/Esta-semana-nos-hemos-desplazado-a-Benidorm-trabajo-realizado-en-carpinteria-de-PVC-lacado-en-plata-por-el-exterior-en-Vicarlac-lacados-del-PVC-5-768x1023.jpg 768w, https:\/\/www.ventanasverdun.com\/wp-content\/uploads\/2024\/10\/Esta-semana-nos-hemos-desplazado-a-Benidorm-trabajo-realizado-en-carpinteria-de-PVC-lacado-en-plata-por-el-exterior-en-Vicarlac-lacados-del-PVC-5-1153x1536.jpg 1153w\" sizes=\"(max-width: 1537px) 100vw, 1537px\" \/><\/a>\n\t\t\t<\/div><\/figure><figure class='gallery-item'>\n\t\t\t<div class='gallery-icon portrait'>\n\t\t\t\t<a data-elementor-open-lightbox=\"yes\" data-elementor-lightbox-slideshow=\"5871f91\" data-elementor-lightbox-title=\"Est\u00e1 semana nos hemos desplazado a Benidorm, trabajo realizado en carpinter\u00eda de PVC lacado en plata por el exterior en Vicarlac\u00a0lacados\u00a0del\u00a0PVC (4)\" data-e-action-hash=\"#elementor-action%3Aaction%3Dlightbox%26settings%3DeyJpZCI6NDc0NiwidXJsIjoiaHR0cHM6XC9cL3d3dy52ZW50YW5hc3ZlcmR1bi5jb21cL3dwLWNvbnRlbnRcL3VwbG9hZHNcLzIwMjRcLzEwXC9Fc3RhLXNlbWFuYS1ub3MtaGVtb3MtZGVzcGxhemFkby1hLUJlbmlkb3JtLXRyYWJham8tcmVhbGl6YWRvLWVuLWNhcnBpbnRlcmlhLWRlLVBWQy1sYWNhZG8tZW4tcGxhdGEtcG9yLWVsLWV4dGVyaW9yLWVuLVZpY2FybGFjLWxhY2Fkb3MtZGVsLVBWQy00LmpwZyIsInNsaWRlc2hvdyI6IjU4NzFmOTEifQ%3D%3D\" href='https:\/\/www.ventanasverdun.com\/wp-content\/uploads\/2024\/10\/Esta-semana-nos-hemos-desplazado-a-Benidorm-trabajo-realizado-en-carpinteria-de-PVC-lacado-en-plata-por-el-exterior-en-Vicarlac-lacados-del-PVC-4.jpg'><img decoding=\"async\" width=\"1537\" height=\"2048\" src=\"https:\/\/www.ventanasverdun.com\/wp-content\/uploads\/2024\/10\/Esta-semana-nos-hemos-desplazado-a-Benidorm-trabajo-realizado-en-carpinteria-de-PVC-lacado-en-plata-por-el-exterior-en-Vicarlac-lacados-del-PVC-4.jpg\" class=\"attachment-full size-full\" alt=\"Ventana de PVC lacado en plata con dise\u00f1o moderno instalada en vivienda de Benidorm, carpinter\u00eda exterior con acabado met\u00e1lico\" srcset=\"https:\/\/www.ventanasverdun.com\/wp-content\/uploads\/2024\/10\/Esta-semana-nos-hemos-desplazado-a-Benidorm-trabajo-realizado-en-carpinteria-de-PVC-lacado-en-plata-por-el-exterior-en-Vicarlac-lacados-del-PVC-4.jpg 1537w, https:\/\/www.ventanasverdun.com\/wp-content\/uploads\/2024\/10\/Esta-semana-nos-hemos-desplazado-a-Benidorm-trabajo-realizado-en-carpinteria-de-PVC-lacado-en-plata-por-el-exterior-en-Vicarlac-lacados-del-PVC-4-225x300.jpg 225w, https:\/\/www.ventanasverdun.com\/wp-content\/uploads\/2024\/10\/Esta-semana-nos-hemos-desplazado-a-Benidorm-trabajo-realizado-en-carpinteria-de-PVC-lacado-en-plata-por-el-exterior-en-Vicarlac-lacados-del-PVC-4-769x1024.jpg 769w, https:\/\/www.ventanasverdun.com\/wp-content\/uploads\/2024\/10\/Esta-semana-nos-hemos-desplazado-a-Benidorm-trabajo-realizado-en-carpinteria-de-PVC-lacado-en-plata-por-el-exterior-en-Vicarlac-lacados-del-PVC-4-768x1023.jpg 768w, https:\/\/www.ventanasverdun.com\/wp-content\/uploads\/2024\/10\/Esta-semana-nos-hemos-desplazado-a-Benidorm-trabajo-realizado-en-carpinteria-de-PVC-lacado-en-plata-por-el-exterior-en-Vicarlac-lacados-del-PVC-4-1153x1536.jpg 1153w\" sizes=\"(max-width: 1537px) 100vw, 1537px\" \/><\/a>\n\t\t\t<\/div><\/figure><figure class='gallery-item'>\n\t\t\t<div class='gallery-icon portrait'>\n\t\t\t\t<a data-elementor-open-lightbox=\"yes\" data-elementor-lightbox-slideshow=\"5871f91\" data-elementor-lightbox-title=\"Est\u00e1 semana nos hemos desplazado a Benidorm, trabajo realizado en carpinter\u00eda de PVC lacado en plata por el exterior en Vicarlac\u00a0lacados\u00a0del\u00a0PVC (3)\" data-e-action-hash=\"#elementor-action%3Aaction%3Dlightbox%26settings%3DeyJpZCI6NDc0NCwidXJsIjoiaHR0cHM6XC9cL3d3dy52ZW50YW5hc3ZlcmR1bi5jb21cL3dwLWNvbnRlbnRcL3VwbG9hZHNcLzIwMjRcLzEwXC9Fc3RhLXNlbWFuYS1ub3MtaGVtb3MtZGVzcGxhemFkby1hLUJlbmlkb3JtLXRyYWJham8tcmVhbGl6YWRvLWVuLWNhcnBpbnRlcmlhLWRlLVBWQy1sYWNhZG8tZW4tcGxhdGEtcG9yLWVsLWV4dGVyaW9yLWVuLVZpY2FybGFjLWxhY2Fkb3MtZGVsLVBWQy0zLmpwZyIsInNsaWRlc2hvdyI6IjU4NzFmOTEifQ%3D%3D\" href='https:\/\/www.ventanasverdun.com\/wp-content\/uploads\/2024\/10\/Esta-semana-nos-hemos-desplazado-a-Benidorm-trabajo-realizado-en-carpinteria-de-PVC-lacado-en-plata-por-el-exterior-en-Vicarlac-lacados-del-PVC-3.jpg'><img loading=\"lazy\" decoding=\"async\" width=\"1536\" height=\"2048\" src=\"https:\/\/www.ventanasverdun.com\/wp-content\/uploads\/2024\/10\/Esta-semana-nos-hemos-desplazado-a-Benidorm-trabajo-realizado-en-carpinteria-de-PVC-lacado-en-plata-por-el-exterior-en-Vicarlac-lacados-del-PVC-3.jpg\" class=\"attachment-full size-full\" alt=\"Ventana de PVC lacado en plata instalada en vivienda de Benidorm, carpinter\u00eda exterior con acabado met\u00e1lico de alta calidad\" srcset=\"https:\/\/www.ventanasverdun.com\/wp-content\/uploads\/2024\/10\/Esta-semana-nos-hemos-desplazado-a-Benidorm-trabajo-realizado-en-carpinteria-de-PVC-lacado-en-plata-por-el-exterior-en-Vicarlac-lacados-del-PVC-3.jpg 1536w, https:\/\/www.ventanasverdun.com\/wp-content\/uploads\/2024\/10\/Esta-semana-nos-hemos-desplazado-a-Benidorm-trabajo-realizado-en-carpinteria-de-PVC-lacado-en-plata-por-el-exterior-en-Vicarlac-lacados-del-PVC-3-225x300.jpg 225w, https:\/\/www.ventanasverdun.com\/wp-content\/uploads\/2024\/10\/Esta-semana-nos-hemos-desplazado-a-Benidorm-trabajo-realizado-en-carpinteria-de-PVC-lacado-en-plata-por-el-exterior-en-Vicarlac-lacados-del-PVC-3-768x1024.jpg 768w, https:\/\/www.ventanasverdun.com\/wp-content\/uploads\/2024\/10\/Esta-semana-nos-hemos-desplazado-a-Benidorm-trabajo-realizado-en-carpinteria-de-PVC-lacado-en-plata-por-el-exterior-en-Vicarlac-lacados-del-PVC-3-1152x1536.jpg 1152w\" sizes=\"(max-width: 1536px) 100vw, 1536px\" \/><\/a>\n\t\t\t<\/div><\/figure><figure class='gallery-item'>\n\t\t\t<div class='gallery-icon portrait'>\n\t\t\t\t<a data-elementor-open-lightbox=\"yes\" data-elementor-lightbox-slideshow=\"5871f91\" data-elementor-lightbox-title=\"Est\u00e1 semana nos hemos desplazado a Benidorm, trabajo realizado en carpinter\u00eda de PVC lacado en plata por el exterior en Vicarlac\u00a0lacados\u00a0del\u00a0PVC (2)\" data-e-action-hash=\"#elementor-action%3Aaction%3Dlightbox%26settings%3DeyJpZCI6NDc0MiwidXJsIjoiaHR0cHM6XC9cL3d3dy52ZW50YW5hc3ZlcmR1bi5jb21cL3dwLWNvbnRlbnRcL3VwbG9hZHNcLzIwMjRcLzEwXC9Fc3RhLXNlbWFuYS1ub3MtaGVtb3MtZGVzcGxhemFkby1hLUJlbmlkb3JtLXRyYWJham8tcmVhbGl6YWRvLWVuLWNhcnBpbnRlcmlhLWRlLVBWQy1sYWNhZG8tZW4tcGxhdGEtcG9yLWVsLWV4dGVyaW9yLWVuLVZpY2FybGFjLWxhY2Fkb3MtZGVsLVBWQy0yLmpwZyIsInNsaWRlc2hvdyI6IjU4NzFmOTEifQ%3D%3D\" href='https:\/\/www.ventanasverdun.com\/wp-content\/uploads\/2024\/10\/Esta-semana-nos-hemos-desplazado-a-Benidorm-trabajo-realizado-en-carpinteria-de-PVC-lacado-en-plata-por-el-exterior-en-Vicarlac-lacados-del-PVC-2.jpg'><img loading=\"lazy\" decoding=\"async\" width=\"1536\" height=\"2048\" src=\"https:\/\/www.ventanasverdun.com\/wp-content\/uploads\/2024\/10\/Esta-semana-nos-hemos-desplazado-a-Benidorm-trabajo-realizado-en-carpinteria-de-PVC-lacado-en-plata-por-el-exterior-en-Vicarlac-lacados-del-PVC-2.jpg\" class=\"attachment-full size-full\" alt=\"Detalle de ventana de PVC lacado en plata instalada en Benidorm, carpinter\u00eda con acabado met\u00e1lico moderno de alta calidad\" srcset=\"https:\/\/www.ventanasverdun.com\/wp-content\/uploads\/2024\/10\/Esta-semana-nos-hemos-desplazado-a-Benidorm-trabajo-realizado-en-carpinteria-de-PVC-lacado-en-plata-por-el-exterior-en-Vicarlac-lacados-del-PVC-2.jpg 1536w, https:\/\/www.ventanasverdun.com\/wp-content\/uploads\/2024\/10\/Esta-semana-nos-hemos-desplazado-a-Benidorm-trabajo-realizado-en-carpinteria-de-PVC-lacado-en-plata-por-el-exterior-en-Vicarlac-lacados-del-PVC-2-225x300.jpg 225w, https:\/\/www.ventanasverdun.com\/wp-content\/uploads\/2024\/10\/Esta-semana-nos-hemos-desplazado-a-Benidorm-trabajo-realizado-en-carpinteria-de-PVC-lacado-en-plata-por-el-exterior-en-Vicarlac-lacados-del-PVC-2-768x1024.jpg 768w, https:\/\/www.ventanasverdun.com\/wp-content\/uploads\/2024\/10\/Esta-semana-nos-hemos-desplazado-a-Benidorm-trabajo-realizado-en-carpinteria-de-PVC-lacado-en-plata-por-el-exterior-en-Vicarlac-lacados-del-PVC-2-1152x1536.jpg 1152w\" sizes=\"(max-width: 1536px) 100vw, 1536px\" \/><\/a>\n\t\t\t<\/div><\/figure><figure class='gallery-item'>\n\t\t\t<div class='gallery-icon portrait'>\n\t\t\t\t<a data-elementor-open-lightbox=\"yes\" data-elementor-lightbox-slideshow=\"5871f91\" data-elementor-lightbox-title=\"Est\u00e1 semana nos hemos desplazado a Benidorm, trabajo realizado en carpinter\u00eda de PVC lacado en plata por el exterior en Vicarlac\u00a0lacados\u00a0del\u00a0PVC (1)\" data-e-action-hash=\"#elementor-action%3Aaction%3Dlightbox%26settings%3DeyJpZCI6NDc0MCwidXJsIjoiaHR0cHM6XC9cL3d3dy52ZW50YW5hc3ZlcmR1bi5jb21cL3dwLWNvbnRlbnRcL3VwbG9hZHNcLzIwMjRcLzEwXC9Fc3RhLXNlbWFuYS1ub3MtaGVtb3MtZGVzcGxhemFkby1hLUJlbmlkb3JtLXRyYWJham8tcmVhbGl6YWRvLWVuLWNhcnBpbnRlcmlhLWRlLVBWQy1sYWNhZG8tZW4tcGxhdGEtcG9yLWVsLWV4dGVyaW9yLWVuLVZpY2FybGFjLWxhY2Fkb3MtZGVsLVBWQy0xLmpwZyIsInNsaWRlc2hvdyI6IjU4NzFmOTEifQ%3D%3D\" href='https:\/\/www.ventanasverdun.com\/wp-content\/uploads\/2024\/10\/Esta-semana-nos-hemos-desplazado-a-Benidorm-trabajo-realizado-en-carpinteria-de-PVC-lacado-en-plata-por-el-exterior-en-Vicarlac-lacados-del-PVC-1.jpg'><img loading=\"lazy\" decoding=\"async\" width=\"1536\" height=\"2048\" src=\"https:\/\/www.ventanasverdun.com\/wp-content\/uploads\/2024\/10\/Esta-semana-nos-hemos-desplazado-a-Benidorm-trabajo-realizado-en-carpinteria-de-PVC-lacado-en-plata-por-el-exterior-en-Vicarlac-lacados-del-PVC-1.jpg\" class=\"attachment-full size-full\" alt=\"Ventanas de PVC lacado en plata en edificio de Benidorm con vistas al mar, carpinter\u00eda exterior de alta gama\" srcset=\"https:\/\/www.ventanasverdun.com\/wp-content\/uploads\/2024\/10\/Esta-semana-nos-hemos-desplazado-a-Benidorm-trabajo-realizado-en-carpinteria-de-PVC-lacado-en-plata-por-el-exterior-en-Vicarlac-lacados-del-PVC-1.jpg 1536w, https:\/\/www.ventanasverdun.com\/wp-content\/uploads\/2024\/10\/Esta-semana-nos-hemos-desplazado-a-Benidorm-trabajo-realizado-en-carpinteria-de-PVC-lacado-en-plata-por-el-exterior-en-Vicarlac-lacados-del-PVC-1-225x300.jpg 225w, https:\/\/www.ventanasverdun.com\/wp-content\/uploads\/2024\/10\/Esta-semana-nos-hemos-desplazado-a-Benidorm-trabajo-realizado-en-carpinteria-de-PVC-lacado-en-plata-por-el-exterior-en-Vicarlac-lacados-del-PVC-1-768x1024.jpg 768w, https:\/\/www.ventanasverdun.com\/wp-content\/uploads\/2024\/10\/Esta-semana-nos-hemos-desplazado-a-Benidorm-trabajo-realizado-en-carpinteria-de-PVC-lacado-en-plata-por-el-exterior-en-Vicarlac-lacados-del-PVC-1-1152x1536.jpg 1152w\" sizes=\"(max-width: 1536px) 100vw, 1536px\" \/><\/a>\n\t\t\t<\/div><\/figure>\n\t\t<\/div>\n\t\t<\/div>\n\t\t\t\t\t\t<\/div>\n\t\t\t\t<\/div>\n\t\t\t\t<div class=\"elementor-element elementor-element-5f264c1 elementor-widget elementor-widget-heading\" data-id=\"5f264c1\" data-element_type=\"widget\" data-e-type=\"widget\" data-widget_type=\"heading.default\">\n\t\t\t\t<div class=\"elementor-widget-container\">\n\t\t\t\t\t<h2 class=\"elementor-heading-title elementor-size-default\">Other Works<\/h2>\t\t\t\t<\/div>\n\t\t\t\t<\/div>\n\t\t\t\t\t<\/div>\n\t\t<\/div>\n\t\t\t\t\t<\/div>\n\t\t<\/section>\n\t\t\t\t<section class=\"elementor-section elementor-top-section elementor-element elementor-element-5681f0c elementor-section-boxed elementor-section-height-default elementor-section-height-default\" data-id=\"5681f0c\" data-element_type=\"section\" data-e-type=\"section\">\n\t\t\t\t\t\t<div class=\"elementor-container elementor-column-gap-default\">\n\t\t\t\t\t<div class=\"elementor-column elementor-col-100 elementor-top-column elementor-element elementor-element-27b0fab\" data-id=\"27b0fab\" data-element_type=\"column\" data-e-type=\"column\">\n\t\t\t<div class=\"elementor-widget-wrap elementor-element-populated\">\n\t\t\t\t\t\t<div class=\"elementor-element elementor-element-4c059b3 uael-post__link-complete-yes uael-equal__height-yes uael-posts-thumbnail-ratio elementor-widget elementor-widget-uael-posts\" data-id=\"4c059b3\" data-element_type=\"widget\" data-e-type=\"widget\" data-settings=\"{&quot;classic_slides_to_show&quot;:3,&quot;classic_slides_to_show_tablet&quot;:2,&quot;classic_slides_to_show_mobile&quot;:1}\" data-widget_type=\"uael-posts.classic\">\n\t\t\t\t<div class=\"elementor-widget-container\">\n\t\t\t\t\t\t\t<div class=\"uael-post__header\">\n\t\t\t\t\t<\/div>\n\t\t<div class=\"uael-post__body\">\n\t\t\t\n\t\t\n\t\t<div class=\"uael-blog-terms-position-above_content uael-post-image-top uael-post-grid uael-posts\" data-query-type=\"custom\" data-structure=\"normal\" data-layout=\"\" data-page=\"4756\" data-skin=\"classic\" data-filter-default=\"\" data-offset-top=\"30\" >\n\n\t\t\t\t\t\t\t<div class=\"uael-post-grid__inner uael-post__columns-3 uael-post__columns-tablet-2 uael-post__columns-mobile-1\">\n\t\t\t\n<div class=\"uael-post-wrapper   \">\n\t<div class=\"uael-post__bg-wrap uael-bg-wrap-disabled \">\n\n\t\t\t\t\t<a href=\"https:\/\/www.ventanasverdun.com\/en\/pvc-works\/complete-replacement-of-windows-with-tilt-and-turn-pvc-windows-with-acoustic-glass\/\" target=\"_self\" class=\"uael-post__complete-box-overlay\" aria-label=\"Link Complete Box\"><\/a>\n\t\t\t\t\n\t\t<div class=\"uael-post__inner-wrap uael-inner-wrap-disabled\">\n\n\t\t\t\t<div class=\"uael-post__thumbnail\">\n\t\t\t\n\t\t\t<a href=\"https:\/\/www.ventanasverdun.com\/en\/pvc-works\/complete-replacement-of-windows-with-tilt-and-turn-pvc-windows-with-acoustic-glass\/\" target=\"_self\" title=\"Complete replacement of windows with tilt-and-turn PVC windows with acoustic glass\"><img loading=\"lazy\" decoding=\"async\" width=\"1536\" height=\"2048\" src=\"https:\/\/www.ventanasverdun.com\/wp-content\/uploads\/2026\/04\/Sustitucion-completa-de-las-ventanas-por-ventanas-de-PVC-oscilobatientes-con-cristal-acustico-12.jpeg\" class=\"attachment-full size-full wp-image-5859\" alt=\"Sustituci\u00f3n completa de las ventanas por ventanas de PVC oscilobatientes con cristal ac\u00fastico\" srcset=\"https:\/\/www.ventanasverdun.com\/wp-content\/uploads\/2026\/04\/Sustitucion-completa-de-las-ventanas-por-ventanas-de-PVC-oscilobatientes-con-cristal-acustico-12.jpeg 1536w, https:\/\/www.ventanasverdun.com\/wp-content\/uploads\/2026\/04\/Sustitucion-completa-de-las-ventanas-por-ventanas-de-PVC-oscilobatientes-con-cristal-acustico-12-225x300.jpeg 225w, https:\/\/www.ventanasverdun.com\/wp-content\/uploads\/2026\/04\/Sustitucion-completa-de-las-ventanas-por-ventanas-de-PVC-oscilobatientes-con-cristal-acustico-12-768x1024.jpeg 768w, https:\/\/www.ventanasverdun.com\/wp-content\/uploads\/2026\/04\/Sustitucion-completa-de-las-ventanas-por-ventanas-de-PVC-oscilobatientes-con-cristal-acustico-12-1152x1536.jpeg 1152w\" sizes=\"(max-width: 1536px) 100vw, 1536px\" \/><\/a>\n\t\t\t\t\t<\/div>\n\t\t\n\t\t\t\n\t\t\t<div class=\"uael-post__content-wrap uael-content-wrap-disabled\">\n\t\t\t\t\t\t\t<div class=\"uael-post__terms-wrap\"><span class=\"uael-post__terms\"><span class=\"uael-listing__terms-link\">Doors<\/span><\/span><\/div>\n\t\t\t\t\t\t<h3 class=\"uael-post__title\">\n\n\t\t\n\t\t\t\t\t\t<a href=\"https:\/\/www.ventanasverdun.com\/en\/pvc-works\/complete-replacement-of-windows-with-tilt-and-turn-pvc-windows-with-acoustic-glass\/\" target=\"_self\">\n\t\t\t\tComplete replacement of windows with tilt-and-turn PVC windows with acoustic glass\t\t\t<\/a>\n\n\t\t\t\t<\/h3>\n\t\t\t\t\t<\/div>\n\t\t\t\n\t\t<\/div>\n\t\t\n\t<\/div>\n\n<\/div>\n\n<div class=\"uael-post-wrapper   \">\n\t<div class=\"uael-post__bg-wrap uael-bg-wrap-disabled \">\n\n\t\t\t\t\t<a href=\"https:\/\/www.ventanasverdun.com\/en\/pvc-works\/pvc-exterior-carpentry-in-4-leaf-tilt-and-turn-sliding-systems-70-profile-with-decorative-drawer\/\" target=\"_self\" class=\"uael-post__complete-box-overlay\" aria-label=\"Link Complete Box\"><\/a>\n\t\t\t\t\n\t\t<div class=\"uael-post__inner-wrap uael-inner-wrap-disabled\">\n\n\t\t\t\t<div class=\"uael-post__thumbnail\">\n\t\t\t\n\t\t\t<a href=\"https:\/\/www.ventanasverdun.com\/en\/pvc-works\/pvc-exterior-carpentry-in-4-leaf-tilt-and-turn-sliding-systems-70-profile-with-decorative-drawer\/\" target=\"_self\" title=\"PVC exterior carpentry in 4-leaf tilt-and-turn sliding systems 70 profile with decorative drawer\"><img loading=\"lazy\" decoding=\"async\" width=\"1600\" height=\"720\" src=\"https:\/\/www.ventanasverdun.com\/wp-content\/uploads\/2024\/05\/IMG-20240509-WA0030.jpg\" class=\"attachment-full size-full wp-image-4293\" alt=\"Renovado detodas las ventanas de un bungalow en playa San Juan.\" srcset=\"https:\/\/www.ventanasverdun.com\/wp-content\/uploads\/2024\/05\/IMG-20240509-WA0030.jpg 1600w, https:\/\/www.ventanasverdun.com\/wp-content\/uploads\/2024\/05\/IMG-20240509-WA0030-300x135.jpg 300w, https:\/\/www.ventanasverdun.com\/wp-content\/uploads\/2024\/05\/IMG-20240509-WA0030-1024x461.jpg 1024w, https:\/\/www.ventanasverdun.com\/wp-content\/uploads\/2024\/05\/IMG-20240509-WA0030-768x346.jpg 768w, https:\/\/www.ventanasverdun.com\/wp-content\/uploads\/2024\/05\/IMG-20240509-WA0030-1536x691.jpg 1536w\" sizes=\"(max-width: 1600px) 100vw, 1600px\" \/><\/a>\n\t\t\t\t\t<\/div>\n\t\t\n\t\t\t\n\t\t\t<div class=\"uael-post__content-wrap uael-content-wrap-disabled\">\n\t\t\t\t\t\t\t<div class=\"uael-post__terms-wrap\"><span class=\"uael-post__terms\"><span class=\"uael-listing__terms-link\">Doors<\/span><\/span><\/div>\n\t\t\t\t\t\t<h3 class=\"uael-post__title\">\n\n\t\t\n\t\t\t\t\t\t<a href=\"https:\/\/www.ventanasverdun.com\/en\/pvc-works\/pvc-exterior-carpentry-in-4-leaf-tilt-and-turn-sliding-systems-70-profile-with-decorative-drawer\/\" target=\"_self\">\n\t\t\t\tPVC exterior carpentry in 4-leaf tilt-and-turn sliding systems 70 profile with decorative drawer\t\t\t<\/a>\n\n\t\t\t\t<\/h3>\n\t\t\t\t\t<\/div>\n\t\t\t\n\t\t<\/div>\n\t\t\n\t<\/div>\n\n<\/div>\n\n<div class=\"uael-post-wrapper   \">\n\t<div class=\"uael-post__bg-wrap uael-bg-wrap-disabled \">\n\n\t\t\t\t\t<a href=\"https:\/\/www.ventanasverdun.com\/en\/pvc-works\/10-single-leaf-windows-for-offices\/\" target=\"_self\" class=\"uael-post__complete-box-overlay\" aria-label=\"Link Complete Box\"><\/a>\n\t\t\t\t\n\t\t<div class=\"uael-post__inner-wrap uael-inner-wrap-disabled\">\n\n\t\t\t\t<div class=\"uael-post__thumbnail\">\n\t\t\t\n\t\t\t<a href=\"https:\/\/www.ventanasverdun.com\/en\/pvc-works\/10-single-leaf-windows-for-offices\/\" target=\"_self\" title=\"10 single-leaf windows for offices\"><img loading=\"lazy\" decoding=\"async\" width=\"1600\" height=\"1200\" src=\"https:\/\/www.ventanasverdun.com\/wp-content\/uploads\/2023\/01\/10-ventanas-de-una-hoja-para-oficinas-en-avenida-maisonnave.jpeg\" class=\"attachment-full size-full wp-image-1269\" alt=\"10-ventanas-de-una-hoja-para-oficinas-en-avenida-maisonnave\" srcset=\"https:\/\/www.ventanasverdun.com\/wp-content\/uploads\/2023\/01\/10-ventanas-de-una-hoja-para-oficinas-en-avenida-maisonnave.jpeg 1600w, https:\/\/www.ventanasverdun.com\/wp-content\/uploads\/2023\/01\/10-ventanas-de-una-hoja-para-oficinas-en-avenida-maisonnave-300x225.jpeg 300w, https:\/\/www.ventanasverdun.com\/wp-content\/uploads\/2023\/01\/10-ventanas-de-una-hoja-para-oficinas-en-avenida-maisonnave-1024x768.jpeg 1024w, https:\/\/www.ventanasverdun.com\/wp-content\/uploads\/2023\/01\/10-ventanas-de-una-hoja-para-oficinas-en-avenida-maisonnave-768x576.jpeg 768w, https:\/\/www.ventanasverdun.com\/wp-content\/uploads\/2023\/01\/10-ventanas-de-una-hoja-para-oficinas-en-avenida-maisonnave-1536x1152.jpeg 1536w\" sizes=\"(max-width: 1600px) 100vw, 1600px\" \/><\/a>\n\t\t\t\t\t<\/div>\n\t\t\n\t\t\t\n\t\t\t<div class=\"uael-post__content-wrap uael-content-wrap-disabled\">\n\t\t\t\t\t\t\t<div class=\"uael-post__terms-wrap\"><span class=\"uael-post__terms\"><span class=\"uael-listing__terms-link\">Windows<\/span><\/span><\/div>\n\t\t\t\t\t\t<h3 class=\"uael-post__title\">\n\n\t\t\n\t\t\t\t\t\t<a href=\"https:\/\/www.ventanasverdun.com\/en\/pvc-works\/10-single-leaf-windows-for-offices\/\" target=\"_self\">\n\t\t\t\t10 single-leaf windows for offices\t\t\t<\/a>\n\n\t\t\t\t<\/h3>\n\t\t\t\t\t<\/div>\n\t\t\t\n\t\t<\/div>\n\t\t\n\t<\/div>\n\n<\/div>\n\n<div class=\"uael-post-wrapper   \">\n\t<div class=\"uael-post__bg-wrap uael-bg-wrap-disabled \">\n\n\t\t\t\t\t<a href=\"https:\/\/www.ventanasverdun.com\/en\/pvc-works\/three-leaf-pvc-balcony-doors\/\" target=\"_self\" class=\"uael-post__complete-box-overlay\" aria-label=\"Link Complete Box\"><\/a>\n\t\t\t\t\n\t\t<div class=\"uael-post__inner-wrap uael-inner-wrap-disabled\">\n\n\t\t\t\t<div class=\"uael-post__thumbnail\">\n\t\t\t\n\t\t\t<a href=\"https:\/\/www.ventanasverdun.com\/en\/pvc-works\/three-leaf-pvc-balcony-doors\/\" target=\"_self\" title=\"Three-leaf PVC balcony doors\"><img loading=\"lazy\" decoding=\"async\" width=\"1600\" height=\"900\" src=\"https:\/\/www.ventanasverdun.com\/wp-content\/uploads\/2024\/05\/balconeras-de-pvc.jpg\" class=\"attachment-full size-full wp-image-4208\" alt=\"balconeras de pvc\" srcset=\"https:\/\/www.ventanasverdun.com\/wp-content\/uploads\/2024\/05\/balconeras-de-pvc.jpg 1600w, https:\/\/www.ventanasverdun.com\/wp-content\/uploads\/2024\/05\/balconeras-de-pvc-300x169.jpg 300w, https:\/\/www.ventanasverdun.com\/wp-content\/uploads\/2024\/05\/balconeras-de-pvc-1024x576.jpg 1024w, https:\/\/www.ventanasverdun.com\/wp-content\/uploads\/2024\/05\/balconeras-de-pvc-768x432.jpg 768w, https:\/\/www.ventanasverdun.com\/wp-content\/uploads\/2024\/05\/balconeras-de-pvc-1536x864.jpg 1536w\" sizes=\"(max-width: 1600px) 100vw, 1600px\" \/><\/a>\n\t\t\t\t\t<\/div>\n\t\t\n\t\t\t\n\t\t\t<div class=\"uael-post__content-wrap uael-content-wrap-disabled\">\n\t\t\t\t\t\t\t<div class=\"uael-post__terms-wrap\"><span class=\"uael-post__terms\"><span class=\"uael-listing__terms-link\">Doors<\/span><\/span><\/div>\n\t\t\t\t\t\t<h3 class=\"uael-post__title\">\n\n\t\t\n\t\t\t\t\t\t<a href=\"https:\/\/www.ventanasverdun.com\/en\/pvc-works\/three-leaf-pvc-balcony-doors\/\" target=\"_self\">\n\t\t\t\tThree-leaf PVC balcony doors\t\t\t<\/a>\n\n\t\t\t\t<\/h3>\n\t\t\t\t\t<\/div>\n\t\t\t\n\t\t<\/div>\n\t\t\n\t<\/div>\n\n<\/div>\n\n<div class=\"uael-post-wrapper   \">\n\t<div class=\"uael-post__bg-wrap uael-bg-wrap-disabled \">\n\n\t\t\t\t\t<a href=\"https:\/\/www.ventanasverdun.com\/en\/pvc-works\/terrace-extension-and-curved-kitchen-enclosure\/\" target=\"_self\" class=\"uael-post__complete-box-overlay\" aria-label=\"Link Complete Box\"><\/a>\n\t\t\t\t\n\t\t<div class=\"uael-post__inner-wrap uael-inner-wrap-disabled\">\n\n\t\t\t\t<div class=\"uael-post__thumbnail\">\n\t\t\t\n\t\t\t<a href=\"https:\/\/www.ventanasverdun.com\/en\/pvc-works\/terrace-extension-and-curved-kitchen-enclosure\/\" target=\"_self\" title=\"Terrace extension and curved kitchen enclosure\"><img loading=\"lazy\" decoding=\"async\" width=\"1536\" height=\"2048\" src=\"https:\/\/www.ventanasverdun.com\/wp-content\/uploads\/2025\/07\/Ampliacion-de-terraza-y-Cerramiento-curvo-de-cocina-4.jpg\" class=\"attachment-full size-full wp-image-5143\" alt=\"Vista interior terraza ampliada con cerramiento PVC y luminosidad\" srcset=\"https:\/\/www.ventanasverdun.com\/wp-content\/uploads\/2025\/07\/Ampliacion-de-terraza-y-Cerramiento-curvo-de-cocina-4.jpg 1536w, https:\/\/www.ventanasverdun.com\/wp-content\/uploads\/2025\/07\/Ampliacion-de-terraza-y-Cerramiento-curvo-de-cocina-4-225x300.jpg 225w, https:\/\/www.ventanasverdun.com\/wp-content\/uploads\/2025\/07\/Ampliacion-de-terraza-y-Cerramiento-curvo-de-cocina-4-768x1024.jpg 768w, https:\/\/www.ventanasverdun.com\/wp-content\/uploads\/2025\/07\/Ampliacion-de-terraza-y-Cerramiento-curvo-de-cocina-4-1152x1536.jpg 1152w\" sizes=\"(max-width: 1536px) 100vw, 1536px\" \/><\/a>\n\t\t\t\t\t<\/div>\n\t\t\n\t\t\t\n\t\t\t<div class=\"uael-post__content-wrap uael-content-wrap-disabled\">\n\t\t\t\t\t\t\t<div class=\"uael-post__terms-wrap\"><span class=\"uael-post__terms\"><span class=\"uael-listing__terms-link\">Enclosures<\/span><\/span><\/div>\n\t\t\t\t\t\t<h3 class=\"uael-post__title\">\n\n\t\t\n\t\t\t\t\t\t<a href=\"https:\/\/www.ventanasverdun.com\/en\/pvc-works\/terrace-extension-and-curved-kitchen-enclosure\/\" target=\"_self\">\n\t\t\t\tTerrace extension and curved kitchen enclosure\t\t\t<\/a>\n\n\t\t\t\t<\/h3>\n\t\t\t\t\t<\/div>\n\t\t\t\n\t\t<\/div>\n\t\t\n\t<\/div>\n\n<\/div>\n\n<div class=\"uael-post-wrapper   \">\n\t<div class=\"uael-post__bg-wrap uael-bg-wrap-disabled \">\n\n\t\t\t\t\t<a href=\"https:\/\/www.ventanasverdun.com\/en\/pvc-works\/casement-windows-with-safety-glass-insect-screens-and-ral-3005-lacquer-finish\/\" target=\"_self\" class=\"uael-post__complete-box-overlay\" aria-label=\"Link Complete Box\"><\/a>\n\t\t\t\t\n\t\t<div class=\"uael-post__inner-wrap uael-inner-wrap-disabled\">\n\n\t\t\t\t<div class=\"uael-post__thumbnail\">\n\t\t\t\n\t\t\t<a href=\"https:\/\/www.ventanasverdun.com\/en\/pvc-works\/casement-windows-with-safety-glass-insect-screens-and-ral-3005-lacquer-finish\/\" target=\"_self\" title=\"Casement windows with safety glass, insect screens and RAL 3005 lacquer finish\"><img loading=\"lazy\" decoding=\"async\" width=\"1536\" height=\"2048\" src=\"https:\/\/www.ventanasverdun.com\/wp-content\/uploads\/2026\/03\/Ventanas-abatibles-con-cristal-de-seguridad-mosquiteras-y-lacado-en-RAL-3005-2.jpeg\" class=\"attachment-full size-full wp-image-5818\" alt=\"Ventanas abatibles con cristal de seguridad, mosquiteras y lacado en RAL 3005\" srcset=\"https:\/\/www.ventanasverdun.com\/wp-content\/uploads\/2026\/03\/Ventanas-abatibles-con-cristal-de-seguridad-mosquiteras-y-lacado-en-RAL-3005-2.jpeg 1536w, https:\/\/www.ventanasverdun.com\/wp-content\/uploads\/2026\/03\/Ventanas-abatibles-con-cristal-de-seguridad-mosquiteras-y-lacado-en-RAL-3005-2-225x300.jpeg 225w, https:\/\/www.ventanasverdun.com\/wp-content\/uploads\/2026\/03\/Ventanas-abatibles-con-cristal-de-seguridad-mosquiteras-y-lacado-en-RAL-3005-2-768x1024.jpeg 768w, https:\/\/www.ventanasverdun.com\/wp-content\/uploads\/2026\/03\/Ventanas-abatibles-con-cristal-de-seguridad-mosquiteras-y-lacado-en-RAL-3005-2-1152x1536.jpeg 1152w\" sizes=\"(max-width: 1536px) 100vw, 1536px\" \/><\/a>\n\t\t\t\t\t<\/div>\n\t\t\n\t\t\t\n\t\t\t<div class=\"uael-post__content-wrap uael-content-wrap-disabled\">\n\t\t\t\t\t\t\t<div class=\"uael-post__terms-wrap\"><span class=\"uael-post__terms\"><span class=\"uael-listing__terms-link\">Windows<\/span><\/span><\/div>\n\t\t\t\t\t\t<h3 class=\"uael-post__title\">\n\n\t\t\n\t\t\t\t\t\t<a href=\"https:\/\/www.ventanasverdun.com\/en\/pvc-works\/casement-windows-with-safety-glass-insect-screens-and-ral-3005-lacquer-finish\/\" target=\"_self\">\n\t\t\t\tCasement windows with safety glass, insect screens and RAL 3005 lacquer finish\t\t\t<\/a>\n\n\t\t\t\t<\/h3>\n\t\t\t\t\t<\/div>\n\t\t\t\n\t\t<\/div>\n\t\t\n\t<\/div>\n\n<\/div>\n\t\t\t\t<\/div>\n\t\t\t\t\t\t\n\t\t<\/div>\n\n\t\t\t\t\t\t<\/div>\n\t\t<div class=\"uael-post__footer\">\n\t\t\t\t\t<\/div>\n\t\t\t\t\t\t<\/div>\n\t\t\t\t<\/div>\n\t\t\t\t\t<\/div>\n\t\t<\/div>\n\t\t\t\t\t<\/div>\n\t\t<\/section>\n\t\t\t\t<\/div>\n\t\t","protected":false},"featured_media":4750,"template":"","meta":{"site-sidebar-layout":"no-sidebar","site-content-layout":"page-builder","ast-site-content-layout":"full-width-container","site-content-style":"unboxed","site-sidebar-style":"unboxed","ast-global-header-display":"","ast-banner-title-visibility":"","ast-main-header-display":"","ast-hfb-above-header-display":"","ast-hfb-below-header-display":"","ast-hfb-mobile-header-display":"","site-post-title":"disabled","ast-breadcrumbs-content":"","ast-featured-img":"disabled","footer-sml-layout":"","ast-disable-related-posts":"","theme-transparent-header-meta":"enabled","adv-header-id-meta":"","stick-header-meta":"enabled","header-above-stick-meta":"","header-main-stick-meta":"on","header-below-stick-meta":"","astra-migrate-meta-layouts":"set","ast-page-background-enabled":"default","ast-page-background-meta":{"desktop":{"background-color":"","background-image":"","background-repeat":"repeat","background-position":"center center","background-size":"auto","background-attachment":"scroll","background-type":"","background-media":"","overlay-type":"","overlay-color":"","overlay-opacity":"","overlay-gradient":""},"tablet":{"background-color":"","background-image":"","background-repeat":"repeat","background-position":"center center","background-size":"auto","background-attachment":"scroll","background-type":"","background-media":"","overlay-type":"","overlay-color":"","overlay-opacity":"","overlay-gradient":""},"mobile":{"background-color":"","background-image":"","background-repeat":"repeat","background-position":"center center","background-size":"auto","background-attachment":"scroll","background-type":"","background-media":"","overlay-type":"","overlay-color":"","overlay-opacity":"","overlay-gradient":""}},"ast-content-background-meta":{"desktop":{"background-color":"var(--ast-global-color-5)","background-image":"","background-repeat":"repeat","background-position":"center center","background-size":"auto","background-attachment":"scroll","background-type":"","background-media":"","overlay-type":"","overlay-color":"","overlay-opacity":"","overlay-gradient":""},"tablet":{"background-color":"var(--ast-global-color-5)","background-image":"","background-repeat":"repeat","background-position":"center center","background-size":"auto","background-attachment":"scroll","background-type":"","background-media":"","overlay-type":"","overlay-color":"","overlay-opacity":"","overlay-gradient":""},"mobile":{"background-color":"var(--ast-global-color-5)","background-image":"","background-repeat":"repeat","background-position":"center center","background-size":"auto","background-attachment":"scroll","background-type":"","background-media":"","overlay-type":"","overlay-color":"","overlay-opacity":"","overlay-gradient":""}},"_joinchat":[]},"astra-portfolio-categories":[22,21],"astra-portfolio-other-categories":[],"astra-portfolio-tags":[],"class_list":["post-4756","astra-portfolio","type-astra-portfolio","status-publish","has-post-thumbnail","hentry","astra-portfolio-categories-doors","astra-portfolio-categories-windows"],"astra-site-call-to-action":"","astra-site-open-in-new-tab":0,"astra-site-open-portfolio-in":"same-tab","astra-site-url":"","thumbnail-image-url":null,"thumbnail-image-meta":{"alt":"","title":""},"lightbox-image-url":null,"portfolio-type":"page","portfolio-video-url":"","request_time":0.36742401123046875,"_links":{"self":[{"href":"https:\/\/www.ventanasverdun.com\/en\/wp-json\/wp\/v2\/astra-portfolio\/4756","targetHints":{"allow":["GET"]}}],"collection":[{"href":"https:\/\/www.ventanasverdun.com\/en\/wp-json\/wp\/v2\/astra-portfolio"}],"about":[{"href":"https:\/\/www.ventanasverdun.com\/en\/wp-json\/wp\/v2\/types\/astra-portfolio"}],"version-history":[{"count":5,"href":"https:\/\/www.ventanasverdun.com\/en\/wp-json\/wp\/v2\/astra-portfolio\/4756\/revisions"}],"predecessor-version":[{"id":4761,"href":"https:\/\/www.ventanasverdun.com\/en\/wp-json\/wp\/v2\/astra-portfolio\/4756\/revisions\/4761"}],"wp:featuredmedia":[{"embeddable":true,"href":"https:\/\/www.ventanasverdun.com\/en\/wp-json\/wp\/v2\/media\/4750"}],"wp:attachment":[{"href":"https:\/\/www.ventanasverdun.com\/en\/wp-json\/wp\/v2\/media?parent=4756"}],"wp:term":[{"taxonomy":"astra-portfolio-categories","embeddable":true,"href":"https:\/\/www.ventanasverdun.com\/en\/wp-json\/wp\/v2\/astra-portfolio-categories?post=4756"},{"taxonomy":"astra-portfolio-other-categories","embeddable":true,"href":"https:\/\/www.ventanasverdun.com\/en\/wp-json\/wp\/v2\/astra-portfolio-other-categories?post=4756"},{"taxonomy":"astra-portfolio-tags","embeddable":true,"href":"https:\/\/www.ventanasverdun.com\/en\/wp-json\/wp\/v2\/astra-portfolio-tags?post=4756"}],"curies":[{"name":"wp","href":"https:\/\/api.w.org\/{rel}","templated":true}]}}