{"id":4808,"date":"2024-11-22T13:30:48","date_gmt":"2024-11-22T12:30:48","guid":{"rendered":"https:\/\/www.ventanasverdun.com\/trabajos-pvc\/ventanas-de-pvc-para-eficiencia-energetica\/"},"modified":"2024-11-22T13:34:49","modified_gmt":"2024-11-22T12:34:49","slug":"pvc-windows-for-energy-efficiency","status":"publish","type":"astra-portfolio","link":"https:\/\/www.ventanasverdun.com\/en\/pvc-works\/pvc-windows-for-energy-efficiency\/","title":{"rendered":"PVC windows for energy efficiency"},"content":{"rendered":"\t\t<div data-elementor-type=\"wp-post\" data-elementor-id=\"4808\" class=\"elementor elementor-4808 elementor-4787\">\n\t\t\t\t\t\t<section class=\"elementor-section elementor-top-section elementor-element elementor-element-57948b5 elementor-section-boxed elementor-section-height-default elementor-section-height-default\" data-id=\"57948b5\" data-element_type=\"section\" data-e-type=\"section\" data-settings=\"{&quot;background_background&quot;:&quot;classic&quot;}\">\n\t\t\t\t\t\t\t<div class=\"elementor-background-overlay\"><\/div>\n\t\t\t\t\t\t\t<div class=\"elementor-container elementor-column-gap-default\">\n\t\t\t\t\t<div class=\"elementor-column elementor-col-100 elementor-top-column elementor-element elementor-element-2201a4f\" data-id=\"2201a4f\" data-element_type=\"column\" data-e-type=\"column\">\n\t\t\t<div class=\"elementor-widget-wrap elementor-element-populated\">\n\t\t\t\t\t\t<section class=\"elementor-section elementor-inner-section elementor-element elementor-element-d196294 elementor-section-boxed elementor-section-height-default elementor-section-height-default\" data-id=\"d196294\" data-element_type=\"section\" data-e-type=\"section\">\n\t\t\t\t\t\t<div class=\"elementor-container elementor-column-gap-default\">\n\t\t\t\t\t<div class=\"elementor-column elementor-col-66 elementor-inner-column elementor-element elementor-element-04dc11e\" data-id=\"04dc11e\" data-element_type=\"column\" data-e-type=\"column\">\n\t\t\t<div class=\"elementor-widget-wrap elementor-element-populated\">\n\t\t\t\t\t\t<div class=\"elementor-element elementor-element-5fc7c91 elementor-widget elementor-widget-heading\" data-id=\"5fc7c91\" data-element_type=\"widget\" data-e-type=\"widget\" data-widget_type=\"heading.default\">\n\t\t\t\t<div class=\"elementor-widget-container\">\n\t\t\t\t\t<h1 class=\"elementor-heading-title elementor-size-default\">PVC windows for energy efficiency.<\/h1>\t\t\t\t<\/div>\n\t\t\t\t<\/div>\n\t\t\t\t\t<\/div>\n\t\t<\/div>\n\t\t\t\t<div class=\"elementor-column elementor-col-33 elementor-inner-column elementor-element elementor-element-155f6a9\" data-id=\"155f6a9\" data-element_type=\"column\" data-e-type=\"column\">\n\t\t\t<div class=\"elementor-widget-wrap\">\n\t\t\t\t\t\t\t<\/div>\n\t\t<\/div>\n\t\t\t\t\t<\/div>\n\t\t<\/section>\n\t\t\t\t<section class=\"elementor-section elementor-inner-section elementor-element elementor-element-e6881f5 elementor-section-boxed elementor-section-height-default elementor-section-height-default\" data-id=\"e6881f5\" data-element_type=\"section\" data-e-type=\"section\">\n\t\t\t\t\t\t<div class=\"elementor-container elementor-column-gap-default\">\n\t\t\t\t\t<div class=\"elementor-column elementor-col-66 elementor-inner-column elementor-element elementor-element-ee478c3\" data-id=\"ee478c3\" data-element_type=\"column\" data-e-type=\"column\">\n\t\t\t<div class=\"elementor-widget-wrap\">\n\t\t\t\t\t\t\t<\/div>\n\t\t<\/div>\n\t\t\t\t<div class=\"elementor-column elementor-col-33 elementor-inner-column elementor-element elementor-element-651c30d\" data-id=\"651c30d\" data-element_type=\"column\" data-e-type=\"column\" data-settings=\"{&quot;background_background&quot;:&quot;classic&quot;}\">\n\t\t\t<div class=\"elementor-widget-wrap elementor-element-populated\">\n\t\t\t\t\t\t<div class=\"elementor-element elementor-element-4fea4d8 elementor-widget elementor-widget-heading\" data-id=\"4fea4d8\" data-element_type=\"widget\" data-e-type=\"widget\" data-widget_type=\"heading.default\">\n\t\t\t\t<div class=\"elementor-widget-container\">\n\t\t\t\t\t<h5 class=\"elementor-heading-title elementor-size-default\">Contact<\/h5>\t\t\t\t<\/div>\n\t\t\t\t<\/div>\n\t\t\t\t<div class=\"elementor-element elementor-element-32e1fc3 elementor-widget elementor-widget-heading\" data-id=\"32e1fc3\" data-element_type=\"widget\" data-e-type=\"widget\" data-widget_type=\"heading.default\">\n\t\t\t\t<div class=\"elementor-widget-container\">\n\t\t\t\t\t<h3 class=\"elementor-heading-title elementor-size-default\"><a href=\"tel:965676070\">965 676 070<\/a><\/h3>\t\t\t\t<\/div>\n\t\t\t\t<\/div>\n\t\t\t\t\t<\/div>\n\t\t<\/div>\n\t\t\t\t\t<\/div>\n\t\t<\/section>\n\t\t\t\t\t<\/div>\n\t\t<\/div>\n\t\t\t\t\t<\/div>\n\t\t<\/section>\n\t\t\t\t<section class=\"elementor-section elementor-top-section elementor-element elementor-element-93e0ad0 elementor-section-boxed elementor-section-height-default elementor-section-height-default\" data-id=\"93e0ad0\" data-element_type=\"section\" data-e-type=\"section\">\n\t\t\t\t\t\t<div class=\"elementor-container elementor-column-gap-default\">\n\t\t\t\t\t<div class=\"elementor-column elementor-col-100 elementor-top-column elementor-element elementor-element-8c829a6\" data-id=\"8c829a6\" data-element_type=\"column\" data-e-type=\"column\">\n\t\t\t<div class=\"elementor-widget-wrap elementor-element-populated\">\n\t\t\t\t\t\t<div class=\"elementor-element elementor-element-5871f91 gallery-spacing-custom elementor-widget elementor-widget-image-gallery\" data-id=\"5871f91\" data-element_type=\"widget\" data-e-type=\"widget\" data-widget_type=\"image-gallery.default\">\n\t\t\t\t<div class=\"elementor-widget-container\">\n\t\t\t\t\t\t\t<div class=\"elementor-image-gallery\">\n\t\t\t<div id='gallery-1' class='gallery galleryid-4808 gallery-columns-3 gallery-size-full'><figure class='gallery-item'>\n\t\t\t<div class='gallery-icon portrait'>\n\t\t\t\t<a data-elementor-open-lightbox=\"yes\" data-elementor-lightbox-slideshow=\"5871f91\" data-elementor-lightbox-title=\"IMG-20241121-WA0051\" data-e-action-hash=\"#elementor-action%3Aaction%3Dlightbox%26settings%3DeyJpZCI6NDgwMSwidXJsIjoiaHR0cHM6XC9cL3d3dy52ZW50YW5hc3ZlcmR1bi5jb21cL3dwLWNvbnRlbnRcL3VwbG9hZHNcLzIwMjRcLzExXC9JTUctMjAyNDExMjEtV0EwMDUxLmpwZyIsInNsaWRlc2hvdyI6IjU4NzFmOTEifQ%3D%3D\" href='https:\/\/www.ventanasverdun.com\/wp-content\/uploads\/2024\/11\/IMG-20241121-WA0051.jpg'><img fetchpriority=\"high\" decoding=\"async\" width=\"1201\" height=\"1600\" src=\"https:\/\/www.ventanasverdun.com\/wp-content\/uploads\/2024\/11\/IMG-20241121-WA0051.jpg\" class=\"attachment-full size-full\" alt=\"Ventanas de PVC blancas instaladas en vivienda para m\u00e1xima eficiencia energ\u00e9tica, carpinter\u00eda moderna en Madrid\" srcset=\"https:\/\/www.ventanasverdun.com\/wp-content\/uploads\/2024\/11\/IMG-20241121-WA0051.jpg 1201w, https:\/\/www.ventanasverdun.com\/wp-content\/uploads\/2024\/11\/IMG-20241121-WA0051-225x300.jpg 225w, https:\/\/www.ventanasverdun.com\/wp-content\/uploads\/2024\/11\/IMG-20241121-WA0051-769x1024.jpg 769w, https:\/\/www.ventanasverdun.com\/wp-content\/uploads\/2024\/11\/IMG-20241121-WA0051-768x1023.jpg 768w, https:\/\/www.ventanasverdun.com\/wp-content\/uploads\/2024\/11\/IMG-20241121-WA0051-1153x1536.jpg 1153w\" sizes=\"(max-width: 1201px) 100vw, 1201px\" \/><\/a>\n\t\t\t<\/div><\/figure><figure class='gallery-item'>\n\t\t\t<div class='gallery-icon portrait'>\n\t\t\t\t<a data-elementor-open-lightbox=\"yes\" data-elementor-lightbox-slideshow=\"5871f91\" data-elementor-lightbox-title=\"IMG-20241121-WA0050\" data-e-action-hash=\"#elementor-action%3Aaction%3Dlightbox%26settings%3DeyJpZCI6NDc5OSwidXJsIjoiaHR0cHM6XC9cL3d3dy52ZW50YW5hc3ZlcmR1bi5jb21cL3dwLWNvbnRlbnRcL3VwbG9hZHNcLzIwMjRcLzExXC9JTUctMjAyNDExMjEtV0EwMDUwLmpwZyIsInNsaWRlc2hvdyI6IjU4NzFmOTEifQ%3D%3D\" href='https:\/\/www.ventanasverdun.com\/wp-content\/uploads\/2024\/11\/IMG-20241121-WA0050.jpg'><img decoding=\"async\" width=\"1201\" height=\"1600\" src=\"https:\/\/www.ventanasverdun.com\/wp-content\/uploads\/2024\/11\/IMG-20241121-WA0050.jpg\" class=\"attachment-full size-full\" alt=\"Ventanas de PVC blancas con dise\u00f1o moderno en vivienda, aislamiento t\u00e9rmico y eficiencia energ\u00e9tica en Madrid\" srcset=\"https:\/\/www.ventanasverdun.com\/wp-content\/uploads\/2024\/11\/IMG-20241121-WA0050.jpg 1201w, https:\/\/www.ventanasverdun.com\/wp-content\/uploads\/2024\/11\/IMG-20241121-WA0050-225x300.jpg 225w, https:\/\/www.ventanasverdun.com\/wp-content\/uploads\/2024\/11\/IMG-20241121-WA0050-769x1024.jpg 769w, https:\/\/www.ventanasverdun.com\/wp-content\/uploads\/2024\/11\/IMG-20241121-WA0050-768x1023.jpg 768w, https:\/\/www.ventanasverdun.com\/wp-content\/uploads\/2024\/11\/IMG-20241121-WA0050-1153x1536.jpg 1153w\" sizes=\"(max-width: 1201px) 100vw, 1201px\" \/><\/a>\n\t\t\t<\/div><\/figure><figure class='gallery-item'>\n\t\t\t<div class='gallery-icon portrait'>\n\t\t\t\t<a data-elementor-open-lightbox=\"yes\" data-elementor-lightbox-slideshow=\"5871f91\" data-elementor-lightbox-title=\"IMG-20241121-WA0048\" data-e-action-hash=\"#elementor-action%3Aaction%3Dlightbox%26settings%3DeyJpZCI6NDc5NSwidXJsIjoiaHR0cHM6XC9cL3d3dy52ZW50YW5hc3ZlcmR1bi5jb21cL3dwLWNvbnRlbnRcL3VwbG9hZHNcLzIwMjRcLzExXC9JTUctMjAyNDExMjEtV0EwMDQ4LmpwZyIsInNsaWRlc2hvdyI6IjU4NzFmOTEifQ%3D%3D\" href='https:\/\/www.ventanasverdun.com\/wp-content\/uploads\/2024\/11\/IMG-20241121-WA0048.jpg'><img decoding=\"async\" width=\"1200\" height=\"1600\" src=\"https:\/\/www.ventanasverdun.com\/wp-content\/uploads\/2024\/11\/IMG-20241121-WA0048.jpg\" class=\"attachment-full size-full\" alt=\"Ventana de PVC blanca con apertura abatible y vidrio transparente instalada en vivienda, carpinter\u00eda moderna en Madrid\" srcset=\"https:\/\/www.ventanasverdun.com\/wp-content\/uploads\/2024\/11\/IMG-20241121-WA0048.jpg 1200w, https:\/\/www.ventanasverdun.com\/wp-content\/uploads\/2024\/11\/IMG-20241121-WA0048-225x300.jpg 225w, https:\/\/www.ventanasverdun.com\/wp-content\/uploads\/2024\/11\/IMG-20241121-WA0048-768x1024.jpg 768w, https:\/\/www.ventanasverdun.com\/wp-content\/uploads\/2024\/11\/IMG-20241121-WA0048-1152x1536.jpg 1152w\" sizes=\"(max-width: 1200px) 100vw, 1200px\" \/><\/a>\n\t\t\t<\/div><\/figure><figure class='gallery-item'>\n\t\t\t<div class='gallery-icon portrait'>\n\t\t\t\t<a data-elementor-open-lightbox=\"yes\" data-elementor-lightbox-slideshow=\"5871f91\" data-elementor-lightbox-title=\"IMG-20241121-WA0046\" data-e-action-hash=\"#elementor-action%3Aaction%3Dlightbox%26settings%3DeyJpZCI6NDc5MywidXJsIjoiaHR0cHM6XC9cL3d3dy52ZW50YW5hc3ZlcmR1bi5jb21cL3dwLWNvbnRlbnRcL3VwbG9hZHNcLzIwMjRcLzExXC9JTUctMjAyNDExMjEtV0EwMDQ2LmpwZyIsInNsaWRlc2hvdyI6IjU4NzFmOTEifQ%3D%3D\" href='https:\/\/www.ventanasverdun.com\/wp-content\/uploads\/2024\/11\/IMG-20241121-WA0046.jpg'><img loading=\"lazy\" decoding=\"async\" width=\"1200\" height=\"1600\" src=\"https:\/\/www.ventanasverdun.com\/wp-content\/uploads\/2024\/11\/IMG-20241121-WA0046.jpg\" class=\"attachment-full size-full\" alt=\"Ventana de PVC blanca abierta con vistas a edificio exterior, sistema de ventilaci\u00f3n natural y carpinter\u00eda de calidad en Madrid\" srcset=\"https:\/\/www.ventanasverdun.com\/wp-content\/uploads\/2024\/11\/IMG-20241121-WA0046.jpg 1200w, https:\/\/www.ventanasverdun.com\/wp-content\/uploads\/2024\/11\/IMG-20241121-WA0046-225x300.jpg 225w, https:\/\/www.ventanasverdun.com\/wp-content\/uploads\/2024\/11\/IMG-20241121-WA0046-768x1024.jpg 768w, https:\/\/www.ventanasverdun.com\/wp-content\/uploads\/2024\/11\/IMG-20241121-WA0046-1152x1536.jpg 1152w\" sizes=\"(max-width: 1200px) 100vw, 1200px\" \/><\/a>\n\t\t\t<\/div><\/figure><figure class='gallery-item'>\n\t\t\t<div class='gallery-icon portrait'>\n\t\t\t\t<a data-elementor-open-lightbox=\"yes\" data-elementor-lightbox-slideshow=\"5871f91\" data-elementor-lightbox-title=\"IMG-20241121-WA0045\" data-e-action-hash=\"#elementor-action%3Aaction%3Dlightbox%26settings%3DeyJpZCI6NDc5MSwidXJsIjoiaHR0cHM6XC9cL3d3dy52ZW50YW5hc3ZlcmR1bi5jb21cL3dwLWNvbnRlbnRcL3VwbG9hZHNcLzIwMjRcLzExXC9JTUctMjAyNDExMjEtV0EwMDQ1LmpwZyIsInNsaWRlc2hvdyI6IjU4NzFmOTEifQ%3D%3D\" href='https:\/\/www.ventanasverdun.com\/wp-content\/uploads\/2024\/11\/IMG-20241121-WA0045.jpg'><img loading=\"lazy\" decoding=\"async\" width=\"1200\" height=\"1600\" src=\"https:\/\/www.ventanasverdun.com\/wp-content\/uploads\/2024\/11\/IMG-20241121-WA0045.jpg\" class=\"attachment-full size-full\" alt=\"Ventanas de PVC blancas instaladas en vivienda con persianas enrollables, acabado moderno y eficiencia t\u00e9rmica en Madrid\" srcset=\"https:\/\/www.ventanasverdun.com\/wp-content\/uploads\/2024\/11\/IMG-20241121-WA0045.jpg 1200w, https:\/\/www.ventanasverdun.com\/wp-content\/uploads\/2024\/11\/IMG-20241121-WA0045-225x300.jpg 225w, https:\/\/www.ventanasverdun.com\/wp-content\/uploads\/2024\/11\/IMG-20241121-WA0045-768x1024.jpg 768w, https:\/\/www.ventanasverdun.com\/wp-content\/uploads\/2024\/11\/IMG-20241121-WA0045-1152x1536.jpg 1152w\" sizes=\"(max-width: 1200px) 100vw, 1200px\" \/><\/a>\n\t\t\t<\/div><\/figure><figure class='gallery-item'>\n\t\t\t<div class='gallery-icon portrait'>\n\t\t\t\t<a data-elementor-open-lightbox=\"yes\" data-elementor-lightbox-slideshow=\"5871f91\" data-elementor-lightbox-title=\"Imagen de WhatsApp 2024-11-21 a las 17.04.26_4f3395a1\" data-e-action-hash=\"#elementor-action%3Aaction%3Dlightbox%26settings%3DeyJpZCI6NDc4OSwidXJsIjoiaHR0cHM6XC9cL3d3dy52ZW50YW5hc3ZlcmR1bi5jb21cL3dwLWNvbnRlbnRcL3VwbG9hZHNcLzIwMjRcLzExXC9JbWFnZW4tZGUtV2hhdHNBcHAtMjAyNC0xMS0yMS1hLWxhcy0xNy4wNC4yNl80ZjMzOTVhMS5qcGciLCJzbGlkZXNob3ciOiI1ODcxZjkxIn0%3D\" href='https:\/\/www.ventanasverdun.com\/wp-content\/uploads\/2024\/11\/Imagen-de-WhatsApp-2024-11-21-a-las-17.04.26_4f3395a1.jpg'><img loading=\"lazy\" decoding=\"async\" width=\"1200\" height=\"1600\" src=\"https:\/\/www.ventanasverdun.com\/wp-content\/uploads\/2024\/11\/Imagen-de-WhatsApp-2024-11-21-a-las-17.04.26_4f3395a1.jpg\" class=\"attachment-full size-full\" alt=\"Ventanas de PVC blancas con persiana enrollable integrada en vivienda, carpinter\u00eda moderna de alta eficiencia en Madrid\" srcset=\"https:\/\/www.ventanasverdun.com\/wp-content\/uploads\/2024\/11\/Imagen-de-WhatsApp-2024-11-21-a-las-17.04.26_4f3395a1.jpg 1200w, https:\/\/www.ventanasverdun.com\/wp-content\/uploads\/2024\/11\/Imagen-de-WhatsApp-2024-11-21-a-las-17.04.26_4f3395a1-225x300.jpg 225w, https:\/\/www.ventanasverdun.com\/wp-content\/uploads\/2024\/11\/Imagen-de-WhatsApp-2024-11-21-a-las-17.04.26_4f3395a1-768x1024.jpg 768w, https:\/\/www.ventanasverdun.com\/wp-content\/uploads\/2024\/11\/Imagen-de-WhatsApp-2024-11-21-a-las-17.04.26_4f3395a1-1152x1536.jpg 1152w\" sizes=\"(max-width: 1200px) 100vw, 1200px\" \/><\/a>\n\t\t\t<\/div><\/figure>\n\t\t<\/div>\n\t\t<\/div>\n\t\t\t\t\t\t<\/div>\n\t\t\t\t<\/div>\n\t\t\t\t<div class=\"elementor-element elementor-element-5f264c1 elementor-widget elementor-widget-heading\" data-id=\"5f264c1\" data-element_type=\"widget\" data-e-type=\"widget\" data-widget_type=\"heading.default\">\n\t\t\t\t<div class=\"elementor-widget-container\">\n\t\t\t\t\t<h2 class=\"elementor-heading-title elementor-size-default\">Other works<\/h2>\t\t\t\t<\/div>\n\t\t\t\t<\/div>\n\t\t\t\t\t<\/div>\n\t\t<\/div>\n\t\t\t\t\t<\/div>\n\t\t<\/section>\n\t\t\t\t<section class=\"elementor-section elementor-top-section elementor-element elementor-element-5681f0c elementor-section-boxed elementor-section-height-default elementor-section-height-default\" data-id=\"5681f0c\" data-element_type=\"section\" data-e-type=\"section\">\n\t\t\t\t\t\t<div class=\"elementor-container elementor-column-gap-default\">\n\t\t\t\t\t<div class=\"elementor-column elementor-col-100 elementor-top-column elementor-element elementor-element-27b0fab\" data-id=\"27b0fab\" data-element_type=\"column\" data-e-type=\"column\">\n\t\t\t<div class=\"elementor-widget-wrap elementor-element-populated\">\n\t\t\t\t\t\t<div class=\"elementor-element elementor-element-4c059b3 uael-post__link-complete-yes uael-equal__height-yes uael-posts-thumbnail-ratio elementor-widget elementor-widget-uael-posts\" data-id=\"4c059b3\" data-element_type=\"widget\" data-e-type=\"widget\" data-settings=\"{&quot;classic_slides_to_show&quot;:3,&quot;classic_slides_to_show_tablet&quot;:2,&quot;classic_slides_to_show_mobile&quot;:1}\" data-widget_type=\"uael-posts.classic\">\n\t\t\t\t<div class=\"elementor-widget-container\">\n\t\t\t\t\t\t\t<div class=\"uael-post__header\">\n\t\t\t\t\t<\/div>\n\t\t<div class=\"uael-post__body\">\n\t\t\t\n\t\t\n\t\t<div class=\"uael-blog-terms-position-above_content uael-post-image-top uael-post-grid uael-posts\" data-query-type=\"custom\" data-structure=\"normal\" data-layout=\"\" data-page=\"4808\" data-skin=\"classic\" data-filter-default=\"\" data-offset-top=\"30\" >\n\n\t\t\t\t\t\t\t<div class=\"uael-post-grid__inner uael-post__columns-3 uael-post__columns-tablet-2 uael-post__columns-mobile-1\">\n\t\t\t\n<div class=\"uael-post-wrapper   \">\n\t<div class=\"uael-post__bg-wrap uael-bg-wrap-disabled \">\n\n\t\t\t\t\t<a href=\"https:\/\/www.ventanasverdun.com\/en\/pvc-works\/pvc-carpentry-alternating-white\/\" target=\"_self\" class=\"uael-post__complete-box-overlay\" aria-label=\"Link Complete Box\"><\/a>\n\t\t\t\t\n\t\t<div class=\"uael-post__inner-wrap uael-inner-wrap-disabled\">\n\n\t\t\t\t<div class=\"uael-post__thumbnail\">\n\t\t\t\n\t\t\t<a href=\"https:\/\/www.ventanasverdun.com\/en\/pvc-works\/pvc-carpentry-alternating-white\/\" target=\"_self\" title=\"PVC carpentry alternating White\"><img loading=\"lazy\" decoding=\"async\" width=\"1536\" height=\"2048\" src=\"https:\/\/www.ventanasverdun.com\/wp-content\/uploads\/2025\/08\/Carpinteria-de-PVC-alternando-blanco-10.jpg\" class=\"attachment-full size-full wp-image-5274\" alt=\"Carpinteria de PVC alternando blanco\" srcset=\"https:\/\/www.ventanasverdun.com\/wp-content\/uploads\/2025\/08\/Carpinteria-de-PVC-alternando-blanco-10.jpg 1536w, https:\/\/www.ventanasverdun.com\/wp-content\/uploads\/2025\/08\/Carpinteria-de-PVC-alternando-blanco-10-225x300.jpg 225w, https:\/\/www.ventanasverdun.com\/wp-content\/uploads\/2025\/08\/Carpinteria-de-PVC-alternando-blanco-10-768x1024.jpg 768w, https:\/\/www.ventanasverdun.com\/wp-content\/uploads\/2025\/08\/Carpinteria-de-PVC-alternando-blanco-10-1152x1536.jpg 1152w\" sizes=\"(max-width: 1536px) 100vw, 1536px\" \/><\/a>\n\t\t\t\t\t<\/div>\n\t\t\n\t\t\t\n\t\t\t<div class=\"uael-post__content-wrap uael-content-wrap-disabled\">\n\t\t\t\t\t\t\t<div class=\"uael-post__terms-wrap\"><span class=\"uael-post__terms\"><span class=\"uael-listing__terms-link\">Doors<\/span><\/span><\/div>\n\t\t\t\t\t\t<h3 class=\"uael-post__title\">\n\n\t\t\n\t\t\t\t\t\t<a href=\"https:\/\/www.ventanasverdun.com\/en\/pvc-works\/pvc-carpentry-alternating-white\/\" target=\"_self\">\n\t\t\t\tPVC carpentry alternating White\t\t\t<\/a>\n\n\t\t\t\t<\/h3>\n\t\t\t\t\t<\/div>\n\t\t\t\n\t\t<\/div>\n\t\t\n\t<\/div>\n\n<\/div>\n\n<div class=\"uael-post-wrapper   \">\n\t<div class=\"uael-post__bg-wrap uael-bg-wrap-disabled \">\n\n\t\t\t\t\t<a href=\"https:\/\/www.ventanasverdun.com\/en\/pvc-works\/exterior-gold-lacquered-pvc-windows\/\" target=\"_self\" class=\"uael-post__complete-box-overlay\" aria-label=\"Link Complete Box\"><\/a>\n\t\t\t\t\n\t\t<div class=\"uael-post__inner-wrap uael-inner-wrap-disabled\">\n\n\t\t\t\t<div class=\"uael-post__thumbnail\">\n\t\t\t\n\t\t\t<a href=\"https:\/\/www.ventanasverdun.com\/en\/pvc-works\/exterior-gold-lacquered-pvc-windows\/\" target=\"_self\" title=\"Exterior gold lacquered pvc windows\"><img loading=\"lazy\" decoding=\"async\" width=\"721\" height=\"1600\" src=\"https:\/\/www.ventanasverdun.com\/wp-content\/uploads\/2023\/06\/Ventanas-pvc-lacada-oro-exterior-e1686227151113.jpg\" class=\"attachment-full size-full wp-image-3564\" alt=\"Ventanas pvc lacada oro exterior\" \/><\/a>\n\t\t\t\t\t<\/div>\n\t\t\n\t\t\t\n\t\t\t<div class=\"uael-post__content-wrap uael-content-wrap-disabled\">\n\t\t\t\t\t\t\t<div class=\"uael-post__terms-wrap\"><span class=\"uael-post__terms\"><span class=\"uael-listing__terms-link\">Windows<\/span><\/span><\/div>\n\t\t\t\t\t\t<h3 class=\"uael-post__title\">\n\n\t\t\n\t\t\t\t\t\t<a href=\"https:\/\/www.ventanasverdun.com\/en\/pvc-works\/exterior-gold-lacquered-pvc-windows\/\" target=\"_self\">\n\t\t\t\tExterior gold lacquered pvc windows\t\t\t<\/a>\n\n\t\t\t\t<\/h3>\n\t\t\t\t\t<\/div>\n\t\t\t\n\t\t<\/div>\n\t\t\n\t<\/div>\n\n<\/div>\n\n<div class=\"uael-post-wrapper   \">\n\t<div class=\"uael-post__bg-wrap uael-bg-wrap-disabled \">\n\n\t\t\t\t\t<a href=\"https:\/\/www.ventanasverdun.com\/en\/pvc-works\/practicable-access-door-to-the-terrace-with-motorized-blind-and-fixed-window\/\" target=\"_self\" class=\"uael-post__complete-box-overlay\" aria-label=\"Link Complete Box\"><\/a>\n\t\t\t\t\n\t\t<div class=\"uael-post__inner-wrap uael-inner-wrap-disabled\">\n\n\t\t\t\t<div class=\"uael-post__thumbnail\">\n\t\t\t\n\t\t\t<a href=\"https:\/\/www.ventanasverdun.com\/en\/pvc-works\/practicable-access-door-to-the-terrace-with-motorized-blind-and-fixed-window\/\" target=\"_self\" title=\"Practicable access door to the terrace with motorized blind and fixed window\"><img loading=\"lazy\" decoding=\"async\" width=\"1920\" height=\"2560\" src=\"https:\/\/www.ventanasverdun.com\/wp-content\/uploads\/2023\/08\/Puerta-acceso-a-terraza-con-persiana-motorizada-scaled.jpg\" class=\"attachment-full size-full wp-image-3715\" alt=\"Puerta acceso a terraza con persiana motorizada\" srcset=\"https:\/\/www.ventanasverdun.com\/wp-content\/uploads\/2023\/08\/Puerta-acceso-a-terraza-con-persiana-motorizada-scaled.jpg 1920w, https:\/\/www.ventanasverdun.com\/wp-content\/uploads\/2023\/08\/Puerta-acceso-a-terraza-con-persiana-motorizada-225x300.jpg 225w, https:\/\/www.ventanasverdun.com\/wp-content\/uploads\/2023\/08\/Puerta-acceso-a-terraza-con-persiana-motorizada-768x1024.jpg 768w, https:\/\/www.ventanasverdun.com\/wp-content\/uploads\/2023\/08\/Puerta-acceso-a-terraza-con-persiana-motorizada-1152x1536.jpg 1152w, https:\/\/www.ventanasverdun.com\/wp-content\/uploads\/2023\/08\/Puerta-acceso-a-terraza-con-persiana-motorizada-1536x2048.jpg 1536w\" sizes=\"(max-width: 1920px) 100vw, 1920px\" \/><\/a>\n\t\t\t\t\t<\/div>\n\t\t\n\t\t\t\n\t\t\t<div class=\"uael-post__content-wrap uael-content-wrap-disabled\">\n\t\t\t\t\t\t\t<div class=\"uael-post__terms-wrap\"><span class=\"uael-post__terms\"><span class=\"uael-listing__terms-link\">Doors<\/span><\/span><\/div>\n\t\t\t\t\t\t<h3 class=\"uael-post__title\">\n\n\t\t\n\t\t\t\t\t\t<a href=\"https:\/\/www.ventanasverdun.com\/en\/pvc-works\/practicable-access-door-to-the-terrace-with-motorized-blind-and-fixed-window\/\" target=\"_self\">\n\t\t\t\tPracticable access door to the terrace with motorized blind and fixed window\t\t\t<\/a>\n\n\t\t\t\t<\/h3>\n\t\t\t\t\t<\/div>\n\t\t\t\n\t\t<\/div>\n\t\t\n\t<\/div>\n\n<\/div>\n\n<div class=\"uael-post-wrapper   \">\n\t<div class=\"uael-post__bg-wrap uael-bg-wrap-disabled \">\n\n\t\t\t\t\t<a href=\"https:\/\/www.ventanasverdun.com\/en\/pvc-works\/complete-pvc-window-and-door-upgrade\/\" target=\"_self\" class=\"uael-post__complete-box-overlay\" aria-label=\"Link Complete Box\"><\/a>\n\t\t\t\t\n\t\t<div class=\"uael-post__inner-wrap uael-inner-wrap-disabled\">\n\n\t\t\t\t<div class=\"uael-post__thumbnail\">\n\t\t\t\n\t\t\t<a href=\"https:\/\/www.ventanasverdun.com\/en\/pvc-works\/complete-pvc-window-and-door-upgrade\/\" target=\"_self\" title=\"Complete PVC Window and Door Upgrade\"><img loading=\"lazy\" decoding=\"async\" width=\"1200\" height=\"1600\" src=\"https:\/\/www.ventanasverdun.com\/wp-content\/uploads\/2024\/01\/IMG-20240122-WA0012.jpg\" class=\"attachment-full size-full wp-image-4107\" alt=\"Cambio completo de ventanas y puerta de calle incluida\" srcset=\"https:\/\/www.ventanasverdun.com\/wp-content\/uploads\/2024\/01\/IMG-20240122-WA0012.jpg 1200w, https:\/\/www.ventanasverdun.com\/wp-content\/uploads\/2024\/01\/IMG-20240122-WA0012-225x300.jpg 225w, https:\/\/www.ventanasverdun.com\/wp-content\/uploads\/2024\/01\/IMG-20240122-WA0012-768x1024.jpg 768w, https:\/\/www.ventanasverdun.com\/wp-content\/uploads\/2024\/01\/IMG-20240122-WA0012-1152x1536.jpg 1152w\" sizes=\"(max-width: 1200px) 100vw, 1200px\" \/><\/a>\n\t\t\t\t\t<\/div>\n\t\t\n\t\t\t\n\t\t\t<div class=\"uael-post__content-wrap uael-content-wrap-disabled\">\n\t\t\t\t\t\t\t<div class=\"uael-post__terms-wrap\"><span class=\"uael-post__terms\"><span class=\"uael-listing__terms-link\">Doors<\/span><\/span><\/div>\n\t\t\t\t\t\t<h3 class=\"uael-post__title\">\n\n\t\t\n\t\t\t\t\t\t<a href=\"https:\/\/www.ventanasverdun.com\/en\/pvc-works\/complete-pvc-window-and-door-upgrade\/\" target=\"_self\">\n\t\t\t\tComplete PVC Window and Door Upgrade\t\t\t<\/a>\n\n\t\t\t\t<\/h3>\n\t\t\t\t\t<\/div>\n\t\t\t\n\t\t<\/div>\n\t\t\n\t<\/div>\n\n<\/div>\n\n<div class=\"uael-post-wrapper   \">\n\t<div class=\"uael-post__bg-wrap uael-bg-wrap-disabled \">\n\n\t\t\t\t\t<a href=\"https:\/\/www.ventanasverdun.com\/en\/pvc-works\/complete-apartment-in-villajoyosa\/\" target=\"_self\" class=\"uael-post__complete-box-overlay\" aria-label=\"Link Complete Box\"><\/a>\n\t\t\t\t\n\t\t<div class=\"uael-post__inner-wrap uael-inner-wrap-disabled\">\n\n\t\t\t\t<div class=\"uael-post__thumbnail\">\n\t\t\t\n\t\t\t<a href=\"https:\/\/www.ventanasverdun.com\/en\/pvc-works\/complete-apartment-in-villajoyosa\/\" target=\"_self\" title=\"Complete apartment in Villajoyosa\"><img loading=\"lazy\" decoding=\"async\" width=\"1920\" height=\"2560\" src=\"https:\/\/www.ventanasverdun.com\/wp-content\/uploads\/2023\/11\/Piso-completo-en-Villajoyosa-4-scaled.jpg\" class=\"attachment-full size-full wp-image-3935\" alt=\"\" srcset=\"https:\/\/www.ventanasverdun.com\/wp-content\/uploads\/2023\/11\/Piso-completo-en-Villajoyosa-4-scaled.jpg 1920w, https:\/\/www.ventanasverdun.com\/wp-content\/uploads\/2023\/11\/Piso-completo-en-Villajoyosa-4-225x300.jpg 225w, https:\/\/www.ventanasverdun.com\/wp-content\/uploads\/2023\/11\/Piso-completo-en-Villajoyosa-4-768x1024.jpg 768w, https:\/\/www.ventanasverdun.com\/wp-content\/uploads\/2023\/11\/Piso-completo-en-Villajoyosa-4-1152x1536.jpg 1152w, https:\/\/www.ventanasverdun.com\/wp-content\/uploads\/2023\/11\/Piso-completo-en-Villajoyosa-4-1536x2048.jpg 1536w\" sizes=\"(max-width: 1920px) 100vw, 1920px\" \/><\/a>\n\t\t\t\t\t<\/div>\n\t\t\n\t\t\t\n\t\t\t<div class=\"uael-post__content-wrap uael-content-wrap-disabled\">\n\t\t\t\t\t\t\t<div class=\"uael-post__terms-wrap\"><span class=\"uael-post__terms\"><span class=\"uael-listing__terms-link\">Doors<\/span><\/span><\/div>\n\t\t\t\t\t\t<h3 class=\"uael-post__title\">\n\n\t\t\n\t\t\t\t\t\t<a href=\"https:\/\/www.ventanasverdun.com\/en\/pvc-works\/complete-apartment-in-villajoyosa\/\" target=\"_self\">\n\t\t\t\tComplete apartment in Villajoyosa\t\t\t<\/a>\n\n\t\t\t\t<\/h3>\n\t\t\t\t\t<\/div>\n\t\t\t\n\t\t<\/div>\n\t\t\n\t<\/div>\n\n<\/div>\n\n<div class=\"uael-post-wrapper   \">\n\t<div class=\"uael-post__bg-wrap uael-bg-wrap-disabled \">\n\n\t\t\t\t\t<a href=\"https:\/\/www.ventanasverdun.com\/en\/pvc-works\/glass-roof-made-with-pvc-frame\/\" target=\"_self\" class=\"uael-post__complete-box-overlay\" aria-label=\"Link Complete Box\"><\/a>\n\t\t\t\t\n\t\t<div class=\"uael-post__inner-wrap uael-inner-wrap-disabled\">\n\n\t\t\t\t<div class=\"uael-post__thumbnail\">\n\t\t\t\n\t\t\t<a href=\"https:\/\/www.ventanasverdun.com\/en\/pvc-works\/glass-roof-made-with-pvc-frame\/\" target=\"_self\" title=\"Glass roof made with PVC frame\"><img loading=\"lazy\" decoding=\"async\" width=\"1537\" height=\"2048\" src=\"https:\/\/www.ventanasverdun.com\/wp-content\/uploads\/2026\/04\/techo-de-cristal-realizado-con-marco-de-PVC-6.jpeg\" class=\"attachment-full size-full wp-image-5989\" alt=\"techo de cristal realizado con marco de PVC\" srcset=\"https:\/\/www.ventanasverdun.com\/wp-content\/uploads\/2026\/04\/techo-de-cristal-realizado-con-marco-de-PVC-6.jpeg 1537w, https:\/\/www.ventanasverdun.com\/wp-content\/uploads\/2026\/04\/techo-de-cristal-realizado-con-marco-de-PVC-6-225x300.jpeg 225w, https:\/\/www.ventanasverdun.com\/wp-content\/uploads\/2026\/04\/techo-de-cristal-realizado-con-marco-de-PVC-6-769x1024.jpeg 769w, https:\/\/www.ventanasverdun.com\/wp-content\/uploads\/2026\/04\/techo-de-cristal-realizado-con-marco-de-PVC-6-768x1023.jpeg 768w, https:\/\/www.ventanasverdun.com\/wp-content\/uploads\/2026\/04\/techo-de-cristal-realizado-con-marco-de-PVC-6-1153x1536.jpeg 1153w\" sizes=\"(max-width: 1537px) 100vw, 1537px\" \/><\/a>\n\t\t\t\t\t<\/div>\n\t\t\n\t\t\t\n\t\t\t<div class=\"uael-post__content-wrap uael-content-wrap-disabled\">\n\t\t\t\t\t\t\t<div class=\"uael-post__terms-wrap\"><span class=\"uael-post__terms\"><span class=\"uael-listing__terms-link\">Enclosures<\/span><\/span><\/div>\n\t\t\t\t\t\t<h3 class=\"uael-post__title\">\n\n\t\t\n\t\t\t\t\t\t<a href=\"https:\/\/www.ventanasverdun.com\/en\/pvc-works\/glass-roof-made-with-pvc-frame\/\" target=\"_self\">\n\t\t\t\tGlass roof made with PVC frame\t\t\t<\/a>\n\n\t\t\t\t<\/h3>\n\t\t\t\t\t<\/div>\n\t\t\t\n\t\t<\/div>\n\t\t\n\t<\/div>\n\n<\/div>\n\t\t\t\t<\/div>\n\t\t\t\t\t\t\n\t\t<\/div>\n\n\t\t\t\t\t\t<\/div>\n\t\t<div class=\"uael-post__footer\">\n\t\t\t\t\t<\/div>\n\t\t\t\t\t\t<\/div>\n\t\t\t\t<\/div>\n\t\t\t\t\t<\/div>\n\t\t<\/div>\n\t\t\t\t\t<\/div>\n\t\t<\/section>\n\t\t\t\t<\/div>\n\t\t","protected":false},"featured_media":4791,"template":"","meta":{"site-sidebar-layout":"no-sidebar","site-content-layout":"page-builder","ast-site-content-layout":"full-width-container","site-content-style":"unboxed","site-sidebar-style":"unboxed","ast-global-header-display":"","ast-banner-title-visibility":"","ast-main-header-display":"","ast-hfb-above-header-display":"","ast-hfb-below-header-display":"","ast-hfb-mobile-header-display":"","site-post-title":"disabled","ast-breadcrumbs-content":"","ast-featured-img":"disabled","footer-sml-layout":"","ast-disable-related-posts":"","theme-transparent-header-meta":"enabled","adv-header-id-meta":"","stick-header-meta":"enabled","header-above-stick-meta":"","header-main-stick-meta":"on","header-below-stick-meta":"","astra-migrate-meta-layouts":"set","ast-page-background-enabled":"default","ast-page-background-meta":{"desktop":{"background-color":"","background-image":"","background-repeat":"repeat","background-position":"center center","background-size":"auto","background-attachment":"scroll","background-type":"","background-media":"","overlay-type":"","overlay-color":"","overlay-opacity":"","overlay-gradient":""},"tablet":{"background-color":"","background-image":"","background-repeat":"repeat","background-position":"center center","background-size":"auto","background-attachment":"scroll","background-type":"","background-media":"","overlay-type":"","overlay-color":"","overlay-opacity":"","overlay-gradient":""},"mobile":{"background-color":"","background-image":"","background-repeat":"repeat","background-position":"center center","background-size":"auto","background-attachment":"scroll","background-type":"","background-media":"","overlay-type":"","overlay-color":"","overlay-opacity":"","overlay-gradient":""}},"ast-content-background-meta":{"desktop":{"background-color":"var(--ast-global-color-5)","background-image":"","background-repeat":"repeat","background-position":"center center","background-size":"auto","background-attachment":"scroll","background-type":"","background-media":"","overlay-type":"","overlay-color":"","overlay-opacity":"","overlay-gradient":""},"tablet":{"background-color":"var(--ast-global-color-5)","background-image":"","background-repeat":"repeat","background-position":"center center","background-size":"auto","background-attachment":"scroll","background-type":"","background-media":"","overlay-type":"","overlay-color":"","overlay-opacity":"","overlay-gradient":""},"mobile":{"background-color":"var(--ast-global-color-5)","background-image":"","background-repeat":"repeat","background-position":"center center","background-size":"auto","background-attachment":"scroll","background-type":"","background-media":"","overlay-type":"","overlay-color":"","overlay-opacity":"","overlay-gradient":""}},"_joinchat":[]},"astra-portfolio-categories":[21],"astra-portfolio-other-categories":[],"astra-portfolio-tags":[],"class_list":["post-4808","astra-portfolio","type-astra-portfolio","status-publish","has-post-thumbnail","hentry","astra-portfolio-categories-windows"],"astra-site-call-to-action":"","astra-site-open-in-new-tab":0,"astra-site-open-portfolio-in":"same-tab","astra-site-url":"","thumbnail-image-url":null,"thumbnail-image-meta":{"alt":"","title":""},"lightbox-image-url":null,"portfolio-type":"page","portfolio-video-url":"","request_time":0.35415005683898926,"_links":{"self":[{"href":"https:\/\/www.ventanasverdun.com\/en\/wp-json\/wp\/v2\/astra-portfolio\/4808","targetHints":{"allow":["GET"]}}],"collection":[{"href":"https:\/\/www.ventanasverdun.com\/en\/wp-json\/wp\/v2\/astra-portfolio"}],"about":[{"href":"https:\/\/www.ventanasverdun.com\/en\/wp-json\/wp\/v2\/types\/astra-portfolio"}],"version-history":[{"count":6,"href":"https:\/\/www.ventanasverdun.com\/en\/wp-json\/wp\/v2\/astra-portfolio\/4808\/revisions"}],"predecessor-version":[{"id":4815,"href":"https:\/\/www.ventanasverdun.com\/en\/wp-json\/wp\/v2\/astra-portfolio\/4808\/revisions\/4815"}],"wp:featuredmedia":[{"embeddable":true,"href":"https:\/\/www.ventanasverdun.com\/en\/wp-json\/wp\/v2\/media\/4791"}],"wp:attachment":[{"href":"https:\/\/www.ventanasverdun.com\/en\/wp-json\/wp\/v2\/media?parent=4808"}],"wp:term":[{"taxonomy":"astra-portfolio-categories","embeddable":true,"href":"https:\/\/www.ventanasverdun.com\/en\/wp-json\/wp\/v2\/astra-portfolio-categories?post=4808"},{"taxonomy":"astra-portfolio-other-categories","embeddable":true,"href":"https:\/\/www.ventanasverdun.com\/en\/wp-json\/wp\/v2\/astra-portfolio-other-categories?post=4808"},{"taxonomy":"astra-portfolio-tags","embeddable":true,"href":"https:\/\/www.ventanasverdun.com\/en\/wp-json\/wp\/v2\/astra-portfolio-tags?post=4808"}],"curies":[{"name":"wp","href":"https:\/\/api.w.org\/{rel}","templated":true}]}}