{"id":6016,"date":"2026-04-30T17:58:23","date_gmt":"2026-04-30T15:58:23","guid":{"rendered":"https:\/\/www.ventanasverdun.com\/trabajos-pvc\/balconeras-abatibles-de-pvc-de-dos-hojas\/"},"modified":"2026-04-30T18:01:43","modified_gmt":"2026-04-30T16:01:43","slug":"double-pvc-hinged-balcony-doors","status":"publish","type":"astra-portfolio","link":"https:\/\/www.ventanasverdun.com\/en\/pvc-works\/double-pvc-hinged-balcony-doors\/","title":{"rendered":"Double PVC hinged balcony doors"},"content":{"rendered":"\t\t<div data-elementor-type=\"wp-post\" data-elementor-id=\"6016\" class=\"elementor elementor-6016 elementor-6004\">\n\t\t\t\t\t\t<section class=\"elementor-section elementor-top-section elementor-element elementor-element-57948b5 elementor-section-boxed elementor-section-height-default elementor-section-height-default\" data-id=\"57948b5\" data-element_type=\"section\" data-e-type=\"section\" data-settings=\"{&quot;background_background&quot;:&quot;classic&quot;}\">\n\t\t\t\t\t\t\t<div class=\"elementor-background-overlay\"><\/div>\n\t\t\t\t\t\t\t<div class=\"elementor-container elementor-column-gap-default\">\n\t\t\t\t\t<div class=\"elementor-column elementor-col-100 elementor-top-column elementor-element elementor-element-2201a4f\" data-id=\"2201a4f\" data-element_type=\"column\" data-e-type=\"column\">\n\t\t\t<div class=\"elementor-widget-wrap elementor-element-populated\">\n\t\t\t\t\t\t<section class=\"elementor-section elementor-inner-section elementor-element elementor-element-d196294 elementor-section-boxed elementor-section-height-default elementor-section-height-default\" data-id=\"d196294\" data-element_type=\"section\" data-e-type=\"section\">\n\t\t\t\t\t\t<div class=\"elementor-container elementor-column-gap-default\">\n\t\t\t\t\t<div class=\"elementor-column elementor-col-66 elementor-inner-column elementor-element elementor-element-04dc11e\" data-id=\"04dc11e\" data-element_type=\"column\" data-e-type=\"column\">\n\t\t\t<div class=\"elementor-widget-wrap elementor-element-populated\">\n\t\t\t\t\t\t<div class=\"elementor-element elementor-element-5fc7c91 elementor-widget elementor-widget-heading\" data-id=\"5fc7c91\" data-element_type=\"widget\" data-e-type=\"widget\" data-widget_type=\"heading.default\">\n\t\t\t\t<div class=\"elementor-widget-container\">\n\t\t\t\t\t<h1 class=\"elementor-heading-title elementor-size-default\">Double PVC hinged balcony doors<\/h1>\t\t\t\t<\/div>\n\t\t\t\t<\/div>\n\t\t\t\t\t<\/div>\n\t\t<\/div>\n\t\t\t\t<div class=\"elementor-column elementor-col-33 elementor-inner-column elementor-element elementor-element-155f6a9\" data-id=\"155f6a9\" data-element_type=\"column\" data-e-type=\"column\">\n\t\t\t<div class=\"elementor-widget-wrap\">\n\t\t\t\t\t\t\t<\/div>\n\t\t<\/div>\n\t\t\t\t\t<\/div>\n\t\t<\/section>\n\t\t\t\t<section class=\"elementor-section elementor-inner-section elementor-element elementor-element-e6881f5 elementor-section-boxed elementor-section-height-default elementor-section-height-default\" data-id=\"e6881f5\" data-element_type=\"section\" data-e-type=\"section\">\n\t\t\t\t\t\t<div class=\"elementor-container elementor-column-gap-default\">\n\t\t\t\t\t<div class=\"elementor-column elementor-col-66 elementor-inner-column elementor-element elementor-element-ee478c3\" data-id=\"ee478c3\" data-element_type=\"column\" data-e-type=\"column\">\n\t\t\t<div class=\"elementor-widget-wrap\">\n\t\t\t\t\t\t\t<\/div>\n\t\t<\/div>\n\t\t\t\t<div class=\"elementor-column elementor-col-33 elementor-inner-column elementor-element elementor-element-651c30d\" data-id=\"651c30d\" data-element_type=\"column\" data-e-type=\"column\" data-settings=\"{&quot;background_background&quot;:&quot;classic&quot;}\">\n\t\t\t<div class=\"elementor-widget-wrap elementor-element-populated\">\n\t\t\t\t\t\t<div class=\"elementor-element elementor-element-4fea4d8 elementor-widget elementor-widget-heading\" data-id=\"4fea4d8\" data-element_type=\"widget\" data-e-type=\"widget\" data-widget_type=\"heading.default\">\n\t\t\t\t<div class=\"elementor-widget-container\">\n\t\t\t\t\t<h5 class=\"elementor-heading-title elementor-size-default\">Contact<\/h5>\t\t\t\t<\/div>\n\t\t\t\t<\/div>\n\t\t\t\t<div class=\"elementor-element elementor-element-32e1fc3 elementor-widget elementor-widget-heading\" data-id=\"32e1fc3\" data-element_type=\"widget\" data-e-type=\"widget\" data-widget_type=\"heading.default\">\n\t\t\t\t<div class=\"elementor-widget-container\">\n\t\t\t\t\t<h3 class=\"elementor-heading-title elementor-size-default\"><a href=\"tel:965676070\">965 676 070<\/a><\/h3>\t\t\t\t<\/div>\n\t\t\t\t<\/div>\n\t\t\t\t\t<\/div>\n\t\t<\/div>\n\t\t\t\t\t<\/div>\n\t\t<\/section>\n\t\t\t\t\t<\/div>\n\t\t<\/div>\n\t\t\t\t\t<\/div>\n\t\t<\/section>\n\t\t\t\t<section class=\"elementor-section elementor-top-section elementor-element elementor-element-5681f0c elementor-section-boxed elementor-section-height-default elementor-section-height-default\" data-id=\"5681f0c\" data-element_type=\"section\" data-e-type=\"section\">\n\t\t\t\t\t\t<div class=\"elementor-container elementor-column-gap-default\">\n\t\t\t\t\t<div class=\"elementor-column elementor-col-100 elementor-top-column elementor-element elementor-element-27b0fab\" data-id=\"27b0fab\" data-element_type=\"column\" data-e-type=\"column\">\n\t\t\t<div class=\"elementor-widget-wrap elementor-element-populated\">\n\t\t\t\t\t\t<div class=\"elementor-element elementor-element-5871f91 gallery-spacing-custom elementor-widget elementor-widget-image-gallery\" data-id=\"5871f91\" data-element_type=\"widget\" data-e-type=\"widget\" data-widget_type=\"image-gallery.default\">\n\t\t\t\t<div class=\"elementor-widget-container\">\n\t\t\t\t\t\t\t<div class=\"elementor-image-gallery\">\n\t\t\t<div id='gallery-1' class='gallery galleryid-6016 gallery-columns-3 gallery-size-full'><figure class='gallery-item'>\n\t\t\t<div class='gallery-icon portrait'>\n\t\t\t\t<a data-elementor-open-lightbox=\"yes\" data-elementor-lightbox-slideshow=\"5871f91\" data-elementor-lightbox-title=\"Balconeras abatibles de PVC de dos hojas (3)\" data-e-action-hash=\"#elementor-action%3Aaction%3Dlightbox%26settings%3DeyJpZCI6NjAxMCwidXJsIjoiaHR0cHM6XC9cL3d3dy52ZW50YW5hc3ZlcmR1bi5jb21cL3dwLWNvbnRlbnRcL3VwbG9hZHNcLzIwMjZcLzA0XC9CYWxjb25lcmFzLWFiYXRpYmxlcy1kZS1QVkMtZGUtZG9zLWhvamFzLTMuanBlZyIsInNsaWRlc2hvdyI6IjU4NzFmOTEifQ%3D%3D\" href='https:\/\/www.ventanasverdun.com\/wp-content\/uploads\/2026\/04\/Balconeras-abatibles-de-PVC-de-dos-hojas-3.jpeg'><img fetchpriority=\"high\" decoding=\"async\" width=\"1566\" height=\"2048\" src=\"https:\/\/www.ventanasverdun.com\/wp-content\/uploads\/2026\/04\/Balconeras-abatibles-de-PVC-de-dos-hojas-3.jpeg\" class=\"attachment-full size-full\" alt=\"Balconeras abatibles de PVC de dos hojas\" srcset=\"https:\/\/www.ventanasverdun.com\/wp-content\/uploads\/2026\/04\/Balconeras-abatibles-de-PVC-de-dos-hojas-3.jpeg 1566w, https:\/\/www.ventanasverdun.com\/wp-content\/uploads\/2026\/04\/Balconeras-abatibles-de-PVC-de-dos-hojas-3-229x300.jpeg 229w, https:\/\/www.ventanasverdun.com\/wp-content\/uploads\/2026\/04\/Balconeras-abatibles-de-PVC-de-dos-hojas-3-783x1024.jpeg 783w, https:\/\/www.ventanasverdun.com\/wp-content\/uploads\/2026\/04\/Balconeras-abatibles-de-PVC-de-dos-hojas-3-768x1004.jpeg 768w, https:\/\/www.ventanasverdun.com\/wp-content\/uploads\/2026\/04\/Balconeras-abatibles-de-PVC-de-dos-hojas-3-1175x1536.jpeg 1175w\" sizes=\"(max-width: 1566px) 100vw, 1566px\" \/><\/a>\n\t\t\t<\/div><\/figure><figure class='gallery-item'>\n\t\t\t<div class='gallery-icon portrait'>\n\t\t\t\t<a data-elementor-open-lightbox=\"yes\" data-elementor-lightbox-slideshow=\"5871f91\" data-elementor-lightbox-title=\"Balconeras abatibles de PVC de dos hojas (2)\" data-e-action-hash=\"#elementor-action%3Aaction%3Dlightbox%26settings%3DeyJpZCI6NjAwOCwidXJsIjoiaHR0cHM6XC9cL3d3dy52ZW50YW5hc3ZlcmR1bi5jb21cL3dwLWNvbnRlbnRcL3VwbG9hZHNcLzIwMjZcLzA0XC9CYWxjb25lcmFzLWFiYXRpYmxlcy1kZS1QVkMtZGUtZG9zLWhvamFzLTIuanBlZyIsInNsaWRlc2hvdyI6IjU4NzFmOTEifQ%3D%3D\" href='https:\/\/www.ventanasverdun.com\/wp-content\/uploads\/2026\/04\/Balconeras-abatibles-de-PVC-de-dos-hojas-2.jpeg'><img decoding=\"async\" width=\"1524\" height=\"2032\" src=\"https:\/\/www.ventanasverdun.com\/wp-content\/uploads\/2026\/04\/Balconeras-abatibles-de-PVC-de-dos-hojas-2.jpeg\" class=\"attachment-full size-full\" alt=\"Balconeras abatibles de PVC de dos hojas\" srcset=\"https:\/\/www.ventanasverdun.com\/wp-content\/uploads\/2026\/04\/Balconeras-abatibles-de-PVC-de-dos-hojas-2.jpeg 1524w, https:\/\/www.ventanasverdun.com\/wp-content\/uploads\/2026\/04\/Balconeras-abatibles-de-PVC-de-dos-hojas-2-225x300.jpeg 225w, https:\/\/www.ventanasverdun.com\/wp-content\/uploads\/2026\/04\/Balconeras-abatibles-de-PVC-de-dos-hojas-2-768x1024.jpeg 768w, https:\/\/www.ventanasverdun.com\/wp-content\/uploads\/2026\/04\/Balconeras-abatibles-de-PVC-de-dos-hojas-2-1152x1536.jpeg 1152w\" sizes=\"(max-width: 1524px) 100vw, 1524px\" \/><\/a>\n\t\t\t<\/div><\/figure><figure class='gallery-item'>\n\t\t\t<div class='gallery-icon portrait'>\n\t\t\t\t<a data-elementor-open-lightbox=\"yes\" data-elementor-lightbox-slideshow=\"5871f91\" data-elementor-lightbox-title=\"Balconeras abatibles de PVC de dos hojas (1)\" data-e-action-hash=\"#elementor-action%3Aaction%3Dlightbox%26settings%3DeyJpZCI6NjAwNiwidXJsIjoiaHR0cHM6XC9cL3d3dy52ZW50YW5hc3ZlcmR1bi5jb21cL3dwLWNvbnRlbnRcL3VwbG9hZHNcLzIwMjZcLzA0XC9CYWxjb25lcmFzLWFiYXRpYmxlcy1kZS1QVkMtZGUtZG9zLWhvamFzLTEtc2NhbGVkLmpwZWciLCJzbGlkZXNob3ciOiI1ODcxZjkxIn0%3D\" href='https:\/\/www.ventanasverdun.com\/wp-content\/uploads\/2026\/04\/Balconeras-abatibles-de-PVC-de-dos-hojas-1-scaled.jpeg'><img decoding=\"async\" width=\"1920\" height=\"2560\" src=\"https:\/\/www.ventanasverdun.com\/wp-content\/uploads\/2026\/04\/Balconeras-abatibles-de-PVC-de-dos-hojas-1-scaled.jpeg\" class=\"attachment-full size-full\" alt=\"Balconeras abatibles de PVC de dos hojas\" srcset=\"https:\/\/www.ventanasverdun.com\/wp-content\/uploads\/2026\/04\/Balconeras-abatibles-de-PVC-de-dos-hojas-1-scaled.jpeg 1920w, https:\/\/www.ventanasverdun.com\/wp-content\/uploads\/2026\/04\/Balconeras-abatibles-de-PVC-de-dos-hojas-1-225x300.jpeg 225w, https:\/\/www.ventanasverdun.com\/wp-content\/uploads\/2026\/04\/Balconeras-abatibles-de-PVC-de-dos-hojas-1-768x1024.jpeg 768w, https:\/\/www.ventanasverdun.com\/wp-content\/uploads\/2026\/04\/Balconeras-abatibles-de-PVC-de-dos-hojas-1-1152x1536.jpeg 1152w, https:\/\/www.ventanasverdun.com\/wp-content\/uploads\/2026\/04\/Balconeras-abatibles-de-PVC-de-dos-hojas-1-1536x2048.jpeg 1536w\" sizes=\"(max-width: 1920px) 100vw, 1920px\" \/><\/a>\n\t\t\t<\/div><\/figure>\n\t\t<\/div>\n\t\t<\/div>\n\t\t\t\t\t\t<\/div>\n\t\t\t\t<\/div>\n\t\t\t\t<div class=\"elementor-element elementor-element-5f264c1 elementor-widget elementor-widget-heading\" data-id=\"5f264c1\" data-element_type=\"widget\" data-e-type=\"widget\" data-widget_type=\"heading.default\">\n\t\t\t\t<div class=\"elementor-widget-container\">\n\t\t\t\t\t<h2 class=\"elementor-heading-title elementor-size-default\">Other Works<\/h2>\t\t\t\t<\/div>\n\t\t\t\t<\/div>\n\t\t\t\t<div class=\"elementor-element elementor-element-4c059b3 uael-post__link-complete-yes uael-equal__height-yes uael-posts-thumbnail-ratio elementor-widget elementor-widget-uael-posts\" data-id=\"4c059b3\" data-element_type=\"widget\" data-e-type=\"widget\" data-settings=\"{&quot;classic_slides_to_show&quot;:3,&quot;classic_slides_to_show_tablet&quot;:2,&quot;classic_slides_to_show_mobile&quot;:1}\" data-widget_type=\"uael-posts.classic\">\n\t\t\t\t<div class=\"elementor-widget-container\">\n\t\t\t\t\t\t\t<div class=\"uael-post__header\">\n\t\t\t\t\t<\/div>\n\t\t<div class=\"uael-post__body\">\n\t\t\t\n\t\t\n\t\t<div class=\"uael-blog-terms-position-above_content uael-post-image-top uael-post-grid uael-posts\" data-query-type=\"custom\" data-structure=\"normal\" data-layout=\"\" data-page=\"6016\" data-skin=\"classic\" data-filter-default=\"\" data-offset-top=\"30\" >\n\n\t\t\t\t\t\t\t<div class=\"uael-post-grid__inner uael-post__columns-3 uael-post__columns-tablet-2 uael-post__columns-mobile-1\">\n\t\t\t\n<div class=\"uael-post-wrapper   \">\n\t<div class=\"uael-post__bg-wrap uael-bg-wrap-disabled \">\n\n\t\t\t\t\t<a href=\"https:\/\/www.ventanasverdun.com\/en\/pvc-works\/aluminum-carpentry-thermal-bridge-break-in-black\/\" target=\"_self\" class=\"uael-post__complete-box-overlay\" aria-label=\"Link Complete Box\"><\/a>\n\t\t\t\t\n\t\t<div class=\"uael-post__inner-wrap uael-inner-wrap-disabled\">\n\n\t\t\t\t<div class=\"uael-post__thumbnail\">\n\t\t\t\n\t\t\t<a href=\"https:\/\/www.ventanasverdun.com\/en\/pvc-works\/aluminum-carpentry-thermal-bridge-break-in-black\/\" target=\"_self\" title=\"Aluminum carpentry Thermal Bridge Break in black\"><img loading=\"lazy\" decoding=\"async\" width=\"1536\" height=\"2048\" src=\"https:\/\/www.ventanasverdun.com\/wp-content\/uploads\/2025\/03\/Carpinteria-de-aluminio-Rotura-de-Puente-Termico-en-color-negro-5.jpg\" class=\"attachment-full size-full wp-image-4971\" alt=\"Carpinteri\u0301a de aluminio Rotura de Puente Te\u0301rmico en color negro (5)\" srcset=\"https:\/\/www.ventanasverdun.com\/wp-content\/uploads\/2025\/03\/Carpinteria-de-aluminio-Rotura-de-Puente-Termico-en-color-negro-5.jpg 1536w, https:\/\/www.ventanasverdun.com\/wp-content\/uploads\/2025\/03\/Carpinteria-de-aluminio-Rotura-de-Puente-Termico-en-color-negro-5-225x300.jpg 225w, https:\/\/www.ventanasverdun.com\/wp-content\/uploads\/2025\/03\/Carpinteria-de-aluminio-Rotura-de-Puente-Termico-en-color-negro-5-768x1024.jpg 768w, https:\/\/www.ventanasverdun.com\/wp-content\/uploads\/2025\/03\/Carpinteria-de-aluminio-Rotura-de-Puente-Termico-en-color-negro-5-1152x1536.jpg 1152w\" sizes=\"(max-width: 1536px) 100vw, 1536px\" \/><\/a>\n\t\t\t\t\t<\/div>\n\t\t\n\t\t\t\n\t\t\t<div class=\"uael-post__content-wrap uael-content-wrap-disabled\">\n\t\t\t\t\t\t\t<div class=\"uael-post__terms-wrap\"><span class=\"uael-post__terms\"><span class=\"uael-listing__terms-link\">Aluminum<\/span><\/span><\/div>\n\t\t\t\t\t\t<h3 class=\"uael-post__title\">\n\n\t\t\n\t\t\t\t\t\t<a href=\"https:\/\/www.ventanasverdun.com\/en\/pvc-works\/aluminum-carpentry-thermal-bridge-break-in-black\/\" target=\"_self\">\n\t\t\t\tAluminum carpentry Thermal Bridge Break in black\t\t\t<\/a>\n\n\t\t\t\t<\/h3>\n\t\t\t\t\t<\/div>\n\t\t\t\n\t\t<\/div>\n\t\t\n\t<\/div>\n\n<\/div>\n\n<div class=\"uael-post-wrapper   \">\n\t<div class=\"uael-post__bg-wrap uael-bg-wrap-disabled \">\n\n\t\t\t\t\t<a href=\"https:\/\/www.ventanasverdun.com\/en\/pvc-works\/renovation-of-pvc-balcony-with-drawer-work-included\/\" target=\"_self\" class=\"uael-post__complete-box-overlay\" aria-label=\"Link Complete Box\"><\/a>\n\t\t\t\t\n\t\t<div class=\"uael-post__inner-wrap uael-inner-wrap-disabled\">\n\n\t\t\t\t<div class=\"uael-post__thumbnail\">\n\t\t\t\n\t\t\t<a href=\"https:\/\/www.ventanasverdun.com\/en\/pvc-works\/renovation-of-pvc-balcony-with-drawer-work-included\/\" target=\"_self\" title=\"Renovation of PVC balcony with drawer work included\"><img loading=\"lazy\" decoding=\"async\" width=\"1200\" height=\"1600\" src=\"https:\/\/www.ventanasverdun.com\/wp-content\/uploads\/2024\/02\/Renovacion-de-balconera-de-Pvc-con-obra-cajon-incluida-y-ventana-para-bano-en-Pvc.jpg\" class=\"attachment-full size-full wp-image-4185\" alt=\"Renovaci\u00f3n de balconera de Pvc con obra caj\u00f3n incluida, y ventana para ba\u00f1o en Pvc\" srcset=\"https:\/\/www.ventanasverdun.com\/wp-content\/uploads\/2024\/02\/Renovacion-de-balconera-de-Pvc-con-obra-cajon-incluida-y-ventana-para-bano-en-Pvc.jpg 1200w, https:\/\/www.ventanasverdun.com\/wp-content\/uploads\/2024\/02\/Renovacion-de-balconera-de-Pvc-con-obra-cajon-incluida-y-ventana-para-bano-en-Pvc-225x300.jpg 225w, https:\/\/www.ventanasverdun.com\/wp-content\/uploads\/2024\/02\/Renovacion-de-balconera-de-Pvc-con-obra-cajon-incluida-y-ventana-para-bano-en-Pvc-768x1024.jpg 768w, https:\/\/www.ventanasverdun.com\/wp-content\/uploads\/2024\/02\/Renovacion-de-balconera-de-Pvc-con-obra-cajon-incluida-y-ventana-para-bano-en-Pvc-1152x1536.jpg 1152w\" sizes=\"(max-width: 1200px) 100vw, 1200px\" \/><\/a>\n\t\t\t\t\t<\/div>\n\t\t\n\t\t\t\n\t\t\t<div class=\"uael-post__content-wrap uael-content-wrap-disabled\">\n\t\t\t\t\t\t\t<div class=\"uael-post__terms-wrap\"><span class=\"uael-post__terms\"><span class=\"uael-listing__terms-link\">Doors<\/span><\/span><\/div>\n\t\t\t\t\t\t<h3 class=\"uael-post__title\">\n\n\t\t\n\t\t\t\t\t\t<a href=\"https:\/\/www.ventanasverdun.com\/en\/pvc-works\/renovation-of-pvc-balcony-with-drawer-work-included\/\" target=\"_self\">\n\t\t\t\tRenovation of PVC balcony with drawer work included\t\t\t<\/a>\n\n\t\t\t\t<\/h3>\n\t\t\t\t\t<\/div>\n\t\t\t\n\t\t<\/div>\n\t\t\n\t<\/div>\n\n<\/div>\n\n<div class=\"uael-post-wrapper   \">\n\t<div class=\"uael-post__bg-wrap uael-bg-wrap-disabled \">\n\n\t\t\t\t\t<a href=\"https:\/\/www.ventanasverdun.com\/en\/pvc-works\/bungalow-en-san-juan-de-alicante-todo-carpinteria-exterior-en-pvc\/\" target=\"_self\" class=\"uael-post__complete-box-overlay\" aria-label=\"Link Complete Box\"><\/a>\n\t\t\t\t\n\t\t<div class=\"uael-post__inner-wrap uael-inner-wrap-disabled\">\n\n\t\t\t\t<div class=\"uael-post__thumbnail\">\n\t\t\t\n\t\t\t<a href=\"https:\/\/www.ventanasverdun.com\/en\/pvc-works\/bungalow-en-san-juan-de-alicante-todo-carpinteria-exterior-en-pvc\/\" target=\"_self\" title=\"Bungalow in San Juan de Alicante, all exterior carpentry in PVC\"><img loading=\"lazy\" decoding=\"async\" width=\"1536\" height=\"2048\" src=\"https:\/\/www.ventanasverdun.com\/wp-content\/uploads\/2025\/07\/Bungalow-en-San-juan-de-Alicante-todo-carpinteria-exterior-en-PVC-6.jpg\" class=\"attachment-full size-full wp-image-5178\" alt=\"Bungalow en San juan de Alicante, todo carpinter\u00eda exterior en PVC (6)\" srcset=\"https:\/\/www.ventanasverdun.com\/wp-content\/uploads\/2025\/07\/Bungalow-en-San-juan-de-Alicante-todo-carpinteria-exterior-en-PVC-6.jpg 1536w, https:\/\/www.ventanasverdun.com\/wp-content\/uploads\/2025\/07\/Bungalow-en-San-juan-de-Alicante-todo-carpinteria-exterior-en-PVC-6-225x300.jpg 225w, https:\/\/www.ventanasverdun.com\/wp-content\/uploads\/2025\/07\/Bungalow-en-San-juan-de-Alicante-todo-carpinteria-exterior-en-PVC-6-768x1024.jpg 768w, https:\/\/www.ventanasverdun.com\/wp-content\/uploads\/2025\/07\/Bungalow-en-San-juan-de-Alicante-todo-carpinteria-exterior-en-PVC-6-1152x1536.jpg 1152w\" sizes=\"(max-width: 1536px) 100vw, 1536px\" \/><\/a>\n\t\t\t\t\t<\/div>\n\t\t\n\t\t\t\n\t\t\t<div class=\"uael-post__content-wrap uael-content-wrap-disabled\">\n\t\t\t\t\t\t\t<div class=\"uael-post__terms-wrap\"><span class=\"uael-post__terms\"><span class=\"uael-listing__terms-link\">Doors<\/span><\/span><\/div>\n\t\t\t\t\t\t<h3 class=\"uael-post__title\">\n\n\t\t\n\t\t\t\t\t\t<a href=\"https:\/\/www.ventanasverdun.com\/en\/pvc-works\/bungalow-en-san-juan-de-alicante-todo-carpinteria-exterior-en-pvc\/\" target=\"_self\">\n\t\t\t\tBungalow in San Juan de Alicante, all exterior carpentry in PVC\t\t\t<\/a>\n\n\t\t\t\t<\/h3>\n\t\t\t\t\t<\/div>\n\t\t\t\n\t\t<\/div>\n\t\t\n\t<\/div>\n\n<\/div>\n\n<div class=\"uael-post-wrapper   \">\n\t<div class=\"uael-post__bg-wrap uael-bg-wrap-disabled \">\n\n\t\t\t\t\t<a href=\"https:\/\/www.ventanasverdun.com\/en\/pvc-works\/pvc-joinery-lacquered-in-ral-6005-only-on-the-exterior\/\" target=\"_self\" class=\"uael-post__complete-box-overlay\" aria-label=\"Link Complete Box\"><\/a>\n\t\t\t\t\n\t\t<div class=\"uael-post__inner-wrap uael-inner-wrap-disabled\">\n\n\t\t\t\t<div class=\"uael-post__thumbnail\">\n\t\t\t\n\t\t\t<a href=\"https:\/\/www.ventanasverdun.com\/en\/pvc-works\/pvc-joinery-lacquered-in-ral-6005-only-on-the-exterior\/\" target=\"_self\" title=\"PVC joinery lacquered in Ral 6005 only on the exterior\"><img loading=\"lazy\" decoding=\"async\" width=\"1537\" height=\"2048\" src=\"https:\/\/www.ventanasverdun.com\/wp-content\/uploads\/2025\/11\/carpinteria-de-PVC-lacada-en-Ral-6005-solo-por-el-exterior-11.jpeg\" class=\"attachment-full size-full wp-image-5524\" alt=\"carpinter\u00eda de PVC lacada en Ral 6005 s\u00f3lo por el exterior\" srcset=\"https:\/\/www.ventanasverdun.com\/wp-content\/uploads\/2025\/11\/carpinteria-de-PVC-lacada-en-Ral-6005-solo-por-el-exterior-11.jpeg 1537w, https:\/\/www.ventanasverdun.com\/wp-content\/uploads\/2025\/11\/carpinteria-de-PVC-lacada-en-Ral-6005-solo-por-el-exterior-11-225x300.jpeg 225w, https:\/\/www.ventanasverdun.com\/wp-content\/uploads\/2025\/11\/carpinteria-de-PVC-lacada-en-Ral-6005-solo-por-el-exterior-11-769x1024.jpeg 769w, https:\/\/www.ventanasverdun.com\/wp-content\/uploads\/2025\/11\/carpinteria-de-PVC-lacada-en-Ral-6005-solo-por-el-exterior-11-768x1023.jpeg 768w, https:\/\/www.ventanasverdun.com\/wp-content\/uploads\/2025\/11\/carpinteria-de-PVC-lacada-en-Ral-6005-solo-por-el-exterior-11-1153x1536.jpeg 1153w\" sizes=\"(max-width: 1537px) 100vw, 1537px\" \/><\/a>\n\t\t\t\t\t<\/div>\n\t\t\n\t\t\t\n\t\t\t<div class=\"uael-post__content-wrap uael-content-wrap-disabled\">\n\t\t\t\t\t\t\t<div class=\"uael-post__terms-wrap\"><span class=\"uael-post__terms\"><span class=\"uael-listing__terms-link\">Doors<\/span><\/span><\/div>\n\t\t\t\t\t\t<h3 class=\"uael-post__title\">\n\n\t\t\n\t\t\t\t\t\t<a href=\"https:\/\/www.ventanasverdun.com\/en\/pvc-works\/pvc-joinery-lacquered-in-ral-6005-only-on-the-exterior\/\" target=\"_self\">\n\t\t\t\tPVC joinery lacquered in Ral 6005 only on the exterior\t\t\t<\/a>\n\n\t\t\t\t<\/h3>\n\t\t\t\t\t<\/div>\n\t\t\t\n\t\t<\/div>\n\t\t\n\t<\/div>\n\n<\/div>\n\n<div class=\"uael-post-wrapper   \">\n\t<div class=\"uael-post__bg-wrap uael-bg-wrap-disabled \">\n\n\t\t\t\t\t<a href=\"https:\/\/www.ventanasverdun.com\/en\/pvc-works\/complete-replacement-of-windows-with-tilt-and-turn-pvc-windows-with-acoustic-glass\/\" target=\"_self\" class=\"uael-post__complete-box-overlay\" aria-label=\"Link Complete Box\"><\/a>\n\t\t\t\t\n\t\t<div class=\"uael-post__inner-wrap uael-inner-wrap-disabled\">\n\n\t\t\t\t<div class=\"uael-post__thumbnail\">\n\t\t\t\n\t\t\t<a href=\"https:\/\/www.ventanasverdun.com\/en\/pvc-works\/complete-replacement-of-windows-with-tilt-and-turn-pvc-windows-with-acoustic-glass\/\" target=\"_self\" title=\"Complete replacement of windows with tilt-and-turn PVC windows with acoustic glass\"><img loading=\"lazy\" decoding=\"async\" width=\"1536\" height=\"2048\" src=\"https:\/\/www.ventanasverdun.com\/wp-content\/uploads\/2026\/04\/Sustitucion-completa-de-las-ventanas-por-ventanas-de-PVC-oscilobatientes-con-cristal-acustico-12.jpeg\" class=\"attachment-full size-full wp-image-5859\" alt=\"Sustituci\u00f3n completa de las ventanas por ventanas de PVC oscilobatientes con cristal ac\u00fastico\" srcset=\"https:\/\/www.ventanasverdun.com\/wp-content\/uploads\/2026\/04\/Sustitucion-completa-de-las-ventanas-por-ventanas-de-PVC-oscilobatientes-con-cristal-acustico-12.jpeg 1536w, https:\/\/www.ventanasverdun.com\/wp-content\/uploads\/2026\/04\/Sustitucion-completa-de-las-ventanas-por-ventanas-de-PVC-oscilobatientes-con-cristal-acustico-12-225x300.jpeg 225w, https:\/\/www.ventanasverdun.com\/wp-content\/uploads\/2026\/04\/Sustitucion-completa-de-las-ventanas-por-ventanas-de-PVC-oscilobatientes-con-cristal-acustico-12-768x1024.jpeg 768w, https:\/\/www.ventanasverdun.com\/wp-content\/uploads\/2026\/04\/Sustitucion-completa-de-las-ventanas-por-ventanas-de-PVC-oscilobatientes-con-cristal-acustico-12-1152x1536.jpeg 1152w\" sizes=\"(max-width: 1536px) 100vw, 1536px\" \/><\/a>\n\t\t\t\t\t<\/div>\n\t\t\n\t\t\t\n\t\t\t<div class=\"uael-post__content-wrap uael-content-wrap-disabled\">\n\t\t\t\t\t\t\t<div class=\"uael-post__terms-wrap\"><span class=\"uael-post__terms\"><span class=\"uael-listing__terms-link\">Doors<\/span><\/span><\/div>\n\t\t\t\t\t\t<h3 class=\"uael-post__title\">\n\n\t\t\n\t\t\t\t\t\t<a href=\"https:\/\/www.ventanasverdun.com\/en\/pvc-works\/complete-replacement-of-windows-with-tilt-and-turn-pvc-windows-with-acoustic-glass\/\" target=\"_self\">\n\t\t\t\tComplete replacement of windows with tilt-and-turn PVC windows with acoustic glass\t\t\t<\/a>\n\n\t\t\t\t<\/h3>\n\t\t\t\t\t<\/div>\n\t\t\t\n\t\t<\/div>\n\t\t\n\t<\/div>\n\n<\/div>\n\n<div class=\"uael-post-wrapper   \">\n\t<div class=\"uael-post__bg-wrap uael-bg-wrap-disabled \">\n\n\t\t\t\t\t<a href=\"https:\/\/www.ventanasverdun.com\/en\/pvc-works\/change-of-windows-to-veka-vission-model\/\" target=\"_self\" class=\"uael-post__complete-box-overlay\" aria-label=\"Link Complete Box\"><\/a>\n\t\t\t\t\n\t\t<div class=\"uael-post__inner-wrap uael-inner-wrap-disabled\">\n\n\t\t\t\t<div class=\"uael-post__thumbnail\">\n\t\t\t\n\t\t\t<a href=\"https:\/\/www.ventanasverdun.com\/en\/pvc-works\/change-of-windows-to-veka-vission-model\/\" target=\"_self\" title=\"Change of windows to VEKA +Vission model\"><img loading=\"lazy\" decoding=\"async\" width=\"721\" height=\"1600\" src=\"https:\/\/www.ventanasverdun.com\/wp-content\/uploads\/2025\/03\/Cambio-de-ventanas-a-modelo-Vission-de-VEKA.-despues-1.jpg\" class=\"attachment-full size-full wp-image-5007\" alt=\"Cambio de ventanas a modelo +Vission de VEKA. despues (1)\" srcset=\"https:\/\/www.ventanasverdun.com\/wp-content\/uploads\/2025\/03\/Cambio-de-ventanas-a-modelo-Vission-de-VEKA.-despues-1.jpg 721w, https:\/\/www.ventanasverdun.com\/wp-content\/uploads\/2025\/03\/Cambio-de-ventanas-a-modelo-Vission-de-VEKA.-despues-1-135x300.jpg 135w, https:\/\/www.ventanasverdun.com\/wp-content\/uploads\/2025\/03\/Cambio-de-ventanas-a-modelo-Vission-de-VEKA.-despues-1-461x1024.jpg 461w, https:\/\/www.ventanasverdun.com\/wp-content\/uploads\/2025\/03\/Cambio-de-ventanas-a-modelo-Vission-de-VEKA.-despues-1-692x1536.jpg 692w\" sizes=\"(max-width: 721px) 100vw, 721px\" \/><\/a>\n\t\t\t\t\t<\/div>\n\t\t\n\t\t\t\n\t\t\t<div class=\"uael-post__content-wrap uael-content-wrap-disabled\">\n\t\t\t\t\t\t\t<div class=\"uael-post__terms-wrap\"><span class=\"uael-post__terms\"><span class=\"uael-listing__terms-link\">Windows<\/span><\/span><\/div>\n\t\t\t\t\t\t<h3 class=\"uael-post__title\">\n\n\t\t\n\t\t\t\t\t\t<a href=\"https:\/\/www.ventanasverdun.com\/en\/pvc-works\/change-of-windows-to-veka-vission-model\/\" target=\"_self\">\n\t\t\t\tChange of windows to VEKA +Vission model\t\t\t<\/a>\n\n\t\t\t\t<\/h3>\n\t\t\t\t\t<\/div>\n\t\t\t\n\t\t<\/div>\n\t\t\n\t<\/div>\n\n<\/div>\n\t\t\t\t<\/div>\n\t\t\t\t\t\t\n\t\t<\/div>\n\n\t\t\t\t\t\t<\/div>\n\t\t<div class=\"uael-post__footer\">\n\t\t\t\t\t<\/div>\n\t\t\t\t\t\t<\/div>\n\t\t\t\t<\/div>\n\t\t\t\t\t<\/div>\n\t\t<\/div>\n\t\t\t\t\t<\/div>\n\t\t<\/section>\n\t\t\t\t<\/div>\n\t\t","protected":false},"featured_media":6010,"template":"","meta":{"site-sidebar-layout":"no-sidebar","site-content-layout":"page-builder","ast-site-content-layout":"full-width-container","site-content-style":"unboxed","site-sidebar-style":"unboxed","ast-global-header-display":"","ast-banner-title-visibility":"","ast-main-header-display":"","ast-hfb-above-header-display":"","ast-hfb-below-header-display":"","ast-hfb-mobile-header-display":"","site-post-title":"disabled","ast-breadcrumbs-content":"","ast-featured-img":"disabled","footer-sml-layout":"","ast-disable-related-posts":"","theme-transparent-header-meta":"enabled","adv-header-id-meta":"","stick-header-meta":"enabled","header-above-stick-meta":"","header-main-stick-meta":"on","header-below-stick-meta":"","astra-migrate-meta-layouts":"set","ast-page-background-enabled":"default","ast-page-background-meta":{"desktop":{"background-color":"","background-image":"","background-repeat":"repeat","background-position":"center center","background-size":"auto","background-attachment":"scroll","background-type":"","background-media":"","overlay-type":"","overlay-color":"","overlay-opacity":"","overlay-gradient":""},"tablet":{"background-color":"","background-image":"","background-repeat":"repeat","background-position":"center center","background-size":"auto","background-attachment":"scroll","background-type":"","background-media":"","overlay-type":"","overlay-color":"","overlay-opacity":"","overlay-gradient":""},"mobile":{"background-color":"","background-image":"","background-repeat":"repeat","background-position":"center center","background-size":"auto","background-attachment":"scroll","background-type":"","background-media":"","overlay-type":"","overlay-color":"","overlay-opacity":"","overlay-gradient":""}},"ast-content-background-meta":{"desktop":{"background-color":"var(--ast-global-color-5)","background-image":"","background-repeat":"repeat","background-position":"center center","background-size":"auto","background-attachment":"scroll","background-type":"","background-media":"","overlay-type":"","overlay-color":"","overlay-opacity":"","overlay-gradient":""},"tablet":{"background-color":"var(--ast-global-color-5)","background-image":"","background-repeat":"repeat","background-position":"center center","background-size":"auto","background-attachment":"scroll","background-type":"","background-media":"","overlay-type":"","overlay-color":"","overlay-opacity":"","overlay-gradient":""},"mobile":{"background-color":"var(--ast-global-color-5)","background-image":"","background-repeat":"repeat","background-position":"center center","background-size":"auto","background-attachment":"scroll","background-type":"","background-media":"","overlay-type":"","overlay-color":"","overlay-opacity":"","overlay-gradient":""}},"_joinchat":[]},"astra-portfolio-categories":[22],"astra-portfolio-other-categories":[],"astra-portfolio-tags":[],"class_list":["post-6016","astra-portfolio","type-astra-portfolio","status-publish","has-post-thumbnail","hentry","astra-portfolio-categories-doors"],"astra-site-call-to-action":"","astra-site-open-in-new-tab":0,"astra-site-open-portfolio-in":"same-tab","astra-site-url":"","thumbnail-image-url":null,"thumbnail-image-meta":{"alt":"","title":""},"lightbox-image-url":null,"portfolio-type":"page","portfolio-video-url":"","request_time":0.3521270751953125,"_links":{"self":[{"href":"https:\/\/www.ventanasverdun.com\/en\/wp-json\/wp\/v2\/astra-portfolio\/6016","targetHints":{"allow":["GET"]}}],"collection":[{"href":"https:\/\/www.ventanasverdun.com\/en\/wp-json\/wp\/v2\/astra-portfolio"}],"about":[{"href":"https:\/\/www.ventanasverdun.com\/en\/wp-json\/wp\/v2\/types\/astra-portfolio"}],"version-history":[{"count":5,"href":"https:\/\/www.ventanasverdun.com\/en\/wp-json\/wp\/v2\/astra-portfolio\/6016\/revisions"}],"predecessor-version":[{"id":6021,"href":"https:\/\/www.ventanasverdun.com\/en\/wp-json\/wp\/v2\/astra-portfolio\/6016\/revisions\/6021"}],"wp:featuredmedia":[{"embeddable":true,"href":"https:\/\/www.ventanasverdun.com\/en\/wp-json\/wp\/v2\/media\/6010"}],"wp:attachment":[{"href":"https:\/\/www.ventanasverdun.com\/en\/wp-json\/wp\/v2\/media?parent=6016"}],"wp:term":[{"taxonomy":"astra-portfolio-categories","embeddable":true,"href":"https:\/\/www.ventanasverdun.com\/en\/wp-json\/wp\/v2\/astra-portfolio-categories?post=6016"},{"taxonomy":"astra-portfolio-other-categories","embeddable":true,"href":"https:\/\/www.ventanasverdun.com\/en\/wp-json\/wp\/v2\/astra-portfolio-other-categories?post=6016"},{"taxonomy":"astra-portfolio-tags","embeddable":true,"href":"https:\/\/www.ventanasverdun.com\/en\/wp-json\/wp\/v2\/astra-portfolio-tags?post=6016"}],"curies":[{"name":"wp","href":"https:\/\/api.w.org\/{rel}","templated":true}]}}